{"id":13458,"date":"2025-10-11T08:09:26","date_gmt":"2025-10-11T06:09:26","guid":{"rendered":"https:\/\/kbf.unsa.ba\/committees-and-commissions\/"},"modified":"2025-12-17T09:22:35","modified_gmt":"2025-12-17T08:22:35","slug":"committees-and-commissions","status":"publish","type":"page","link":"https:\/\/kbf.unsa.ba\/en\/committees-and-commissions\/","title":{"rendered":"Committees and commissions"},"content":{"rendered":"\t\t<div data-elementor-type=\"wp-page\" data-elementor-id=\"13458\" class=\"elementor elementor-13458 elementor-858\" data-elementor-post-type=\"page\">\n\t\t\t\t<div class=\"elementor-element elementor-element-30bda2d3 section-xxl e-flex e-con-boxed e-con e-parent\" data-id=\"30bda2d3\" data-element_type=\"container\" data-e-type=\"container\" id=\"moj-video\" data-settings=\"{&quot;background_background&quot;:&quot;video&quot;,&quot;background_video_link&quot;:&quot;https:\\\/\\\/kbf.unsa.ba\\\/wp-content\\\/uploads\\\/2025\\\/11\\\/Firefly-Napravi-video-s-prijelazom-izmedu-strare-i-nove-zgrade-Katolickog-bogoslovnog-fakulteta-u-Sa.mp4&quot;,&quot;shape_divider_bottom&quot;:&quot;opacity-tilt&quot;,&quot;background_play_on_mobile&quot;:&quot;yes&quot;}\">\n\t\t\t\t\t<div class=\"e-con-inner\">\n\t\t<div class=\"elementor-background-video-container\">\n\t\t\t\t\t\t\t<video class=\"elementor-background-video-hosted\" role=\"presentation\" autoplay muted playsinline loop><\/video>\n\t\t\t\t\t<\/div>\t\t<div class=\"elementor-shape elementor-shape-bottom\" aria-hidden=\"true\" data-negative=\"false\">\n\t\t\t<svg xmlns=\"http:\/\/www.w3.org\/2000\/svg\" viewBox=\"0 0 2600 131.1\" preserveAspectRatio=\"none\">\n\t<path class=\"elementor-shape-fill\" d=\"M0 0L2600 0 2600 69.1 0 0z\"\/>\n\t<path class=\"elementor-shape-fill\" style=\"opacity:0.5\" d=\"M0 0L2600 0 2600 69.1 0 69.1z\"\/>\n\t<path class=\"elementor-shape-fill\" style=\"opacity:0.25\" d=\"M2600 0L0 0 0 130.1 2600 69.1z\"\/>\n<\/svg>\t\t<\/div>\n\t\t\t\t<div class=\"elementor-element elementor-element-325ec898 elementor-view-default elementor-invisible elementor-widget elementor-widget-icon\" data-id=\"325ec898\" data-element_type=\"widget\" data-e-type=\"widget\" data-settings=\"{&quot;_animation&quot;:&quot;fadeIn&quot;}\" data-widget_type=\"icon.default\">\n\t\t\t\t\t\t\t<div class=\"elementor-icon-wrapper\">\n\t\t\t<div class=\"elementor-icon elementor-animation-bounce-in\">\n\t\t\t<svg aria-hidden=\"true\" class=\"e-font-icon-svg e-fas-grip-horizontal\" viewBox=\"0 0 448 512\" xmlns=\"http:\/\/www.w3.org\/2000\/svg\"><path d=\"M96 288H32c-17.67 0-32 14.33-32 32v64c0 17.67 14.33 32 32 32h64c17.67 0 32-14.33 32-32v-64c0-17.67-14.33-32-32-32zm160 0h-64c-17.67 0-32 14.33-32 32v64c0 17.67 14.33 32 32 32h64c17.67 0 32-14.33 32-32v-64c0-17.67-14.33-32-32-32zm160 0h-64c-17.67 0-32 14.33-32 32v64c0 17.67 14.33 32 32 32h64c17.67 0 32-14.33 32-32v-64c0-17.67-14.33-32-32-32zM96 96H32c-17.67 0-32 14.33-32 32v64c0 17.67 14.33 32 32 32h64c17.67 0 32-14.33 32-32v-64c0-17.67-14.33-32-32-32zm160 0h-64c-17.67 0-32 14.33-32 32v64c0 17.67 14.33 32 32 32h64c17.67 0 32-14.33 32-32v-64c0-17.67-14.33-32-32-32zm160 0h-64c-17.67 0-32 14.33-32 32v64c0 17.67 14.33 32 32 32h64c17.67 0 32-14.33 32-32v-64c0-17.67-14.33-32-32-32z\"><\/path><\/svg>\t\t\t<\/div>\n\t\t<\/div>\n\t\t\t\t\t\t<\/div>\n\t\t\t\t<div class=\"elementor-element elementor-element-6e2326db animated-slow elementor-invisible elementor-widget elementor-widget-testimonial\" data-id=\"6e2326db\" data-element_type=\"widget\" data-e-type=\"widget\" data-settings=\"{&quot;_animation&quot;:&quot;fadeIn&quot;}\" data-widget_type=\"testimonial.default\">\n\t\t\t\t\t\t\t<div class=\"elementor-testimonial-wrapper\">\n\t\t\t\t\t\t\t<div class=\"elementor-testimonial-content\">Faculty committees and commissions<\/div>\n\t\t\t\n\t\t\t\t\t<\/div>\n\t\t\t\t\t\t<\/div>\n\t\t\t\t<div class=\"elementor-element elementor-element-69b8a3ce elementor-widget elementor-widget-html\" data-id=\"69b8a3ce\" data-element_type=\"widget\" data-e-type=\"widget\" data-widget_type=\"html.default\">\n\t\t\t\t\t<script>function postaviGlatkiLoop() {\r\n    const video = document.querySelector('#moj-video .elementor-background-video-hosted');\r\n    \r\n    if (video) {\r\n        \/\/ --- OVDJE PODESITE POSTAVKE ---\r\n        const ZELJENA_BRZINA = 0.75; \/\/ Upi\u0161ite \u017eeljenu brzinu (npr. 0.75)\r\n        const TRAJANJE_FADEA_U_MS = 1500; \/\/ Upi\u0161ite trajanje fade-a u milisekundama (1500 = 1.5s)\r\n        \/\/ ---------------------------------\r\n\r\n        video.playbackRate = ZELJENA_BRZINA;\r\n        video.loop = false;\r\n\r\n        video.addEventListener('ended', function() {\r\n            video.style.opacity = '0';\r\n            setTimeout(function() {\r\n                video.currentTime = 0;\r\n                video.play();\r\n                video.style.opacity = '1';\r\n            }, TRAJANJE_FADEA_U_MS); \r\n        });\r\n\r\n        clearInterval(pronadjiVideoInterval);\r\n    }\r\n}\r\n\r\nconst pronadjiVideoInterval = setInterval(postaviGlatkiLoop, 100);\r\nsetTimeout(() => clearInterval(pronadjiVideoInterval), 5000);\r\n<\/script>\t\t\t\t<\/div>\n\t\t\t\t\t<\/div>\n\t\t\t\t<\/div>\n\t\t<div class=\"elementor-element elementor-element-dff43f6 section-l section-ioscool e-flex e-con-boxed elementor-invisible e-con e-parent\" data-id=\"dff43f6\" data-element_type=\"container\" data-e-type=\"container\" data-settings=\"{&quot;background_background&quot;:&quot;classic&quot;,&quot;animation&quot;:&quot;fadeIn&quot;}\">\n\t\t\t\t\t<div class=\"e-con-inner\">\n\t\t<div class=\"elementor-element elementor-element-748af76 e-con-full card-ioscool e-flex e-con e-child\" data-id=\"748af76\" data-element_type=\"container\" data-e-type=\"container\">\n\t\t\t\t<div class=\"elementor-element elementor-element-fbba4b7 e-n-tabs-mobile elementor-widget elementor-widget-n-tabs\" data-id=\"fbba4b7\" data-element_type=\"widget\" data-e-type=\"widget\" data-settings=\"{&quot;tabs_justify_horizontal&quot;:&quot;stretch&quot;,&quot;horizontal_scroll&quot;:&quot;disable&quot;}\" data-widget_type=\"nested-tabs.default\">\n\t\t\t\t\t\t\t<div class=\"e-n-tabs\" data-widget-number=\"263955639\" aria-label=\"Tabs. Open items with Enter or Space, close with Escape and navigate using the Arrow keys.\">\n\t\t\t<div class=\"e-n-tabs-heading\" role=\"tablist\">\n\t\t\t\t\t<button id=\"e-n-tab-title-2639556391\" data-tab-title-id=\"e-n-tab-title-2639556391\" class=\"e-n-tab-title\" aria-selected=\"true\" data-tab-index=\"1\" role=\"tab\" tabindex=\"0\" aria-controls=\"e-n-tab-content-2639556391\" style=\"--n-tabs-title-order: 1;\">\n\t\t\t\t\t\t<span class=\"e-n-tab-title-text\">\n\t\t\t\tEthics Committee\t\t\t<\/span>\n\t\t<\/button>\n\t\t\t\t<button id=\"e-n-tab-title-2639556392\" data-tab-title-id=\"e-n-tab-title-2639556392\" class=\"e-n-tab-title\" aria-selected=\"false\" data-tab-index=\"2\" role=\"tab\" tabindex=\"-1\" aria-controls=\"e-n-tab-content-2639556392\" style=\"--n-tabs-title-order: 2;\">\n\t\t\t\t\t\t<span class=\"e-n-tab-title-text\">\n\t\t\t\tCommission for school entrance exams\t\t\t<\/span>\n\t\t<\/button>\n\t\t\t\t<button id=\"e-n-tab-title-2639556393\" data-tab-title-id=\"e-n-tab-title-2639556393\" class=\"e-n-tab-title\" aria-selected=\"false\" data-tab-index=\"3\" role=\"tab\" tabindex=\"-1\" aria-controls=\"e-n-tab-content-2639556393\" style=\"--n-tabs-title-order: 3;\">\n\t\t\t\t\t\t<span class=\"e-n-tab-title-text\">\n\t\t\t\tPublishing Committee\t\t\t<\/span>\n\t\t<\/button>\n\t\t\t\t<button id=\"e-n-tab-title-2639556394\" data-tab-title-id=\"e-n-tab-title-2639556394\" class=\"e-n-tab-title\" aria-selected=\"false\" data-tab-index=\"4\" role=\"tab\" tabindex=\"-1\" aria-controls=\"e-n-tab-content-2639556394\" style=\"--n-tabs-title-order: 4;\">\n\t\t\t\t\t\t<span class=\"e-n-tab-title-text\">\n\t\t\t\tScientific Conference Committee\t\t\t<\/span>\n\t\t<\/button>\n\t\t\t\t<button id=\"e-n-tab-title-2639556395\" data-tab-title-id=\"e-n-tab-title-2639556395\" class=\"e-n-tab-title\" aria-selected=\"false\" data-tab-index=\"5\" role=\"tab\" tabindex=\"-1\" aria-controls=\"e-n-tab-content-2639556395\" style=\"--n-tabs-title-order: 5;\">\n\t\t\t\t\t\t<span class=\"e-n-tab-title-text\">\n\t\t\t\tDoctoral Degree Award Committee\t\t\t<\/span>\n\t\t<\/button>\n\t\t\t\t<button id=\"e-n-tab-title-2639556396\" data-tab-title-id=\"e-n-tab-title-2639556396\" class=\"e-n-tab-title\" aria-selected=\"false\" data-tab-index=\"6\" role=\"tab\" tabindex=\"-1\" aria-controls=\"e-n-tab-content-2639556396\" style=\"--n-tabs-title-order: 6;\">\n\t\t\t\t\t\t<span class=\"e-n-tab-title-text\">\n\t\t\t\tAwards and Recognition Committee\t\t\t<\/span>\n\t\t<\/button>\n\t\t\t\t<button id=\"e-n-tab-title-2639556397\" data-tab-title-id=\"e-n-tab-title-2639556397\" class=\"e-n-tab-title\" aria-selected=\"false\" data-tab-index=\"7\" role=\"tab\" tabindex=\"-1\" aria-controls=\"e-n-tab-content-2639556397\" style=\"--n-tabs-title-order: 7;\">\n\t\t\t\t\t\t<span class=\"e-n-tab-title-text\">\n\t\t\t\tCommittee for Student Disciplinary Responsibility\t\t\t<\/span>\n\t\t<\/button>\n\t\t\t\t<button id=\"e-n-tab-title-2639556398\" data-tab-title-id=\"e-n-tab-title-2639556398\" class=\"e-n-tab-title\" aria-selected=\"false\" data-tab-index=\"8\" role=\"tab\" tabindex=\"-1\" aria-controls=\"e-n-tab-content-2639556398\" style=\"--n-tabs-title-order: 8;\">\n\t\t\t\t\t\t<span class=\"e-n-tab-title-text\">\n\t\t\t\tCommittee for Material and Financial Operations\t\t\t<\/span>\n\t\t<\/button>\n\t\t\t\t<button id=\"e-n-tab-title-2639556399\" data-tab-title-id=\"e-n-tab-title-2639556399\" class=\"e-n-tab-title\" aria-selected=\"false\" data-tab-index=\"9\" role=\"tab\" tabindex=\"-1\" aria-controls=\"e-n-tab-content-2639556399\" style=\"--n-tabs-title-order: 9;\">\n\t\t\t\t\t\t<span class=\"e-n-tab-title-text\">\n\t\t\t\tFinal Exams Committee\t\t\t<\/span>\n\t\t<\/button>\n\t\t\t\t<button id=\"e-n-tab-title-26395563910\" data-tab-title-id=\"e-n-tab-title-26395563910\" class=\"e-n-tab-title\" aria-selected=\"false\" data-tab-index=\"10\" role=\"tab\" tabindex=\"-1\" aria-controls=\"e-n-tab-content-26395563910\" style=\"--n-tabs-title-order: 10;\">\n\t\t\t\t\t\t<span class=\"e-n-tab-title-text\">\n\t\t\t\tQuality Assurance Committee\t\t\t<\/span>\n\t\t<\/button>\n\t\t\t\t<button id=\"e-n-tab-title-26395563911\" data-tab-title-id=\"e-n-tab-title-26395563911\" class=\"e-n-tab-title\" aria-selected=\"false\" data-tab-index=\"11\" role=\"tab\" tabindex=\"-1\" aria-controls=\"e-n-tab-content-26395563911\" style=\"--n-tabs-title-order: 11;\">\n\t\t\t\t\t\t<span class=\"e-n-tab-title-text\">\n\t\t\t\tLibrary Council\t\t\t<\/span>\n\t\t<\/button>\n\t\t\t\t\t<\/div>\n\t\t\t<div class=\"e-n-tabs-content\">\n\t\t\t\t<div id=\"e-n-tab-content-2639556391\" role=\"tabpanel\" aria-labelledby=\"e-n-tab-title-2639556391\" data-tab-index=\"1\" style=\"--n-tabs-title-order: 1;\" class=\"e-active elementor-element elementor-element-683823b e-con-full e-flex e-con e-child\" data-id=\"683823b\" data-element_type=\"container\" data-e-type=\"container\" data-settings=\"{&quot;background_background&quot;:&quot;classic&quot;}\">\n\t\t<div class=\"elementor-element elementor-element-56ceac9 e-con-full e-flex e-con e-child\" data-id=\"56ceac9\" data-element_type=\"container\" data-e-type=\"container\">\n\t\t\t\t<div class=\"elementor-element elementor-element-b95b2fb elementor-drop-cap-yes elementor-widget__width-initial elementor-drop-cap-view-default elementor-invisible elementor-widget elementor-widget-text-editor\" data-id=\"b95b2fb\" data-element_type=\"widget\" data-e-type=\"widget\" data-settings=\"{&quot;drop_cap&quot;:&quot;yes&quot;,&quot;_animation&quot;:&quot;fadeIn&quot;}\" data-widget_type=\"text-editor.default\">\n\t\t\t\t\t\t\t\t\t<p class=\"my-2 [&amp;+p]:mt-4 [&amp;_strong:has(+br)]:inline-block [&amp;_strong:has(+br)]:pb-2\">The Ethics Committee issues opinions on ethical issues, determines compliance with the provisions of the Code of Ethics and determines violations thereof. The Committee has five members from among teachers and associates, with two members from among students when it comes to student issues. Members are appointed for a period of four years. The President can serve a maximum of two terms, the other members are not limited. The Dean appoints the members of the Committee with the consent of the Faculty Council.    <\/p>\t\t\t\t\t\t\t\t<\/div>\n\t\t\t\t<\/div>\n\t\t<div class=\"elementor-element elementor-element-0c7262a e-con-full e-flex e-con e-child\" data-id=\"0c7262a\" data-element_type=\"container\" data-e-type=\"container\">\n\t\t\t\t<div class=\"elementor-element elementor-element-dc2690c elementor-invisible elementor-widget elementor-widget-text-editor\" data-id=\"dc2690c\" data-element_type=\"widget\" data-e-type=\"widget\" data-settings=\"{&quot;_animation&quot;:&quot;fadeIn&quot;}\" data-widget_type=\"text-editor.default\">\n\t\t\t\t\t\t\t\t\t<p><strong>Members<\/strong><\/p><ol><li>Prof. Dr. Zorica Maros, president<\/li><li>Prof. Dr. Pavle Mijovi\u0107, member<\/li><li>Assoc. Prof. Dr. Josip Kne\u017eevi\u0107, member <\/li><li>Prof. Dr. Milenko Kre\u0161i\u0107, member<\/li><li>Assoc. prof. Dr. Hrvoje Kalem, member <\/li><\/ol><p> <\/p><p><strong>Alternate members<\/strong><\/p><ol><li>Prof. Dr. Dubravko Turalija, President<\/li><li>Assoc. Prof. Dr. \u0160imo Mar\u0161i\u0107, member <\/li><li>Assoc. Prof. Dr. Mario Bernadi\u0107, member <\/li><li>Assoc. Prof. Dr. Oliver Juri\u0161i\u0107, member <\/li><li>Assoc. Prof. Dr. Ilija Markovi\u0107, member <\/li><\/ol>\t\t\t\t\t\t\t\t<\/div>\n\t\t\t\t<\/div>\n\t\t\t\t<\/div>\n\t\t<div id=\"e-n-tab-content-2639556392\" role=\"tabpanel\" aria-labelledby=\"e-n-tab-title-2639556392\" data-tab-index=\"2\" style=\"--n-tabs-title-order: 2;\" class=\" elementor-element elementor-element-06e78f7 e-con-full e-flex e-con e-child\" data-id=\"06e78f7\" data-element_type=\"container\" data-e-type=\"container\">\n\t\t<div class=\"elementor-element elementor-element-869462d e-con-full e-flex e-con e-child\" data-id=\"869462d\" data-element_type=\"container\" data-e-type=\"container\">\n\t\t\t\t<div class=\"elementor-element elementor-element-8abf31f elementor-drop-cap-yes elementor-drop-cap-view-default elementor-invisible elementor-widget elementor-widget-text-editor\" data-id=\"8abf31f\" data-element_type=\"widget\" data-e-type=\"widget\" data-settings=\"{&quot;drop_cap&quot;:&quot;yes&quot;,&quot;_animation&quot;:&quot;fadeIn&quot;}\" data-widget_type=\"text-editor.default\">\n\t\t\t\t\t\t\t\t\t<p>The Admissions Committee prepares and implements the admissions procedure for students entering the Faculty. The Committee has three members appointed by the Faculty Council before the announcement of the admissions competition. The President of the Committee is the Vice-Dean for Education.  <\/p>\t\t\t\t\t\t\t\t<\/div>\n\t\t\t\t<\/div>\n\t\t<div class=\"elementor-element elementor-element-5d61179 e-con-full e-flex e-con e-child\" data-id=\"5d61179\" data-element_type=\"container\" data-e-type=\"container\">\n\t\t\t\t<div class=\"elementor-element elementor-element-c4c6ae5 elementor-invisible elementor-widget elementor-widget-text-editor\" data-id=\"c4c6ae5\" data-element_type=\"widget\" data-e-type=\"widget\" data-settings=\"{&quot;_animation&quot;:&quot;fadeIn&quot;}\" data-widget_type=\"text-editor.default\">\n\t\t\t\t\t\t\t\t\t<p><strong>Members<\/strong><\/p><ol><li>Assoc. Prof. Dr. Oliver Juri\u0161i\u0107, President <\/li><li>Assoc. Prof. Dr. Josip Kne\u017eevi\u0107, member <\/li><li>Assoc. Prof. Dr. Ilija Markovi\u0107, member <\/li><\/ol>\t\t\t\t\t\t\t\t<\/div>\n\t\t\t\t<\/div>\n\t\t\t\t<\/div>\n\t\t<div id=\"e-n-tab-content-2639556393\" role=\"tabpanel\" aria-labelledby=\"e-n-tab-title-2639556393\" data-tab-index=\"3\" style=\"--n-tabs-title-order: 3;\" class=\" elementor-element elementor-element-d842882 e-flex e-con-boxed e-con e-child\" data-id=\"d842882\" data-element_type=\"container\" data-e-type=\"container\">\n\t\t\t\t\t<div class=\"e-con-inner\">\n\t\t<div class=\"elementor-element elementor-element-6d0d213 e-con-full e-flex e-con e-child\" data-id=\"6d0d213\" data-element_type=\"container\" data-e-type=\"container\">\n\t\t\t\t<div class=\"elementor-element elementor-element-becbb07 elementor-drop-cap-yes elementor-drop-cap-view-default elementor-invisible elementor-widget elementor-widget-text-editor\" data-id=\"becbb07\" data-element_type=\"widget\" data-e-type=\"widget\" data-settings=\"{&quot;drop_cap&quot;:&quot;yes&quot;,&quot;_animation&quot;:&quot;fadeIn&quot;}\" data-widget_type=\"text-editor.default\">\n\t\t\t\t\t\t\t\t\t<p>The Publishing Committee is a permanent body of the Faculty Council. The Committee consists of a president and two members elected by the Faculty Council on the proposal of the dean. As a rule, the vice-dean for science, in accordance with the provisions of the Faculty Statute, manages publishing activities and chairs the Committee. The mandate of the Committee members lasts four academic years with the possibility of re-election. The Committee determines the proposal for the publishing activity plan, which it submits to the Faculty Council, receives requests from proposers for inclusion of a publication in the publishing activity plan, proposes reviewers, editors and proofreaders of publications, evaluates and ranks the proposed publications, and performs other tasks prescribed by the Regulations on Publishing Activities.    <\/p>\t\t\t\t\t\t\t\t<\/div>\n\t\t\t\t<\/div>\n\t\t<div class=\"elementor-element elementor-element-b438d05 e-con-full e-flex e-con e-child\" data-id=\"b438d05\" data-element_type=\"container\" data-e-type=\"container\">\n\t\t\t\t<div class=\"elementor-element elementor-element-990b8d0 elementor-invisible elementor-widget elementor-widget-text-editor\" data-id=\"990b8d0\" data-element_type=\"widget\" data-e-type=\"widget\" data-settings=\"{&quot;_animation&quot;:&quot;fadeIn&quot;}\" data-widget_type=\"text-editor.default\">\n\t\t\t\t\t\t\t\t\t<p><strong>Members:  <\/strong><\/p><ol><li><p>Assoc. Prof. Dr. Ilija Markovi\u0107, Vice-Dean for Science, President <\/p><\/li><li><p>Assoc. Prof. Dr. Josip Kne\u017eevi\u0107, member <\/p><\/li><li><p>Prof. Dr. Milenko Kre\u0161i\u0107, member<\/p><\/li><\/ol>\t\t\t\t\t\t\t\t<\/div>\n\t\t\t\t<\/div>\n\t\t\t\t\t<\/div>\n\t\t\t\t<\/div>\n\t\t<div id=\"e-n-tab-content-2639556394\" role=\"tabpanel\" aria-labelledby=\"e-n-tab-title-2639556394\" data-tab-index=\"4\" style=\"--n-tabs-title-order: 4;\" class=\" elementor-element elementor-element-4bdacbe e-con-full e-flex e-con e-child\" data-id=\"4bdacbe\" data-element_type=\"container\" data-e-type=\"container\">\n\t\t<div class=\"elementor-element elementor-element-0f84f0e e-con-full e-flex e-con e-child\" data-id=\"0f84f0e\" data-element_type=\"container\" data-e-type=\"container\">\n\t\t\t\t<div class=\"elementor-element elementor-element-65e9d71 elementor-drop-cap-yes elementor-drop-cap-view-default elementor-invisible elementor-widget elementor-widget-text-editor\" data-id=\"65e9d71\" data-element_type=\"widget\" data-e-type=\"widget\" data-settings=\"{&quot;drop_cap&quot;:&quot;yes&quot;,&quot;_animation&quot;:&quot;fadeIn&quot;}\" data-widget_type=\"text-editor.default\">\n\t\t\t\t\t\t\t\t\t<p class=\"my-2 [&amp;+p]:mt-4 [&amp;_strong:has(+br)]:inline-block [&amp;_strong:has(+br)]:pb-2\">The Committee for Scientific Conferences is a permanent body of the Faculty Council. The Committee has three or five members appointed by the Faculty Council. The term of office of the members lasts four academic years, and the same person may be reappointed. The work of the Committee is regulated by a special general act adopted by the Faculty Council.   <\/p>\t\t\t\t\t\t\t\t<\/div>\n\t\t\t\t<\/div>\n\t\t<div class=\"elementor-element elementor-element-65c6473 e-con-full e-flex e-con e-child\" data-id=\"65c6473\" data-element_type=\"container\" data-e-type=\"container\">\n\t\t<div class=\"elementor-element elementor-element-79faee2 e-con-full e-flex e-con e-child\" data-id=\"79faee2\" data-element_type=\"container\" data-e-type=\"container\">\n\t\t\t\t<div class=\"elementor-element elementor-element-80bb89e elementor-invisible elementor-widget elementor-widget-text-editor\" data-id=\"80bb89e\" data-element_type=\"widget\" data-e-type=\"widget\" data-settings=\"{&quot;_animation&quot;:&quot;fadeIn&quot;}\" data-widget_type=\"text-editor.default\">\n\t\t\t\t\t\t\t\t\t<p><strong>Members:  <\/strong><\/p><ol><li>Assoc. Prof. Dr. Ilija Markovi\u0107, President <\/li><li>Assoc. prof. Dr. Hrvoje Kalem, member <\/li><li>Assoc. Prof. Dr. Oliver Juri\u0161i\u0107, member <\/li><li>Assoc. Prof. Dr. Josip Kne\u017eevi\u0107, member <\/li><li>Prof. Dr. Milenko Kre\u0161i\u0107, member<\/li><\/ol>\t\t\t\t\t\t\t\t<\/div>\n\t\t\t\t<\/div>\n\t\t\t\t<\/div>\n\t\t\t\t<\/div>\n\t\t<div id=\"e-n-tab-content-2639556395\" role=\"tabpanel\" aria-labelledby=\"e-n-tab-title-2639556395\" data-tab-index=\"5\" style=\"--n-tabs-title-order: 5;\" class=\" elementor-element elementor-element-9e81483 e-flex e-con-boxed e-con e-child\" data-id=\"9e81483\" data-element_type=\"container\" data-e-type=\"container\">\n\t\t\t\t\t<div class=\"e-con-inner\">\n\t\t<div class=\"elementor-element elementor-element-034f131 e-con-full e-flex e-con e-child\" data-id=\"034f131\" data-element_type=\"container\" data-e-type=\"container\">\n\t\t\t\t<div class=\"elementor-element elementor-element-4250ea9 elementor-drop-cap-yes elementor-drop-cap-view-default elementor-invisible elementor-widget elementor-widget-text-editor\" data-id=\"4250ea9\" data-element_type=\"widget\" data-e-type=\"widget\" data-settings=\"{&quot;drop_cap&quot;:&quot;yes&quot;,&quot;_animation&quot;:&quot;fadeIn&quot;}\" data-widget_type=\"text-editor.default\">\n\t\t\t\t\t\t\t\t\t<p class=\"my-2 [&amp;+p]:mt-4 [&amp;_strong:has(+br)]:inline-block [&amp;_strong:has(+br)]:pb-2\">The Committee for the Acquisition of Doctoral Degrees is a permanent body of the Faculty Council that monitors and supervises the procedures for the preparation and defense of doctoral dissertations and the acquisition of the academic degree of Doctor of Science. The Committee has three or five members appointed by the Faculty Council for a period of four academic years. The mandate of the members may be renewed. The Committee operates according to the rules established by a special general act adopted by the Faculty Council, and more detailed procedures are regulated by the Regulations on the Third Cycle of Studies at the Faculty.   <\/p><p class=\"preFade fadeIn\">As an integral part of the Church&#8217;s teaching mission, theological faculties have a dual role: preparing candidates for the priesthood and scientifically deepening theological knowledge for a more complete knowledge of Revelation. By their very nature, they are called to cooperate with the Church&#8217;s magisterium, and the Apostolic See, or rather <em>the Dicastery for Culture and Education<\/em> , has reserved the exclusive right of canonical establishment of such faculties. This office of the Roman Curia approves statutes and programs, exercises supreme supervision, appoints deans, and grants permission for promotion to higher ranks to teachers.  <\/p><p class=\"preFade fadeIn\"><span style=\"font-size: 14px;\">  (cf. FRANCIS, ap. const. <em>Praedicate Evangelium<\/em> , art.   161).<\/span><\/p>\t\t\t\t\t\t\t\t<\/div>\n\t\t\t\t<\/div>\n\t\t<div class=\"elementor-element elementor-element-d830b17 e-con-full e-flex e-con e-child\" data-id=\"d830b17\" data-element_type=\"container\" data-e-type=\"container\">\n\t\t\t\t<div class=\"elementor-element elementor-element-74e32e1 elementor-invisible elementor-widget elementor-widget-text-editor\" data-id=\"74e32e1\" data-element_type=\"widget\" data-e-type=\"widget\" data-settings=\"{&quot;_animation&quot;:&quot;fadeIn&quot;}\" data-widget_type=\"text-editor.default\">\n\t\t\t\t\t\t\t\t\t<p><strong>Members:  <\/strong><\/p><ol><li>Prof. Dr. Darko Toma\u0161evi\u0107, President<\/li><li>Prof. Dr. Milenko Kre\u0161i\u0107, member<\/li><li>Assoc. Prof. Dr. \u0160imo Mar\u0161i\u0107, member <\/li><li>Prof. Dr. Pavle Mijovi\u0107, member<\/li><li>Assoc. Prof. Dr. Ljubo Zadri\u0107, member <\/li><\/ol>\t\t\t\t\t\t\t\t<\/div>\n\t\t\t\t<\/div>\n\t\t\t\t\t<\/div>\n\t\t\t\t<\/div>\n\t\t<div id=\"e-n-tab-content-2639556396\" role=\"tabpanel\" aria-labelledby=\"e-n-tab-title-2639556396\" data-tab-index=\"6\" style=\"--n-tabs-title-order: 6;\" class=\" elementor-element elementor-element-b8f91b6 e-flex e-con-boxed e-con e-child\" data-id=\"b8f91b6\" data-element_type=\"container\" data-e-type=\"container\">\n\t\t\t\t\t<div class=\"e-con-inner\">\n\t\t<div class=\"elementor-element elementor-element-afa6a0a e-con-full e-flex e-con e-child\" data-id=\"afa6a0a\" data-element_type=\"container\" data-e-type=\"container\">\n\t\t\t\t<div class=\"elementor-element elementor-element-5a6e6a5 elementor-drop-cap-yes elementor-drop-cap-view-default elementor-invisible elementor-widget elementor-widget-text-editor\" data-id=\"5a6e6a5\" data-element_type=\"widget\" data-e-type=\"widget\" data-settings=\"{&quot;drop_cap&quot;:&quot;yes&quot;,&quot;_animation&quot;:&quot;fadeIn&quot;}\" data-widget_type=\"text-editor.default\">\n\t\t\t\t\t\t\t\t\t<p>The Committee for Awarding Awards and Recognitions has a president and two members, who are proposed by the Dean and appointed by the Faculty Council. If the work or work of a member of the Committee is proposed for an award, that member ceases to work on the Committee for that subject and the Dean appoints a new member only for that subject. The Committee works in sessions, makes decisions by majority vote and keeps minutes of its work. Each year, the Committee initiates the procedure by inviting proposers with a deadline, evaluates the received proposals and submits its opinion and decision on the awards to the Dean, who forwards it to the Faculty Council for confirmation. When evaluating the received proposals, the Committee must ensure that the proposed candidates for the award also meet the criteria for fostering general human, cultural, moral and academic values.    <\/p>\t\t\t\t\t\t\t\t<\/div>\n\t\t\t\t<\/div>\n\t\t<div class=\"elementor-element elementor-element-d13cc9e e-con-full e-flex e-con e-child\" data-id=\"d13cc9e\" data-element_type=\"container\" data-e-type=\"container\">\n\t\t\t\t<div class=\"elementor-element elementor-element-4afdb92 elementor-invisible elementor-widget elementor-widget-text-editor\" data-id=\"4afdb92\" data-element_type=\"widget\" data-e-type=\"widget\" data-settings=\"{&quot;_animation&quot;:&quot;fadeIn&quot;}\" data-widget_type=\"text-editor.default\">\n\t\t\t\t\t\t\t\t\t<p><strong>Members:<\/strong><\/p><ol><li>Prof. Dr. Pavle Mijovi\u0107, president<\/li><li>Prof. Dr. Zorica Maros, member<\/li><li>Assoc. Prof. Dr. Oliver Juri\u0161i\u0107, member <\/li><\/ol>\t\t\t\t\t\t\t\t<\/div>\n\t\t\t\t<\/div>\n\t\t\t\t\t<\/div>\n\t\t\t\t<\/div>\n\t\t<div id=\"e-n-tab-content-2639556397\" role=\"tabpanel\" aria-labelledby=\"e-n-tab-title-2639556397\" data-tab-index=\"7\" style=\"--n-tabs-title-order: 7;\" class=\" elementor-element elementor-element-1fcc9c8 e-con-full e-flex e-con e-child\" data-id=\"1fcc9c8\" data-element_type=\"container\" data-e-type=\"container\">\n\t\t<div class=\"elementor-element elementor-element-3e0b268 e-con-full e-flex e-con e-child\" data-id=\"3e0b268\" data-element_type=\"container\" data-e-type=\"container\">\n\t\t\t\t<div class=\"elementor-element elementor-element-3c54213 elementor-drop-cap-yes elementor-drop-cap-view-default elementor-invisible elementor-widget elementor-widget-text-editor\" data-id=\"3c54213\" data-element_type=\"widget\" data-e-type=\"widget\" data-settings=\"{&quot;drop_cap&quot;:&quot;yes&quot;,&quot;_animation&quot;:&quot;fadeIn&quot;}\" data-widget_type=\"text-editor.default\">\n\t\t\t\t\t\t\t\t\t<h4 id=\"yui_3_17_2_1_1760346246957_571\"><strong id=\"yui_3_17_2_1_1760346246957_570\">Historical development and mission<br> theological faculties<\/strong><\/h4><p id=\"yui_3_17_2_1_1760346246957_610\" class=\"preFade fadeIn\">Theology as a scientific discipline took shape between the 11th and 13th centuries, when, in parallel with the emergence of universities in Western Europe, its study gradually moved from monasteries and cathedrals to university settings. Although the Enlightenment in the 18th century called into question its university status, theology has survived as an academic discipline to this day, except where it has been eliminated due to the dominance of secularism or anti-religious ideologies.    <\/p><p class=\"preFade fadeIn\">As an integral part of the Church&#8217;s teaching mission, theological faculties have a dual role: preparing candidates for the priesthood and scientifically deepening theological knowledge for a more complete knowledge of Revelation. By their very nature, they are called to cooperate with the Church&#8217;s magisterium, and the Apostolic See, or rather <em>the Dicastery for Culture and Education<\/em> , has reserved the exclusive right of canonical establishment of such faculties. This office of the Roman Curia approves statutes and programs, exercises supreme supervision, appoints deans, and grants permission for promotion to higher ranks to teachers.  <\/p><p class=\"preFade fadeIn\"><span style=\"font-size: 14px;\">  (cf. FRANCIS, ap. const. <em>Praedicate Evangelium<\/em> , art.   161).<\/span><\/p>\t\t\t\t\t\t\t\t<\/div>\n\t\t\t\t<\/div>\n\t\t<div class=\"elementor-element elementor-element-e82c9f3 e-con-full e-flex e-con e-child\" data-id=\"e82c9f3\" data-element_type=\"container\" data-e-type=\"container\">\n\t\t\t\t<div class=\"elementor-element elementor-element-c205f05 elementor-drop-cap-yes elementor-drop-cap-view-default elementor-invisible elementor-widget elementor-widget-text-editor\" data-id=\"c205f05\" data-element_type=\"widget\" data-e-type=\"widget\" data-settings=\"{&quot;drop_cap&quot;:&quot;yes&quot;,&quot;_animation&quot;:&quot;fadeIn&quot;}\" data-widget_type=\"text-editor.default\">\n\t\t\t\t\t\t\t\t\t<h4 id=\"yui_3_17_2_1_1760346246957_571\"><strong id=\"yui_3_17_2_1_1760346246957_570\">Historical development and mission<br> theological faculties<\/strong><\/h4><p id=\"yui_3_17_2_1_1760346246957_610\" class=\"preFade fadeIn\">Theology as a scientific discipline took shape between the 11th and 13th centuries, when, in parallel with the emergence of universities in Western Europe, its study gradually moved from monasteries and cathedrals to university settings. Although the Enlightenment in the 18th century called into question its university status, theology has survived as an academic discipline to this day, except where it has been eliminated due to the dominance of secularism or anti-religious ideologies.    <\/p><p class=\"preFade fadeIn\">As an integral part of the Church&#8217;s teaching mission, theological faculties have a dual role: preparing candidates for the priesthood and scientifically deepening theological knowledge for a more complete knowledge of Revelation. By their very nature, they are called to cooperate with the Church&#8217;s magisterium, and the Apostolic See, or rather <em>the Dicastery for Culture and Education<\/em> , has reserved the exclusive right of canonical establishment of such faculties. This office of the Roman Curia approves statutes and programs, exercises supreme supervision, appoints deans, and grants permission for promotion to higher ranks to teachers.  <\/p><p class=\"preFade fadeIn\"><span style=\"font-size: 14px;\">  (cf. FRANCIS, ap. const. <em>Praedicate Evangelium<\/em> , art.   161).<\/span><\/p>\t\t\t\t\t\t\t\t<\/div>\n\t\t\t\t<\/div>\n\t\t\t\t<\/div>\n\t\t<div id=\"e-n-tab-content-2639556398\" role=\"tabpanel\" aria-labelledby=\"e-n-tab-title-2639556398\" data-tab-index=\"8\" style=\"--n-tabs-title-order: 8;\" class=\" elementor-element elementor-element-58614f5 e-flex e-con-boxed e-con e-child\" data-id=\"58614f5\" data-element_type=\"container\" data-e-type=\"container\">\n\t\t\t\t\t<div class=\"e-con-inner\">\n\t\t<div class=\"elementor-element elementor-element-2b1a0da e-con-full e-flex e-con e-child\" data-id=\"2b1a0da\" data-element_type=\"container\" data-e-type=\"container\">\n\t\t\t\t<div class=\"elementor-element elementor-element-f27f9a5 elementor-drop-cap-yes elementor-drop-cap-view-default elementor-invisible elementor-widget elementor-widget-text-editor\" data-id=\"f27f9a5\" data-element_type=\"widget\" data-e-type=\"widget\" data-settings=\"{&quot;drop_cap&quot;:&quot;yes&quot;,&quot;_animation&quot;:&quot;fadeIn&quot;}\" data-widget_type=\"text-editor.default\">\n\t\t\t\t\t\t\t\t\t<p class=\"my-2 [&amp;+p]:mt-4 [&amp;_strong:has(+br)]:inline-block [&amp;_strong:has(+br)]:pb-2\">The Committee for Material and Financial Management is a permanent expert body of the Faculty Council responsible for managing financial resources, budget planning and material resources of the Faculty. The Committee ensures the efficient use of funds and the implementation of financial policy, and contributes to the achievement of the academic goals of the Faculty. <span style=\"font-size: clamp(16px, 0.5rem + 1vw, 18px); letter-spacing: 0px;\">The Committee consists of<\/span> three or five members <span style=\"font-size: clamp(16px, 0.5rem + 1vw, 18px); letter-spacing: 0px;\">appointed by the Faculty Council. The term of office of the members lasts<\/span> four academic years <span style=\"font-size: clamp(16px, 0.5rem + 1vw, 18px); letter-spacing: 0px;\">with the possibility of re-election.<\/span>  <\/p>\t\t\t\t\t\t\t\t<\/div>\n\t\t\t\t<\/div>\n\t\t<div class=\"elementor-element elementor-element-df2b886 e-con-full e-flex e-con e-child\" data-id=\"df2b886\" data-element_type=\"container\" data-e-type=\"container\">\n\t\t\t\t<div class=\"elementor-element elementor-element-042d40e elementor-invisible elementor-widget elementor-widget-text-editor\" data-id=\"042d40e\" data-element_type=\"widget\" data-e-type=\"widget\" data-settings=\"{&quot;_animation&quot;:&quot;fadeIn&quot;}\" data-widget_type=\"text-editor.default\">\n\t\t\t\t\t\t\t\t\t<p><strong>Members:  <\/strong><\/p><ol><li>Prof. Dr. Darko Toma\u0161evi\u0107, President<\/li><li>Prof. Dr. Pavle Mijovi\u0107, member<\/li><li>Assoc. Prof. Dr. Josip Kne\u017eevi\u0107, member <\/li><li>Prof. Dr. Milenko Kre\u0161i\u0107, member<\/li><li>Assoc. Prof. Dr. Oliver Juri\u0161i\u0107, member <\/li><\/ol>\t\t\t\t\t\t\t\t<\/div>\n\t\t\t\t<\/div>\n\t\t\t\t\t<\/div>\n\t\t\t\t<\/div>\n\t\t<div id=\"e-n-tab-content-2639556399\" role=\"tabpanel\" aria-labelledby=\"e-n-tab-title-2639556399\" data-tab-index=\"9\" style=\"--n-tabs-title-order: 9;\" class=\" elementor-element elementor-element-8630fbd e-con-full e-flex e-con e-child\" data-id=\"8630fbd\" data-element_type=\"container\" data-e-type=\"container\">\n\t\t<div class=\"elementor-element elementor-element-2e415b5 e-con-full e-flex e-con e-child\" data-id=\"2e415b5\" data-element_type=\"container\" data-e-type=\"container\">\n\t\t\t\t<div class=\"elementor-element elementor-element-e84b832 elementor-drop-cap-yes elementor-drop-cap-view-default elementor-invisible elementor-widget elementor-widget-text-editor\" data-id=\"e84b832\" data-element_type=\"widget\" data-e-type=\"widget\" data-settings=\"{&quot;drop_cap&quot;:&quot;yes&quot;,&quot;_animation&quot;:&quot;fadeIn&quot;}\" data-widget_type=\"text-editor.default\">\n\t\t\t\t\t\t\t\t\t<p class=\"my-2 [&amp;+p]:mt-4 [&amp;_strong:has(+br)]:inline-block [&amp;_strong:has(+br)]:pb-2\">The Final Examinations Committee is a permanent expert body of the Faculty Council responsible for the process of completing studies, in particular for appointing final examination committees and making decisions related to the completion of students&#8217; studies. The Committee ensures the quality and regularity of final examinations and their implementation in accordance with the academic standards of the Faculty. <\/p><p class=\"my-2 [&amp;+p]:mt-4 [&amp;_strong:has(+br)]:inline-block [&amp;_strong:has(+br)]:pb-2\">The Committee consists of three or five members appointed by the Faculty Council. The term of office of the members lasts four academic years with the possibility of re-election. The work of the Committee is regulated in more detail by a special general act adopted by the Faculty Council.  <\/p><p class=\"my-2 [&amp;+p]:mt-4 [&amp;_strong:has(+br)]:inline-block [&amp;_strong:has(+br)]:pb-2\">The committee is also responsible for all issues related to final theses and final exams that are not specifically regulated by the Study Regulations.  <\/p>\t\t\t\t\t\t\t\t<\/div>\n\t\t\t\t<\/div>\n\t\t<div class=\"elementor-element elementor-element-605abe9 e-con-full e-flex e-con e-child\" data-id=\"605abe9\" data-element_type=\"container\" data-e-type=\"container\">\n\t\t\t\t<div class=\"elementor-element elementor-element-5fd093a elementor-invisible elementor-widget elementor-widget-text-editor\" data-id=\"5fd093a\" data-element_type=\"widget\" data-e-type=\"widget\" data-settings=\"{&quot;_animation&quot;:&quot;fadeIn&quot;}\" data-widget_type=\"text-editor.default\">\n\t\t\t\t\t\t\t\t\t<p><strong>Members:<\/strong><\/p><ol><li>Assoc. Prof. Dr. Hrvoje Kalem, President <\/li><li>Assoc. prof. Dr. Oliver Juri\u0161i\u0107, member as vice dean for teaching <\/li><li>Prof. Dr. Pavle Mijovi\u0107, member<\/li><\/ol>\t\t\t\t\t\t\t\t<\/div>\n\t\t\t\t<\/div>\n\t\t\t\t<\/div>\n\t\t<div id=\"e-n-tab-content-26395563910\" role=\"tabpanel\" aria-labelledby=\"e-n-tab-title-26395563910\" data-tab-index=\"10\" style=\"--n-tabs-title-order: 10;\" class=\" elementor-element elementor-element-cfb6c08 e-flex e-con-boxed e-con e-child\" data-id=\"cfb6c08\" data-element_type=\"container\" data-e-type=\"container\">\n\t\t\t\t\t<div class=\"e-con-inner\">\n\t\t<div class=\"elementor-element elementor-element-fdb5d98 e-con-full e-flex e-con e-child\" data-id=\"fdb5d98\" data-element_type=\"container\" data-e-type=\"container\">\n\t\t\t\t<div class=\"elementor-element elementor-element-0d987d7 elementor-drop-cap-yes elementor-drop-cap-view-default elementor-invisible elementor-widget elementor-widget-text-editor\" data-id=\"0d987d7\" data-element_type=\"widget\" data-e-type=\"widget\" data-settings=\"{&quot;drop_cap&quot;:&quot;yes&quot;,&quot;_animation&quot;:&quot;fadeIn&quot;}\" data-widget_type=\"text-editor.default\">\n\t\t\t\t\t\t\t\t\t<p class=\"my-2 [&amp;+p]:mt-4 [&amp;_strong:has(+br)]:inline-block [&amp;_strong:has(+br)]:pb-2\">The Quality Assurance Committee is a permanent expert body of the Faculty Council responsible for managing and ensuring the quality of all aspects of the Faculty&#8217;s operations. The Committee is concerned with the continuous improvement of the quality of teaching, research, student experience and administration, thereby preserving the academic reputation of the Faculty and its functionality. <\/p><p class=\"my-2 [&amp;+p]:mt-4 [&amp;_strong:has(+br)]:inline-block [&amp;_strong:has(+br)]:pb-2\">The Committee consists of three or five members appointed by the Faculty Council. The term of office of the members is four academic years with the possibility of re-election. The President of the Committee is elected at the first meeting after the appointment of the Committee members and leads the work and coordinates all activities of the body.  <\/p><p class=\"my-2 [&amp;+p]:mt-4 [&amp;_strong:has(+br)]:inline-block [&amp;_strong:has(+br)]:pb-2\">The work of the Committee is regulated in detail by the Rules of Procedure of the Committee for Quality Assurance, and meetings are held as needed, at least twice a year. Professional-administrative tasks for the Board are performed by the Quality Assurance Office of the Faculty <\/p>\t\t\t\t\t\t\t\t<\/div>\n\t\t\t\t<\/div>\n\t\t<div class=\"elementor-element elementor-element-db21e8f e-con-full e-flex e-con e-child\" data-id=\"db21e8f\" data-element_type=\"container\" data-e-type=\"container\">\n\t\t\t\t<div class=\"elementor-element elementor-element-4eecf84 elementor-drop-cap-yes elementor-drop-cap-view-default elementor-invisible elementor-widget elementor-widget-text-editor\" data-id=\"4eecf84\" data-element_type=\"widget\" data-e-type=\"widget\" data-settings=\"{&quot;drop_cap&quot;:&quot;yes&quot;,&quot;_animation&quot;:&quot;fadeIn&quot;}\" data-widget_type=\"text-editor.default\">\n\t\t\t\t\t\t\t\t\t<p><strong>Members:<\/strong><\/p><ol><li>Assoc. Prof. Dr. Oliver Juri\u0161i\u0107, <em>Vice-Dean for Education, Administration Representative<\/em> <\/li><li>Prof. Dr. Milenko Kre\u0161i\u0107, <em>academic staff representative<\/em><\/li><li>Prof. Dr. Pavle Mijovi\u0107, <em>representative of the academic staff<\/em><\/li><li>Mario Juri\u0161i\u0107, <em>administrative staff representative<\/em><\/li><li>Student<\/li><li>Student<\/li><\/ol>\t\t\t\t\t\t\t\t<\/div>\n\t\t\t\t<\/div>\n\t\t\t\t\t<\/div>\n\t\t\t\t<\/div>\n\t\t<div id=\"e-n-tab-content-26395563911\" role=\"tabpanel\" aria-labelledby=\"e-n-tab-title-26395563911\" data-tab-index=\"11\" style=\"--n-tabs-title-order: 11;\" class=\" elementor-element elementor-element-d7518e8 e-con-full e-flex e-con e-child\" data-id=\"d7518e8\" data-element_type=\"container\" data-e-type=\"container\">\n\t\t<div class=\"elementor-element elementor-element-79349ea e-con-full e-flex e-con e-child\" data-id=\"79349ea\" data-element_type=\"container\" data-e-type=\"container\">\n\t\t\t\t<div class=\"elementor-element elementor-element-5becb0b elementor-drop-cap-yes elementor-drop-cap-view-default elementor-invisible elementor-widget elementor-widget-text-editor\" data-id=\"5becb0b\" data-element_type=\"widget\" data-e-type=\"widget\" data-settings=\"{&quot;drop_cap&quot;:&quot;yes&quot;,&quot;_animation&quot;:&quot;fadeIn&quot;}\" data-widget_type=\"text-editor.default\">\n\t\t\t\t\t\t\t\t\t<p class=\"my-2 [&amp;+p]:mt-4 [&amp;_strong:has(+br)]:inline-block [&amp;_strong:has(+br)]:pb-2\">The Library Council is a permanent expert body of the Faculty Council responsible for managing library activities, resources and the development of library services at the Faculty. The Council ensures the quality and availability of library resources and contributes to supporting the teaching, research and academic activities of the Faculty. <\/p><p class=\"my-2 [&amp;+p]:mt-4 [&amp;_strong:has(+br)]:inline-block [&amp;_strong:has(+br)]:pb-2\">The Council consists of members appointed by the Faculty Council. The term of office of the members lasts four academic years with the possibility of re-election. The specific tasks of the Council are regulated in more detail by a special general act adopted by the Faculty Council.  <\/p>\t\t\t\t\t\t\t\t<\/div>\n\t\t\t\t<\/div>\n\t\t<div class=\"elementor-element elementor-element-058eaa6 e-con-full e-flex e-con e-child\" data-id=\"058eaa6\" data-element_type=\"container\" data-e-type=\"container\">\n\t\t\t\t<div class=\"elementor-element elementor-element-790bbef elementor-invisible elementor-widget elementor-widget-text-editor\" data-id=\"790bbef\" data-element_type=\"widget\" data-e-type=\"widget\" data-settings=\"{&quot;_animation&quot;:&quot;fadeIn&quot;}\" data-widget_type=\"text-editor.default\">\n\t\t\t\t\t\t\t\t\t<p><strong>Members:  <\/strong><\/p><ol><li>Assoc. Prof. Dr. Oliver Juri\u0161i\u0107, President <\/li><li>Assoc. Prof. Dr. Drago \u017dupari\u0107, member <\/li><li>Assoc. Prof. Dr. Ilija Markovi\u0107, member <\/li><li>Prof. Dr. Dubravko Turalija, member<\/li><li>Assoc. Prof. Dr. Ivan Rako, member <\/li><\/ol>\t\t\t\t\t\t\t\t<\/div>\n\t\t\t\t<\/div>\n\t\t\t\t<\/div>\n\t\t\t\t\t<\/div>\n\t\t<\/div>\n\t\t\t\t\t\t<\/div>\n\t\t\t\t<\/div>\n\t\t\t\t\t<\/div>\n\t\t\t\t<\/div>\n\t\t<div class=\"elementor-element elementor-element-607acb94 section-l e-flex e-con-boxed e-con e-parent\" data-id=\"607acb94\" data-element_type=\"container\" data-e-type=\"container\" data-settings=\"{&quot;background_background&quot;:&quot;classic&quot;,&quot;shape_divider_bottom&quot;:&quot;opacity-tilt&quot;}\">\n\t\t\t\t\t<div class=\"e-con-inner\">\n\t\t\t\t<div class=\"elementor-shape elementor-shape-bottom\" aria-hidden=\"true\" data-negative=\"false\">\n\t\t\t<svg xmlns=\"http:\/\/www.w3.org\/2000\/svg\" viewBox=\"0 0 2600 131.1\" preserveAspectRatio=\"none\">\n\t<path class=\"elementor-shape-fill\" d=\"M0 0L2600 0 2600 69.1 0 0z\"\/>\n\t<path class=\"elementor-shape-fill\" style=\"opacity:0.5\" d=\"M0 0L2600 0 2600 69.1 0 69.1z\"\/>\n\t<path class=\"elementor-shape-fill\" style=\"opacity:0.25\" d=\"M2600 0L0 0 0 130.1 2600 69.1z\"\/>\n<\/svg>\t\t<\/div>\n\t\t<div class=\"elementor-element elementor-element-926fbeb e-con-full e-flex e-con e-child\" data-id=\"926fbeb\" data-element_type=\"container\" data-e-type=\"container\">\n\t\t\t\t<div class=\"elementor-element elementor-element-2609edf1 elementor-headline--style-highlight elementor-widget elementor-widget-animated-headline\" data-id=\"2609edf1\" data-element_type=\"widget\" data-e-type=\"widget\" data-settings=\"{&quot;marker&quot;:&quot;underline&quot;,&quot;highlighted_text&quot;:&quot;2025. - 2026.&quot;,&quot;highlight_animation_duration&quot;:2200,&quot;headline_style&quot;:&quot;highlight&quot;,&quot;loop&quot;:&quot;yes&quot;,&quot;highlight_iteration_delay&quot;:8000}\" data-widget_type=\"animated-headline.default\">\n\t\t\t\t\t\t\t<h3 class=\"elementor-headline\">\n\t\t\t\t\t<span class=\"elementor-headline-plain-text elementor-headline-text-wrapper\">Academic year work calendar<\/span>\n\t\t\t\t<span class=\"elementor-headline-dynamic-wrapper elementor-headline-text-wrapper\">\n\t\t\t\t\t<span class=\"elementor-headline-dynamic-text elementor-headline-text-active\">2025. - 2026.<\/span>\n\t\t\t\t<\/span>\n\t\t\t\t<\/h3>\n\t\t\t\t\t\t<\/div>\n\t\t\t\t<\/div>\n\t\t\t\t<div class=\"elementor-element elementor-element-4d9e9171 animated-slow elementor-invisible elementor-widget elementor-widget-html\" data-id=\"4d9e9171\" data-element_type=\"widget\" data-e-type=\"widget\" data-settings=\"{&quot;_animation&quot;:&quot;fadeIn&quot;}\" data-widget_type=\"html.default\">\n\t\t\t\t\t<iframe src=\"https:\/\/calendar.google.com\/calendar\/embed?src=f4e23665e1b48a546dc1cd6694a43b4e6a3c922ec34ab13502411eb87863093a%40group.calendar.google.com&amp;ctz=Europe%2FRome\" style=\"border: 0\" width=\"400\" height=\"500\" frameborder=\"0\" scrolling=\"no\"><\/iframe>\r\n\t\t\t\t<\/div>\n\t\t\t\t\t<\/div>\n\t\t\t\t<\/div>\n\t\t<div class=\"elementor-element elementor-element-38105888 section-s e-flex e-con-boxed e-con e-parent\" data-id=\"38105888\" data-element_type=\"container\" data-e-type=\"container\" id=\"scroll-video\">\n\t\t\t\t\t<div class=\"e-con-inner\">\n\t\t\t\t<div class=\"elementor-element elementor-element-4d904f3e elementor-widget elementor-widget-video\" data-id=\"4d904f3e\" data-element_type=\"widget\" data-e-type=\"widget\" data-settings=\"{&quot;video_type&quot;:&quot;hosted&quot;,&quot;autoplay&quot;:&quot;yes&quot;,&quot;mute&quot;:&quot;yes&quot;}\" data-widget_type=\"video.default\">\n\t\t\t\t\t\t\t<div class=\"e-hosted-video elementor-wrapper elementor-open-inline\">\n\t\t\t\t\t<video class=\"elementor-video\" src=\"https:\/\/kbf.unsa.ba\/wp-content\/uploads\/2025\/11\/KBF-logo-sekcija.mp4\" autoplay=\"\" muted=\"muted\" controlsList=\"nodownload\"><\/video>\n\t\t\t\t<\/div>\n\t\t\t\t\t\t<\/div>\n\t\t\t\t\t<\/div>\n\t\t\t\t<\/div>\n\t\t\t\t<\/div>\n\t\t","protected":false},"excerpt":{"rendered":"<p>Faculty committees and commissions Ethics Committee Commission for school entrance exams Publishing Committee Scientific Conference Committee Doctoral Degree Award Committee &hellip; <\/p>\n","protected":false},"author":1,"featured_media":0,"parent":0,"menu_order":0,"comment_status":"closed","ping_status":"closed","template":"","meta":{"footnotes":""},"class_list":["post-13458","page","type-page","status-publish","hentry","latest_post"],"rttpg_featured_image_url":null,"rttpg_author":{"display_name":"tajnistvo_bcxr0t1k","author_link":"https:\/\/kbf.unsa.ba\/en\/author\/tajnistvo_bcxr0t1k\/"},"rttpg_comment":0,"rttpg_category":" <a href=\"https:\/\/kbf.unsa.ba\/en\/?taxonomy=translation_priority&#038;term=optional-en\" rel=\"tag\">Optional<\/a>","rttpg_excerpt":"Faculty committees and commissions Ethics Committee Commission for school entrance exams Publishing Committee Scientific Conference Committee Doctoral Degree Award Committee &hellip;","_links":{"self":[{"href":"https:\/\/kbf.unsa.ba\/en\/wp-json\/wp\/v2\/pages\/13458","targetHints":{"allow":["GET"]}}],"collection":[{"href":"https:\/\/kbf.unsa.ba\/en\/wp-json\/wp\/v2\/pages"}],"about":[{"href":"https:\/\/kbf.unsa.ba\/en\/wp-json\/wp\/v2\/types\/page"}],"author":[{"embeddable":true,"href":"https:\/\/kbf.unsa.ba\/en\/wp-json\/wp\/v2\/users\/1"}],"replies":[{"embeddable":true,"href":"https:\/\/kbf.unsa.ba\/en\/wp-json\/wp\/v2\/comments?post=13458"}],"version-history":[{"count":1,"href":"https:\/\/kbf.unsa.ba\/en\/wp-json\/wp\/v2\/pages\/13458\/revisions"}],"predecessor-version":[{"id":13459,"href":"https:\/\/kbf.unsa.ba\/en\/wp-json\/wp\/v2\/pages\/13458\/revisions\/13459"}],"wp:attachment":[{"href":"https:\/\/kbf.unsa.ba\/en\/wp-json\/wp\/v2\/media?parent=13458"}],"curies":[{"name":"wp","href":"https:\/\/api.w.org\/{rel}","templated":true}]}}