{"id":13509,"date":"2025-10-11T08:09:26","date_gmt":"2025-10-11T06:09:26","guid":{"rendered":"https:\/\/kbf.unsa.ba\/publishing-activity\/"},"modified":"2026-01-01T20:02:39","modified_gmt":"2026-01-01T19:02:39","slug":"publishing-activity","status":"publish","type":"page","link":"https:\/\/kbf.unsa.ba\/en\/publishing-activity\/","title":{"rendered":"Publishing Activity"},"content":{"rendered":"\t\t<div data-elementor-type=\"wp-page\" data-elementor-id=\"13509\" class=\"elementor elementor-13509 elementor-880\" data-elementor-post-type=\"page\">\n\t\t\t\t<div class=\"elementor-element elementor-element-10384403 section-xxl e-flex e-con-boxed e-con e-parent\" data-id=\"10384403\" data-element_type=\"container\" data-e-type=\"container\" id=\"moj-video\" data-settings=\"{&quot;background_background&quot;:&quot;video&quot;,&quot;background_video_link&quot;:&quot;https:\\\/\\\/kbf.unsa.ba\\\/wp-content\\\/uploads\\\/2025\\\/11\\\/Izdavastvo.mp4&quot;,&quot;shape_divider_bottom&quot;:&quot;opacity-tilt&quot;,&quot;background_video_start&quot;:0,&quot;background_video_end&quot;:5,&quot;background_play_on_mobile&quot;:&quot;yes&quot;}\">\n\t\t\t\t\t<div class=\"e-con-inner\">\n\t\t<div class=\"elementor-background-video-container\">\n\t\t\t\t\t\t\t<video class=\"elementor-background-video-hosted\" role=\"presentation\" autoplay muted playsinline loop><\/video>\n\t\t\t\t\t<\/div>\t\t<div class=\"elementor-shape elementor-shape-bottom\" aria-hidden=\"true\" data-negative=\"false\">\n\t\t\t<svg xmlns=\"http:\/\/www.w3.org\/2000\/svg\" viewBox=\"0 0 2600 131.1\" preserveAspectRatio=\"none\">\n\t<path class=\"elementor-shape-fill\" d=\"M0 0L2600 0 2600 69.1 0 0z\"\/>\n\t<path class=\"elementor-shape-fill\" style=\"opacity:0.5\" d=\"M0 0L2600 0 2600 69.1 0 69.1z\"\/>\n\t<path class=\"elementor-shape-fill\" style=\"opacity:0.25\" d=\"M2600 0L0 0 0 130.1 2600 69.1z\"\/>\n<\/svg>\t\t<\/div>\n\t\t\t\t<div class=\"elementor-element elementor-element-6667a284 elementor-view-default elementor-invisible elementor-widget elementor-widget-icon\" data-id=\"6667a284\" data-element_type=\"widget\" data-e-type=\"widget\" data-settings=\"{&quot;_animation&quot;:&quot;fadeIn&quot;}\" data-widget_type=\"icon.default\">\n\t\t\t\t\t\t\t<div class=\"elementor-icon-wrapper\">\n\t\t\t<div class=\"elementor-icon elementor-animation-bounce-in\">\n\t\t\t<svg aria-hidden=\"true\" class=\"e-font-icon-svg e-fab-leanpub\" viewBox=\"0 0 576 512\" xmlns=\"http:\/\/www.w3.org\/2000\/svg\"><path d=\"M386.539 111.485l15.096 248.955-10.979-.275c-36.232-.824-71.64 8.783-102.657 27.997-31.016-19.214-66.424-27.997-102.657-27.997-45.564 0-82.07 10.705-123.516 27.723L93.117 129.6c28.546-11.803 61.484-18.115 92.226-18.115 41.173 0 73.836 13.175 102.657 42.544 27.723-28.271 59.013-41.721 98.539-42.544zM569.07 448c-25.526 0-47.485-5.215-70.542-15.645-34.31-15.645-69.993-24.978-107.871-24.978-38.977 0-74.934 12.901-102.657 40.623-27.723-27.723-63.68-40.623-102.657-40.623-37.878 0-73.561 9.333-107.871 24.978C55.239 442.236 32.731 448 8.303 448H6.93L49.475 98.859C88.726 76.626 136.486 64 181.775 64 218.83 64 256.984 71.685 288 93.095 319.016 71.685 357.17 64 394.225 64c45.289 0 93.049 12.626 132.3 34.859L569.07 448zm-43.368-44.741l-34.036-280.246c-30.742-13.999-67.248-21.41-101.009-21.41-38.428 0-74.385 12.077-102.657 38.702-28.272-26.625-64.228-38.702-102.657-38.702-33.761 0-70.267 7.411-101.009 21.41L50.298 403.259c47.211-19.487 82.894-33.486 135.045-33.486 37.604 0 70.817 9.606 102.657 29.644 31.84-20.038 65.052-29.644 102.657-29.644 52.151 0 87.834 13.999 135.045 33.486z\"><\/path><\/svg>\t\t\t<\/div>\n\t\t<\/div>\n\t\t\t\t\t\t<\/div>\n\t\t\t\t<div class=\"elementor-element elementor-element-d95caf7 elementor-invisible elementor-widget elementor-widget-heading\" data-id=\"d95caf7\" data-element_type=\"widget\" data-e-type=\"widget\" data-settings=\"{&quot;_animation&quot;:&quot;fadeIn&quot;,&quot;_animation_delay&quot;:10}\" data-widget_type=\"heading.default\">\n\t\t\t\t\t<h1 class=\"elementor-heading-title elementor-size-default\">PUBLICATIONS<\/h1>\t\t\t\t<\/div>\n\t\t\t\t<div class=\"elementor-element elementor-element-31417ea8 elementor-widget elementor-widget-html\" data-id=\"31417ea8\" data-element_type=\"widget\" data-e-type=\"widget\" data-widget_type=\"html.default\">\n\t\t\t\t\t<script>function postaviGlatkiLoop() {\r\n    const video = document.querySelector('#moj-video .elementor-background-video-hosted');\r\n    \r\n    if (video) {\r\n        \/\/ --- OVDJE PODESITE POSTAVKE ---\r\n        const ZELJENA_BRZINA = 0.75; \/\/ Upi\u0161ite \u017eeljenu brzinu (npr. 0.75)\r\n        const TRAJANJE_FADEA_U_MS = 1500; \/\/ Upi\u0161ite trajanje fade-a u milisekundama (1500 = 1.5s)\r\n        \/\/ ---------------------------------\r\n\r\n        video.playbackRate = ZELJENA_BRZINA;\r\n        video.loop = false;\r\n\r\n        video.addEventListener('ended', function() {\r\n            video.style.opacity = '0';\r\n            setTimeout(function() {\r\n                video.currentTime = 0;\r\n                video.play();\r\n                video.style.opacity = '1';\r\n            }, TRAJANJE_FADEA_U_MS); \r\n        });\r\n\r\n        clearInterval(pronadjiVideoInterval);\r\n    }\r\n}\r\n\r\nconst pronadjiVideoInterval = setInterval(postaviGlatkiLoop, 100);\r\nsetTimeout(() => clearInterval(pronadjiVideoInterval), 5000);\r\n<\/script>\t\t\t\t<\/div>\n\t\t\t\t\t<\/div>\n\t\t\t\t<\/div>\n\t\t<div class=\"elementor-element elementor-element-a8b6b32 section-s section-ioscool e-flex e-con-boxed e-con e-parent\" data-id=\"a8b6b32\" data-element_type=\"container\" data-e-type=\"container\" data-settings=\"{&quot;background_background&quot;:&quot;classic&quot;}\">\n\t\t\t\t\t<div class=\"e-con-inner\">\n\t\t\t\t<div class=\"elementor-element elementor-element-b3865c7 elementor-invisible elementor-widget elementor-widget-heading\" data-id=\"b3865c7\" data-element_type=\"widget\" data-e-type=\"widget\" data-settings=\"{&quot;_animation&quot;:&quot;fadeIn&quot;,&quot;_animation_delay&quot;:10}\" data-widget_type=\"heading.default\">\n\t\t\t\t\t<h2 class=\"elementor-heading-title elementor-size-default\">Handbooks Series<\/h2>\t\t\t\t<\/div>\n\t\t\t\t<div class=\"elementor-element elementor-element-6256647 elementor-drop-cap-yes elementor-drop-cap-view-default elementor-invisible elementor-widget elementor-widget-text-editor\" data-id=\"6256647\" data-element_type=\"widget\" data-e-type=\"widget\" data-settings=\"{&quot;drop_cap&quot;:&quot;yes&quot;,&quot;_animation&quot;:&quot;fadeIn&quot;}\" data-widget_type=\"text-editor.default\">\n\t\t\t\t\t\t\t\t\t<p class=\"my-2 [&amp;+p]:mt-4 [&amp;_strong:has(+br)]:inline-block [&amp;_strong:has(+br)]:pb-2\">The <em>Handbooks<\/em> Series offers a valuable contribution to domestic theological, biblical, and canon law professional literature. It is primarily intended for students, scholars, and pastoral workers, as well as all interested readers who wish to deepen their understanding of Christian faith and spirituality. The handbooks meticulously cover the most important biblical, dogmatic, moral, legal, and pastoral themes. <\/p><p class=\"my-2 [&amp;+p]:mt-4 [&amp;_strong:has(+br)]:inline-block [&amp;_strong:has(+br)]:pb-2\">This series is the result of the professional, scholarly, and translation work of the Faculty&#8217;s professors and their associates, aiming to establish a lasting connection between theological scholarship and the life of the local Church. <\/p>\t\t\t\t\t\t\t\t<\/div>\n\t\t\t\t<div class=\"elementor-element elementor-element-9dda0d4 elementor-widget__width-initial elementor-widget-tablet__width-initial elementor-widget elementor-widget-testimonials-carousel-coverflow\" data-id=\"9dda0d4\" data-element_type=\"widget\" data-e-type=\"widget\" data-settings=\"{&quot;slide&quot;:[{&quot;slide_content&quot;:&quot;&lt;p&gt;&lt;span style=\\&quot;font-size: 14px;\\&quot;&gt;&lt;em&gt;Komentar Evan\\u0111elja i Djela apostolskih&lt;\\\/em&gt;, 1997.&lt;\\\/span&gt;&lt;\\\/p&gt;&quot;,&quot;slide_image&quot;:{&quot;url&quot;:&quot;https:\\\/\\\/kbf.unsa.ba\\\/wp-content\\\/uploads\\\/2025\\\/12\\\/KOMENTAR-EVANDELJA-I-DJELA-APOSTOLSKIH-10.png&quot;,&quot;id&quot;:12099,&quot;size&quot;:&quot;&quot;,&quot;alt&quot;:&quot;&quot;,&quot;source&quot;:&quot;library&quot;},&quot;slide_name&quot;:&quot;Daniel HARRINGTON&quot;,&quot;_id&quot;:&quot;802bef1&quot;,&quot;slide_button&quot;:&quot;Vi\\u0161e&quot;,&quot;slide_button_link&quot;:{&quot;url&quot;:&quot;https:\\\/\\\/heyzine.com\\\/flip-book\\\/77f05c488e.html&quot;,&quot;is_external&quot;:&quot;&quot;,&quot;nofollow&quot;:&quot;&quot;,&quot;custom_attributes&quot;:&quot;&quot;},&quot;slide_show_image&quot;:&quot;yes&quot;,&quot;type&quot;:&quot;bg_image&quot;,&quot;slide_background_position&quot;:&quot;&quot;,&quot;slide_background_attachment&quot;:&quot;&quot;,&quot;slide_background_repeat&quot;:&quot;&quot;,&quot;slide_background_size&quot;:&quot;&quot;,&quot;slide_bg_color&quot;:null,&quot;slide_show_button&quot;:&quot;yes&quot;,&quot;lightbox&quot;:&quot;&quot;,&quot;lightbox_type&quot;:null,&quot;video&quot;:null,&quot;slide_button_css_id&quot;:&quot;&quot;},{&quot;slide_content&quot;:&quot;&lt;p&gt;&lt;span style=\\&quot;font-size: 14px;\\&quot;&gt;&lt;em&gt;Eshatologija&lt;\\\/em&gt;, 1997.&lt;\\\/span&gt;&lt;\\\/p&gt;&quot;,&quot;slide_image&quot;:{&quot;url&quot;:&quot;https:\\\/\\\/kbf.unsa.ba\\\/wp-content\\\/uploads\\\/2025\\\/12\\\/ESHATOLOGIJA-11.png&quot;,&quot;id&quot;:12077,&quot;size&quot;:&quot;&quot;,&quot;alt&quot;:&quot;&quot;,&quot;source&quot;:&quot;library&quot;},&quot;slide_name&quot;:&quot;C\\u00e1ndido POZO&quot;,&quot;_id&quot;:&quot;d2f8759&quot;,&quot;slide_button&quot;:&quot;Vi\\u0161e&quot;,&quot;slide_button_link&quot;:{&quot;url&quot;:&quot;https:\\\/\\\/heyzine.com\\\/flip-book\\\/237744aed5.html&quot;,&quot;is_external&quot;:&quot;&quot;,&quot;nofollow&quot;:&quot;&quot;,&quot;custom_attributes&quot;:&quot;&quot;},&quot;slide_show_image&quot;:&quot;yes&quot;,&quot;type&quot;:&quot;bg_image&quot;,&quot;slide_background_position&quot;:&quot;&quot;,&quot;slide_background_attachment&quot;:&quot;&quot;,&quot;slide_background_repeat&quot;:&quot;&quot;,&quot;slide_background_size&quot;:&quot;&quot;,&quot;slide_bg_color&quot;:null,&quot;slide_show_button&quot;:&quot;yes&quot;,&quot;lightbox&quot;:&quot;&quot;,&quot;lightbox_type&quot;:null,&quot;video&quot;:null,&quot;slide_button_css_id&quot;:&quot;&quot;},{&quot;slide_content&quot;:&quot;&lt;p&gt;&lt;span style=\\&quot;font-size: 14px;\\&quot;&gt;&lt;em&gt;Dru\\u0161tvena teolo\\u0161ka etika u svjetlu katoli\\u010dke moralne antropologije&lt;\\\/em&gt;, 2000.&lt;\\\/span&gt;&lt;\\\/p&gt;&quot;,&quot;slide_image&quot;:{&quot;url&quot;:&quot;https:\\\/\\\/kbf.unsa.ba\\\/wp-content\\\/uploads\\\/2025\\\/12\\\/DRUSTVENA-TEOLOSKA-ETIKA-12.png&quot;,&quot;id&quot;:12072,&quot;size&quot;:&quot;&quot;,&quot;alt&quot;:&quot;&quot;,&quot;source&quot;:&quot;library&quot;},&quot;slide_name&quot;:&quot;Tomislav JOZI\\u0106&quot;,&quot;_id&quot;:&quot;0b3480b&quot;,&quot;slide_button&quot;:&quot;Vi\\u0161e&quot;,&quot;slide_button_link&quot;:{&quot;url&quot;:&quot;https:\\\/\\\/heyzine.com\\\/flip-book\\\/c3d0ae3a5b.html&quot;,&quot;is_external&quot;:&quot;&quot;,&quot;nofollow&quot;:&quot;&quot;,&quot;custom_attributes&quot;:&quot;&quot;},&quot;slide_show_image&quot;:&quot;yes&quot;,&quot;type&quot;:&quot;bg_image&quot;,&quot;slide_background_position&quot;:&quot;&quot;,&quot;slide_background_attachment&quot;:&quot;&quot;,&quot;slide_background_repeat&quot;:&quot;&quot;,&quot;slide_background_size&quot;:&quot;&quot;,&quot;slide_bg_color&quot;:null,&quot;slide_show_button&quot;:&quot;yes&quot;,&quot;lightbox&quot;:&quot;&quot;,&quot;lightbox_type&quot;:null,&quot;video&quot;:null,&quot;slide_button_css_id&quot;:&quot;&quot;},{&quot;slide_content&quot;:&quot;&lt;p&gt;&lt;span style=\\&quot;font-size: 14px;\\&quot;&gt;&lt;em&gt;Temelji teolo\\u0161ke etike&lt;\\\/em&gt;, 2000.&lt;\\\/span&gt;&lt;\\\/p&gt;&quot;,&quot;slide_image&quot;:{&quot;url&quot;:&quot;https:\\\/\\\/kbf.unsa.ba\\\/wp-content\\\/uploads\\\/2025\\\/12\\\/TEMELJI-TEOLOSKE-ETIKE-13.png&quot;,&quot;id&quot;:12130,&quot;size&quot;:&quot;&quot;,&quot;alt&quot;:&quot;&quot;,&quot;source&quot;:&quot;library&quot;},&quot;slide_name&quot;:&quot;Marinko PERKOVI\\u0106&quot;,&quot;slide_button&quot;:&quot;Vi\\u0161e&quot;,&quot;_id&quot;:&quot;709877b&quot;,&quot;slide_button_link&quot;:{&quot;url&quot;:&quot;https:\\\/\\\/heyzine.com\\\/flip-book\\\/e066650a5d.html&quot;,&quot;is_external&quot;:&quot;&quot;,&quot;nofollow&quot;:&quot;&quot;,&quot;custom_attributes&quot;:&quot;&quot;},&quot;slide_show_image&quot;:&quot;yes&quot;,&quot;type&quot;:&quot;bg_image&quot;,&quot;slide_background_position&quot;:&quot;&quot;,&quot;slide_background_attachment&quot;:&quot;&quot;,&quot;slide_background_repeat&quot;:&quot;&quot;,&quot;slide_background_size&quot;:&quot;&quot;,&quot;slide_bg_color&quot;:null,&quot;slide_show_button&quot;:&quot;yes&quot;,&quot;lightbox&quot;:&quot;&quot;,&quot;lightbox_type&quot;:null,&quot;video&quot;:null,&quot;slide_button_css_id&quot;:&quot;&quot;},{&quot;_id&quot;:&quot;f1edbe7&quot;,&quot;slide_name&quot;:&quot;Adolf ADAM&quot;,&quot;slide_content&quot;:&quot;&lt;p&gt;&lt;span style=\\&quot;font-size: 14px;\\&quot;&gt;&lt;em&gt;Slaviti crkvenu godinu: povijest i zna\\u010denje nakon liturgijske obnove&lt;\\\/em&gt;, 2003.&lt;\\\/span&gt;&lt;\\\/p&gt;&quot;,&quot;slide_button&quot;:&quot;Vi\\u0161e&quot;,&quot;slide_image&quot;:{&quot;url&quot;:&quot;https:\\\/\\\/kbf.unsa.ba\\\/wp-content\\\/uploads\\\/2025\\\/12\\\/SLAVITI-CRKVENU-GODINU-9.png&quot;,&quot;id&quot;:12126,&quot;size&quot;:&quot;&quot;,&quot;alt&quot;:&quot;&quot;,&quot;source&quot;:&quot;library&quot;},&quot;slide_button_link&quot;:{&quot;url&quot;:&quot;https:\\\/\\\/heyzine.com\\\/flip-book\\\/c99a9a6c8a.html&quot;,&quot;is_external&quot;:&quot;&quot;,&quot;nofollow&quot;:&quot;&quot;,&quot;custom_attributes&quot;:&quot;&quot;},&quot;slide_show_image&quot;:&quot;yes&quot;,&quot;type&quot;:&quot;bg_image&quot;,&quot;slide_background_position&quot;:&quot;&quot;,&quot;slide_background_attachment&quot;:&quot;&quot;,&quot;slide_background_repeat&quot;:&quot;&quot;,&quot;slide_background_size&quot;:&quot;&quot;,&quot;slide_bg_color&quot;:null,&quot;slide_show_button&quot;:&quot;yes&quot;,&quot;lightbox&quot;:&quot;&quot;,&quot;lightbox_type&quot;:null,&quot;video&quot;:null,&quot;slide_button_css_id&quot;:&quot;&quot;},{&quot;_id&quot;:&quot;cde4f93&quot;,&quot;slide_name&quot;:&quot;James SWETNAM&quot;,&quot;slide_button&quot;:&quot;Vi\\u0161e&quot;,&quot;slide_content&quot;:&quot;&lt;p&gt;&lt;span style=\\&quot;font-size: 14px;\\&quot;&gt;&lt;em&gt;Osnove novozavjetnoga gr\\u010dkog jezika. Dio 1, Morfologija. Sv. 1, Lekcije&lt;\\\/em&gt;, 2011.&lt;\\\/span&gt;&lt;\\\/p&gt;&quot;,&quot;slide_image&quot;:{&quot;url&quot;:&quot;https:\\\/\\\/kbf.unsa.ba\\\/wp-content\\\/uploads\\\/2025\\\/12\\\/OSNOVE-NOVOZAVJETNOG-GRCKOG-JEZIKA-11.png&quot;,&quot;id&quot;:12117,&quot;size&quot;:&quot;&quot;,&quot;alt&quot;:&quot;&quot;,&quot;source&quot;:&quot;library&quot;},&quot;slide_button_link&quot;:{&quot;url&quot;:&quot;https:\\\/\\\/heyzine.com\\\/flip-book\\\/bdcb5e1811.html&quot;,&quot;is_external&quot;:&quot;&quot;,&quot;nofollow&quot;:&quot;&quot;,&quot;custom_attributes&quot;:&quot;&quot;},&quot;slide_show_image&quot;:&quot;yes&quot;,&quot;type&quot;:&quot;bg_image&quot;,&quot;slide_background_position&quot;:&quot;&quot;,&quot;slide_background_attachment&quot;:&quot;&quot;,&quot;slide_background_repeat&quot;:&quot;&quot;,&quot;slide_background_size&quot;:&quot;&quot;,&quot;slide_bg_color&quot;:null,&quot;slide_show_button&quot;:&quot;yes&quot;,&quot;lightbox&quot;:&quot;&quot;,&quot;lightbox_type&quot;:null,&quot;video&quot;:null,&quot;slide_button_css_id&quot;:&quot;&quot;},{&quot;_id&quot;:&quot;c9c9499&quot;,&quot;slide_name&quot;:&quot;Niko IKI\\u0106&quot;,&quot;slide_content&quot;:&quot;&lt;p&gt;&lt;span style=\\&quot;font-size: 14px;\\&quot;&gt;&lt;em&gt;Kompendij katoli\\u010dke pneumatologije, mariologije i eshatologije&lt;\\\/em&gt;, 2011.&lt;\\\/span&gt;&lt;\\\/p&gt;&quot;,&quot;slide_button&quot;:&quot;Vi\\u0161e&quot;,&quot;slide_button_link&quot;:{&quot;url&quot;:&quot;https:\\\/\\\/heyzine.com\\\/flip-book\\\/74380d48e3.html&quot;,&quot;is_external&quot;:&quot;&quot;,&quot;nofollow&quot;:&quot;&quot;,&quot;custom_attributes&quot;:&quot;&quot;},&quot;slide_image&quot;:{&quot;url&quot;:&quot;https:\\\/\\\/kbf.unsa.ba\\\/wp-content\\\/uploads\\\/2025\\\/12\\\/KOMPENDIJ-KATOLICKE-PNEUMATOLOGIJE.png&quot;,&quot;id&quot;:12100,&quot;size&quot;:&quot;&quot;,&quot;alt&quot;:&quot;&quot;,&quot;source&quot;:&quot;library&quot;},&quot;slide_show_image&quot;:&quot;yes&quot;,&quot;type&quot;:&quot;bg_image&quot;,&quot;slide_background_position&quot;:&quot;&quot;,&quot;slide_background_attachment&quot;:&quot;&quot;,&quot;slide_background_repeat&quot;:&quot;&quot;,&quot;slide_background_size&quot;:&quot;&quot;,&quot;slide_bg_color&quot;:null,&quot;slide_show_button&quot;:&quot;yes&quot;,&quot;lightbox&quot;:&quot;&quot;,&quot;lightbox_type&quot;:null,&quot;video&quot;:null,&quot;slide_button_css_id&quot;:&quot;&quot;},{&quot;_id&quot;:&quot;92f4c06&quot;,&quot;slide_name&quot;:&quot;Pero PRANJI\\u0106&quot;,&quot;slide_content&quot;:&quot;&lt;p&gt;&lt;span style=\\&quot;font-size: 14px;\\&quot;&gt;&lt;em&gt;Bo\\u017eji narod: II. knjiga Zakonika kanonskog prava: kanoni 204-746 sa komentarom&lt;\\\/em&gt;, 2012.&lt;\\\/span&gt;&lt;\\\/p&gt;&quot;,&quot;slide_button&quot;:&quot;Vi\\u0161e&quot;,&quot;slide_button_link&quot;:{&quot;url&quot;:&quot;https:\\\/\\\/heyzine.com\\\/flip-book\\\/f174fd99d0.html&quot;,&quot;is_external&quot;:&quot;&quot;,&quot;nofollow&quot;:&quot;&quot;,&quot;custom_attributes&quot;:&quot;&quot;},&quot;slide_image&quot;:{&quot;url&quot;:&quot;https:\\\/\\\/kbf.unsa.ba\\\/wp-content\\\/uploads\\\/2025\\\/12\\\/Bozji-narod-e1765019701778.jpg&quot;,&quot;id&quot;:12161,&quot;size&quot;:&quot;&quot;,&quot;alt&quot;:&quot;&quot;,&quot;source&quot;:&quot;library&quot;},&quot;slide_show_image&quot;:&quot;yes&quot;,&quot;type&quot;:&quot;bg_image&quot;,&quot;slide_background_position&quot;:&quot;&quot;,&quot;slide_background_attachment&quot;:&quot;&quot;,&quot;slide_background_repeat&quot;:&quot;&quot;,&quot;slide_background_size&quot;:&quot;&quot;,&quot;slide_bg_color&quot;:null,&quot;slide_show_button&quot;:&quot;yes&quot;,&quot;lightbox&quot;:&quot;&quot;,&quot;lightbox_type&quot;:null,&quot;video&quot;:null,&quot;slide_button_css_id&quot;:&quot;&quot;},{&quot;_id&quot;:&quot;c7865e0&quot;,&quot;slide_name&quot;:&quot;Niko IKI\\u0106&quot;,&quot;slide_content&quot;:&quot;&lt;p&gt;&lt;span style=\\&quot;font-size: 14px;\\&quot;&gt;&lt;em&gt;Teologija sakramenata: \\&quot;Goru\\u0107i grm\\&quot; sakramentalne milosti&lt;\\\/em&gt;, 2012.&lt;\\\/span&gt;&lt;\\\/p&gt;&quot;,&quot;slide_button&quot;:&quot;Vi\\u0161e&quot;,&quot;slide_button_link&quot;:{&quot;url&quot;:&quot;https:\\\/\\\/heyzine.com\\\/flip-book\\\/5d5f93462d.html&quot;,&quot;is_external&quot;:&quot;&quot;,&quot;nofollow&quot;:&quot;&quot;,&quot;custom_attributes&quot;:&quot;&quot;},&quot;slide_image&quot;:{&quot;url&quot;:&quot;https:\\\/\\\/kbf.unsa.ba\\\/wp-content\\\/uploads\\\/2025\\\/12\\\/Teologija-sakramenata-e1765019899594.jpg&quot;,&quot;id&quot;:12162,&quot;size&quot;:&quot;&quot;,&quot;alt&quot;:&quot;&quot;,&quot;source&quot;:&quot;library&quot;},&quot;slide_show_image&quot;:&quot;yes&quot;,&quot;type&quot;:&quot;bg_image&quot;,&quot;slide_background_position&quot;:&quot;&quot;,&quot;slide_background_attachment&quot;:&quot;&quot;,&quot;slide_background_repeat&quot;:&quot;&quot;,&quot;slide_background_size&quot;:&quot;&quot;,&quot;slide_bg_color&quot;:null,&quot;slide_show_button&quot;:&quot;yes&quot;,&quot;lightbox&quot;:&quot;&quot;,&quot;lightbox_type&quot;:null,&quot;video&quot;:null,&quot;slide_button_css_id&quot;:&quot;&quot;},{&quot;_id&quot;:&quot;0267fae&quot;,&quot;slide_name&quot;:&quot;Darko TOMA\\u0160EVI\\u0106 - Marinko ANTOLOVI\\u0106 (ur.)&quot;,&quot;slide_content&quot;:&quot;&lt;p&gt;&lt;span style=\\&quot;font-size: 12px;\\&quot;&gt;&lt;em&gt;Znanstveni uvod u Bibliju: prijevod pojedinih dijelova knjige The New Jerome Biblical Commentary&lt;\\\/em&gt;, 2012.&lt;\\\/span&gt;&lt;\\\/p&gt;&quot;,&quot;slide_button&quot;:&quot;Vi\\u0161e&quot;,&quot;slide_button_link&quot;:{&quot;url&quot;:&quot;https:\\\/\\\/heyzine.com\\\/flip-book\\\/703cd80fbb.html&quot;,&quot;is_external&quot;:&quot;&quot;,&quot;nofollow&quot;:&quot;&quot;,&quot;custom_attributes&quot;:&quot;&quot;},&quot;slide_image&quot;:{&quot;url&quot;:&quot;https:\\\/\\\/kbf.unsa.ba\\\/wp-content\\\/uploads\\\/2025\\\/12\\\/Znanstveni-uvod-u-Bibliju-e1765020074935.jpg&quot;,&quot;id&quot;:12163,&quot;size&quot;:&quot;&quot;,&quot;alt&quot;:&quot;&quot;,&quot;source&quot;:&quot;library&quot;},&quot;slide_show_image&quot;:&quot;yes&quot;,&quot;type&quot;:&quot;bg_image&quot;,&quot;slide_background_position&quot;:&quot;&quot;,&quot;slide_background_attachment&quot;:&quot;&quot;,&quot;slide_background_repeat&quot;:&quot;&quot;,&quot;slide_background_size&quot;:&quot;&quot;,&quot;slide_bg_color&quot;:null,&quot;slide_show_button&quot;:&quot;yes&quot;,&quot;lightbox&quot;:&quot;&quot;,&quot;lightbox_type&quot;:null,&quot;video&quot;:null,&quot;slide_button_css_id&quot;:&quot;&quot;},{&quot;_id&quot;:&quot;a5a4808&quot;,&quot;slide_image&quot;:{&quot;url&quot;:&quot;https:\\\/\\\/kbf.unsa.ba\\\/wp-content\\\/uploads\\\/2025\\\/11\\\/Vremenita-dobra.jpeg&quot;,&quot;id&quot;:9600,&quot;size&quot;:&quot;&quot;,&quot;alt&quot;:&quot;&quot;,&quot;source&quot;:&quot;library&quot;},&quot;slide_name&quot;:&quot;&quot;,&quot;slide_content&quot;:&quot;&quot;,&quot;slide_button&quot;:&quot;Vi\\u0161e&quot;,&quot;slide_button_link&quot;:{&quot;url&quot;:&quot;https:\\\/\\\/heyzine.com\\\/flip-book\\\/5a2302f504.html&quot;,&quot;is_external&quot;:&quot;&quot;,&quot;nofollow&quot;:&quot;&quot;,&quot;custom_attributes&quot;:&quot;&quot;},&quot;slide_show_image&quot;:&quot;yes&quot;,&quot;type&quot;:&quot;bg_image&quot;,&quot;slide_background_position&quot;:&quot;&quot;,&quot;slide_background_attachment&quot;:&quot;&quot;,&quot;slide_background_repeat&quot;:&quot;&quot;,&quot;slide_background_size&quot;:&quot;&quot;,&quot;slide_bg_color&quot;:null,&quot;slide_show_button&quot;:&quot;yes&quot;,&quot;lightbox&quot;:&quot;&quot;,&quot;lightbox_type&quot;:null,&quot;video&quot;:null,&quot;slide_button_css_id&quot;:&quot;&quot;},{&quot;_id&quot;:&quot;4f5b6a5&quot;,&quot;slide_image&quot;:{&quot;url&quot;:&quot;https:\\\/\\\/kbf.unsa.ba\\\/wp-content\\\/uploads\\\/2025\\\/11\\\/Posvetiteljska-sluzba.jpeg&quot;,&quot;id&quot;:9601,&quot;size&quot;:&quot;&quot;,&quot;alt&quot;:&quot;&quot;,&quot;source&quot;:&quot;library&quot;},&quot;slide_name&quot;:&quot;&quot;,&quot;slide_content&quot;:&quot;&quot;,&quot;slide_button&quot;:&quot;Vi\\u0161e&quot;,&quot;slide_button_link&quot;:{&quot;url&quot;:&quot;https:\\\/\\\/heyzine.com\\\/flip-book\\\/9b47845e96.html&quot;,&quot;is_external&quot;:&quot;&quot;,&quot;nofollow&quot;:&quot;&quot;,&quot;custom_attributes&quot;:&quot;&quot;},&quot;slide_show_image&quot;:&quot;yes&quot;,&quot;type&quot;:&quot;bg_image&quot;,&quot;slide_background_position&quot;:&quot;&quot;,&quot;slide_background_attachment&quot;:&quot;&quot;,&quot;slide_background_repeat&quot;:&quot;&quot;,&quot;slide_background_size&quot;:&quot;&quot;,&quot;slide_bg_color&quot;:null,&quot;slide_show_button&quot;:&quot;yes&quot;,&quot;lightbox&quot;:&quot;&quot;,&quot;lightbox_type&quot;:null,&quot;video&quot;:null,&quot;slide_button_css_id&quot;:&quot;&quot;},{&quot;_id&quot;:&quot;7be67f1&quot;,&quot;slide_image&quot;:{&quot;url&quot;:&quot;https:\\\/\\\/kbf.unsa.ba\\\/wp-content\\\/uploads\\\/2025\\\/11\\\/Uvod-u-drustveni-.jpeg&quot;,&quot;id&quot;:9602,&quot;size&quot;:&quot;&quot;,&quot;alt&quot;:&quot;&quot;,&quot;source&quot;:&quot;library&quot;},&quot;slide_name&quot;:&quot;&quot;,&quot;slide_content&quot;:&quot;&quot;,&quot;slide_button&quot;:&quot;Vi\\u0161e&quot;,&quot;slide_button_link&quot;:{&quot;url&quot;:&quot;https:\\\/\\\/heyzine.com\\\/flip-book\\\/5ad6d133b4.html&quot;,&quot;is_external&quot;:&quot;&quot;,&quot;nofollow&quot;:&quot;&quot;,&quot;custom_attributes&quot;:&quot;&quot;},&quot;slide_show_image&quot;:&quot;yes&quot;,&quot;type&quot;:&quot;bg_image&quot;,&quot;slide_background_position&quot;:&quot;&quot;,&quot;slide_background_attachment&quot;:&quot;&quot;,&quot;slide_background_repeat&quot;:&quot;&quot;,&quot;slide_background_size&quot;:&quot;&quot;,&quot;slide_bg_color&quot;:null,&quot;slide_show_button&quot;:&quot;yes&quot;,&quot;lightbox&quot;:&quot;&quot;,&quot;lightbox_type&quot;:null,&quot;video&quot;:null,&quot;slide_button_css_id&quot;:&quot;&quot;},{&quot;_id&quot;:&quot;5cae4aa&quot;,&quot;slide_image&quot;:{&quot;url&quot;:&quot;https:\\\/\\\/kbf.unsa.ba\\\/wp-content\\\/uploads\\\/2025\\\/11\\\/Ucitelji-mudrosti.jpeg&quot;,&quot;id&quot;:9614,&quot;size&quot;:&quot;&quot;,&quot;alt&quot;:&quot;&quot;,&quot;source&quot;:&quot;library&quot;},&quot;slide_name&quot;:&quot;&quot;,&quot;slide_content&quot;:&quot;&quot;,&quot;slide_button&quot;:&quot;Vi\\u0161e&quot;,&quot;slide_button_link&quot;:{&quot;url&quot;:&quot;https:\\\/\\\/heyzine.com\\\/flip-book\\\/4bf021449d.html&quot;,&quot;is_external&quot;:&quot;&quot;,&quot;nofollow&quot;:&quot;&quot;,&quot;custom_attributes&quot;:&quot;&quot;},&quot;slide_show_image&quot;:&quot;yes&quot;,&quot;type&quot;:&quot;bg_image&quot;,&quot;slide_background_position&quot;:&quot;&quot;,&quot;slide_background_attachment&quot;:&quot;&quot;,&quot;slide_background_repeat&quot;:&quot;&quot;,&quot;slide_background_size&quot;:&quot;&quot;,&quot;slide_bg_color&quot;:null,&quot;slide_show_button&quot;:&quot;yes&quot;,&quot;lightbox&quot;:&quot;&quot;,&quot;lightbox_type&quot;:null,&quot;video&quot;:null,&quot;slide_button_css_id&quot;:&quot;&quot;},{&quot;_id&quot;:&quot;075e72e&quot;,&quot;slide_image&quot;:{&quot;url&quot;:&quot;https:\\\/\\\/kbf.unsa.ba\\\/wp-content\\\/uploads\\\/2025\\\/11\\\/KREPOSTI-I-BOGOSTOVLJE_KORICE.jpg&quot;,&quot;id&quot;:9606,&quot;size&quot;:&quot;&quot;,&quot;alt&quot;:&quot;&quot;,&quot;source&quot;:&quot;library&quot;},&quot;slide_name&quot;:&quot;&quot;,&quot;slide_content&quot;:&quot;&quot;,&quot;slide_button&quot;:&quot;Vi\\u0161e&quot;,&quot;slide_button_link&quot;:{&quot;url&quot;:&quot;https:\\\/\\\/heyzine.com\\\/flip-book\\\/080db28548.html&quot;,&quot;is_external&quot;:&quot;&quot;,&quot;nofollow&quot;:&quot;&quot;,&quot;custom_attributes&quot;:&quot;&quot;},&quot;slide_show_image&quot;:&quot;yes&quot;,&quot;type&quot;:&quot;bg_image&quot;,&quot;slide_background_position&quot;:&quot;&quot;,&quot;slide_background_attachment&quot;:&quot;&quot;,&quot;slide_background_repeat&quot;:&quot;&quot;,&quot;slide_background_size&quot;:&quot;&quot;,&quot;slide_bg_color&quot;:null,&quot;slide_show_button&quot;:&quot;yes&quot;,&quot;lightbox&quot;:&quot;&quot;,&quot;lightbox_type&quot;:null,&quot;video&quot;:null,&quot;slide_button_css_id&quot;:&quot;&quot;},{&quot;_id&quot;:&quot;d688576&quot;,&quot;slide_image&quot;:{&quot;url&quot;:&quot;https:\\\/\\\/kbf.unsa.ba\\\/wp-content\\\/uploads\\\/2025\\\/11\\\/prijedlog-naslovnice-768x1053-1.jpg&quot;,&quot;id&quot;:9607,&quot;size&quot;:&quot;&quot;,&quot;alt&quot;:&quot;&quot;,&quot;source&quot;:&quot;library&quot;},&quot;slide_name&quot;:&quot;&quot;,&quot;slide_content&quot;:&quot;&quot;,&quot;slide_button&quot;:&quot;Vi\\u0161e&quot;,&quot;slide_button_link&quot;:{&quot;url&quot;:&quot;https:\\\/\\\/heyzine.com\\\/flip-book\\\/9aaebbed4c.html&quot;,&quot;is_external&quot;:&quot;&quot;,&quot;nofollow&quot;:&quot;&quot;,&quot;custom_attributes&quot;:&quot;&quot;},&quot;slide_show_image&quot;:&quot;yes&quot;,&quot;type&quot;:&quot;bg_image&quot;,&quot;slide_background_position&quot;:&quot;&quot;,&quot;slide_background_attachment&quot;:&quot;&quot;,&quot;slide_background_repeat&quot;:&quot;&quot;,&quot;slide_background_size&quot;:&quot;&quot;,&quot;slide_bg_color&quot;:null,&quot;slide_show_button&quot;:&quot;yes&quot;,&quot;lightbox&quot;:&quot;&quot;,&quot;lightbox_type&quot;:null,&quot;video&quot;:null,&quot;slide_button_css_id&quot;:&quot;&quot;},{&quot;_id&quot;:&quot;a4982b1&quot;,&quot;slide_image&quot;:{&quot;url&quot;:&quot;https:\\\/\\\/kbf.unsa.ba\\\/wp-content\\\/uploads\\\/2025\\\/11\\\/Soviceva-gramatika.png&quot;,&quot;id&quot;:9608,&quot;size&quot;:&quot;&quot;,&quot;alt&quot;:&quot;&quot;,&quot;source&quot;:&quot;library&quot;},&quot;slide_name&quot;:&quot;&quot;,&quot;slide_content&quot;:&quot;&quot;,&quot;slide_button&quot;:&quot;Vi\\u0161e&quot;,&quot;slide_button_link&quot;:{&quot;url&quot;:&quot;https:\\\/\\\/heyzine.com\\\/flip-book\\\/a56bd01a00.html&quot;,&quot;is_external&quot;:&quot;&quot;,&quot;nofollow&quot;:&quot;&quot;,&quot;custom_attributes&quot;:&quot;&quot;},&quot;slide_show_image&quot;:&quot;yes&quot;,&quot;type&quot;:&quot;bg_image&quot;,&quot;slide_background_position&quot;:&quot;&quot;,&quot;slide_background_attachment&quot;:&quot;&quot;,&quot;slide_background_repeat&quot;:&quot;&quot;,&quot;slide_background_size&quot;:&quot;&quot;,&quot;slide_bg_color&quot;:null,&quot;slide_show_button&quot;:&quot;yes&quot;,&quot;lightbox&quot;:&quot;&quot;,&quot;lightbox_type&quot;:null,&quot;video&quot;:null,&quot;slide_button_css_id&quot;:&quot;&quot;},{&quot;_id&quot;:&quot;a6a2e42&quot;,&quot;slide_image&quot;:{&quot;url&quot;:&quot;https:\\\/\\\/kbf.unsa.ba\\\/wp-content\\\/uploads\\\/2025\\\/10\\\/Duhovna-teologija-razumijevanje-i-praksa.png&quot;,&quot;id&quot;:7997,&quot;size&quot;:&quot;&quot;,&quot;alt&quot;:&quot;&quot;,&quot;source&quot;:&quot;library&quot;},&quot;slide_name&quot;:&quot;&quot;,&quot;slide_content&quot;:&quot;&lt;p&gt;Duhovna teologija&lt;\\\/p&gt;&quot;,&quot;slide_button&quot;:&quot;Vi\\u0161e&quot;,&quot;slide_button_link&quot;:{&quot;url&quot;:&quot;https:\\\/\\\/heyzine.com\\\/flip-book\\\/9dfd65551f.html&quot;,&quot;is_external&quot;:&quot;&quot;,&quot;nofollow&quot;:&quot;&quot;,&quot;custom_attributes&quot;:&quot;&quot;},&quot;slide_show_image&quot;:&quot;yes&quot;,&quot;type&quot;:&quot;bg_image&quot;,&quot;slide_background_position&quot;:&quot;&quot;,&quot;slide_background_attachment&quot;:&quot;&quot;,&quot;slide_background_repeat&quot;:&quot;&quot;,&quot;slide_background_size&quot;:&quot;&quot;,&quot;slide_bg_color&quot;:null,&quot;slide_show_button&quot;:&quot;yes&quot;,&quot;lightbox&quot;:&quot;&quot;,&quot;lightbox_type&quot;:null,&quot;video&quot;:null,&quot;slide_button_css_id&quot;:&quot;&quot;}],&quot;slide_depth&quot;:50,&quot;autoplay_speed&quot;:2000,&quot;slides_to_show_tablet&quot;:&quot;3&quot;,&quot;slider_random&quot;:&quot;no&quot;,&quot;slide_shadows&quot;:&quot;yes&quot;,&quot;slider_loop&quot;:&quot;yes&quot;,&quot;autoplay&quot;:&quot;yes&quot;,&quot;disable_interaction&quot;:&quot;yes&quot;,&quot;navigation&quot;:&quot;dots&quot;}\" data-widget_type=\"testimonials-carousel-coverflow.default\">\n\t\t\t\t<div class=\"elementor-widget-container\">\n\t\t\t\t\t\n      <section class=\"swiper mySwiper mySwiperCoverflow slider-arrows-disabled\">\n        <ul class=\"swiper-wrapper\" role=\"list\">\n                      <li class=\"swiper-slide slider-container-background\">\n              <div class=\"block-shadow slider-container-block-background\"\n                                        style=\"\n                          background-image: url('https:\/\/kbf.unsa.ba\/wp-content\/uploads\/2025\/12\/KOMENTAR-EVANDELJA-I-DJELA-APOSTOLSKIH-10.png');\n                          background-position: ;\n                          background-attachment: ;\n                          background-repeat: ;\n                          background-size: ;\n                          \" >\n                <div class=\" slider-coverflow-wrapper\n              \">\n                  <div>\n                    <h2 class=\"slide-title\">Daniel HARRINGTON<\/h2>\n                    <div class=\"slide-description\"\n                         style=\"line-height: 22px;\"><p><span style=\"font-size: 14px\"><em>Komentar Evan\u0111elja i Djela apostolskih<\/em>, 1997.<\/span><\/p><\/div>\n                  <\/div>\n                                      <div class=\"slide-coverflow-button-wrapper\">\n                      <a id=\"\" class=\"elementor-button slide-coverflow-button elementor-animation-pop\" href=\"https:\/\/heyzine.com\/flip-book\/77f05c488e.html\" target=\"_blank\" rel=\"noopener\">\n                       <span class=\"elementor-button-content-wrapper\">\n                                                  <span class=\"elementor-button-text\">Vi\u0161e<\/span>\n                       <\/span>\n                      <\/a>\n                    <\/div>\n                                  <\/div>\n              <\/div>\n            <\/li>\n                      <li class=\"swiper-slide slider-container-background\">\n              <div class=\"block-shadow slider-container-block-background\"\n                                        style=\"\n                          background-image: url('https:\/\/kbf.unsa.ba\/wp-content\/uploads\/2025\/12\/ESHATOLOGIJA-11.png');\n                          background-position: ;\n                          background-attachment: ;\n                          background-repeat: ;\n                          background-size: ;\n                          \" >\n                <div class=\" slider-coverflow-wrapper\n              \">\n                  <div>\n                    <h2 class=\"slide-title\">C\u00e1ndido POZO<\/h2>\n                    <div class=\"slide-description\"\n                         style=\"line-height: 22px;\"><p><span style=\"font-size: 14px\"><em>Eshatologija<\/em>, 1997.<\/span><\/p><\/div>\n                  <\/div>\n                                      <div class=\"slide-coverflow-button-wrapper\">\n                      <a id=\"\" class=\"elementor-button slide-coverflow-button elementor-animation-pop\" href=\"https:\/\/heyzine.com\/flip-book\/237744aed5.html\" target=\"_blank\" rel=\"noopener\">\n                       <span class=\"elementor-button-content-wrapper\">\n                                                  <span class=\"elementor-button-text\">Vi\u0161e<\/span>\n                       <\/span>\n                      <\/a>\n                    <\/div>\n                                  <\/div>\n              <\/div>\n            <\/li>\n                      <li class=\"swiper-slide slider-container-background\">\n              <div class=\"block-shadow slider-container-block-background\"\n                                        style=\"\n                          background-image: url('https:\/\/kbf.unsa.ba\/wp-content\/uploads\/2025\/12\/DRUSTVENA-TEOLOSKA-ETIKA-12.png');\n                          background-position: ;\n                          background-attachment: ;\n                          background-repeat: ;\n                          background-size: ;\n                          \" >\n                <div class=\" slider-coverflow-wrapper\n              \">\n                  <div>\n                    <h2 class=\"slide-title\">Tomislav JOZI\u0106<\/h2>\n                    <div class=\"slide-description\"\n                         style=\"line-height: 22px;\"><p><span style=\"font-size: 14px\"><em>Dru\u0161tvena teolo\u0161ka etika u svjetlu katoli\u010dke moralne antropologije<\/em>, 2000.<\/span><\/p><\/div>\n                  <\/div>\n                                      <div class=\"slide-coverflow-button-wrapper\">\n                      <a id=\"\" class=\"elementor-button slide-coverflow-button elementor-animation-pop\" href=\"https:\/\/heyzine.com\/flip-book\/c3d0ae3a5b.html\" target=\"_blank\" rel=\"noopener\">\n                       <span class=\"elementor-button-content-wrapper\">\n                                                  <span class=\"elementor-button-text\">Vi\u0161e<\/span>\n                       <\/span>\n                      <\/a>\n                    <\/div>\n                                  <\/div>\n              <\/div>\n            <\/li>\n                      <li class=\"swiper-slide slider-container-background\">\n              <div class=\"block-shadow slider-container-block-background\"\n                                        style=\"\n                          background-image: url('https:\/\/kbf.unsa.ba\/wp-content\/uploads\/2025\/12\/TEMELJI-TEOLOSKE-ETIKE-13.png');\n                          background-position: ;\n                          background-attachment: ;\n                          background-repeat: ;\n                          background-size: ;\n                          \" >\n                <div class=\" slider-coverflow-wrapper\n              \">\n                  <div>\n                    <h2 class=\"slide-title\">Marinko PERKOVI\u0106<\/h2>\n                    <div class=\"slide-description\"\n                         style=\"line-height: 22px;\"><p><span style=\"font-size: 14px\"><em>Temelji teolo\u0161ke etike<\/em>, 2000.<\/span><\/p><\/div>\n                  <\/div>\n                                      <div class=\"slide-coverflow-button-wrapper\">\n                      <a id=\"\" class=\"elementor-button slide-coverflow-button elementor-animation-pop\" href=\"https:\/\/heyzine.com\/flip-book\/e066650a5d.html\" target=\"_blank\" rel=\"noopener\">\n                       <span class=\"elementor-button-content-wrapper\">\n                                                  <span class=\"elementor-button-text\">Vi\u0161e<\/span>\n                       <\/span>\n                      <\/a>\n                    <\/div>\n                                  <\/div>\n              <\/div>\n            <\/li>\n                      <li class=\"swiper-slide slider-container-background\">\n              <div class=\"block-shadow slider-container-block-background\"\n                                        style=\"\n                          background-image: url('https:\/\/kbf.unsa.ba\/wp-content\/uploads\/2025\/12\/SLAVITI-CRKVENU-GODINU-9.png');\n                          background-position: ;\n                          background-attachment: ;\n                          background-repeat: ;\n                          background-size: ;\n                          \" >\n                <div class=\" slider-coverflow-wrapper\n              \">\n                  <div>\n                    <h2 class=\"slide-title\">Adolf ADAM<\/h2>\n                    <div class=\"slide-description\"\n                         style=\"line-height: 22px;\"><p><span style=\"font-size: 14px\"><em>Slaviti crkvenu godinu: povijest i zna\u010denje nakon liturgijske obnove<\/em>, 2003.<\/span><\/p><\/div>\n                  <\/div>\n                                      <div class=\"slide-coverflow-button-wrapper\">\n                      <a id=\"\" class=\"elementor-button slide-coverflow-button elementor-animation-pop\" href=\"https:\/\/heyzine.com\/flip-book\/c99a9a6c8a.html\" target=\"_blank\" rel=\"noopener\">\n                       <span class=\"elementor-button-content-wrapper\">\n                                                  <span class=\"elementor-button-text\">Vi\u0161e<\/span>\n                       <\/span>\n                      <\/a>\n                    <\/div>\n                                  <\/div>\n              <\/div>\n            <\/li>\n                      <li class=\"swiper-slide slider-container-background\">\n              <div class=\"block-shadow slider-container-block-background\"\n                                        style=\"\n                          background-image: url('https:\/\/kbf.unsa.ba\/wp-content\/uploads\/2025\/12\/OSNOVE-NOVOZAVJETNOG-GRCKOG-JEZIKA-11.png');\n                          background-position: ;\n                          background-attachment: ;\n                          background-repeat: ;\n                          background-size: ;\n                          \" >\n                <div class=\" slider-coverflow-wrapper\n              \">\n                  <div>\n                    <h2 class=\"slide-title\">James SWETNAM<\/h2>\n                    <div class=\"slide-description\"\n                         style=\"line-height: 22px;\"><p><span style=\"font-size: 14px\"><em>Osnove novozavjetnoga gr\u010dkog jezika. Dio 1, Morfologija. Sv. 1, Lekcije<\/em>, 2011.<\/span><\/p><\/div>\n                  <\/div>\n                                      <div class=\"slide-coverflow-button-wrapper\">\n                      <a id=\"\" class=\"elementor-button slide-coverflow-button elementor-animation-pop\" href=\"https:\/\/heyzine.com\/flip-book\/bdcb5e1811.html\" target=\"_blank\" rel=\"noopener\">\n                       <span class=\"elementor-button-content-wrapper\">\n                                                  <span class=\"elementor-button-text\">Vi\u0161e<\/span>\n                       <\/span>\n                      <\/a>\n                    <\/div>\n                                  <\/div>\n              <\/div>\n            <\/li>\n                      <li class=\"swiper-slide slider-container-background\">\n              <div class=\"block-shadow slider-container-block-background\"\n                                        style=\"\n                          background-image: url('https:\/\/kbf.unsa.ba\/wp-content\/uploads\/2025\/12\/KOMPENDIJ-KATOLICKE-PNEUMATOLOGIJE.png');\n                          background-position: ;\n                          background-attachment: ;\n                          background-repeat: ;\n                          background-size: ;\n                          \" >\n                <div class=\" slider-coverflow-wrapper\n              \">\n                  <div>\n                    <h2 class=\"slide-title\">Niko IKI\u0106<\/h2>\n                    <div class=\"slide-description\"\n                         style=\"line-height: 22px;\"><p><span style=\"font-size: 14px\"><em>Kompendij katoli\u010dke pneumatologije, mariologije i eshatologije<\/em>, 2011.<\/span><\/p><\/div>\n                  <\/div>\n                                      <div class=\"slide-coverflow-button-wrapper\">\n                      <a id=\"\" class=\"elementor-button slide-coverflow-button elementor-animation-pop\" href=\"https:\/\/heyzine.com\/flip-book\/74380d48e3.html\" target=\"_blank\" rel=\"noopener\">\n                       <span class=\"elementor-button-content-wrapper\">\n                                                  <span class=\"elementor-button-text\">Vi\u0161e<\/span>\n                       <\/span>\n                      <\/a>\n                    <\/div>\n                                  <\/div>\n              <\/div>\n            <\/li>\n                      <li class=\"swiper-slide slider-container-background\">\n              <div class=\"block-shadow slider-container-block-background\"\n                                        style=\"\n                          background-image: url('https:\/\/kbf.unsa.ba\/wp-content\/uploads\/2025\/12\/Bozji-narod-e1765019701778.jpg');\n                          background-position: ;\n                          background-attachment: ;\n                          background-repeat: ;\n                          background-size: ;\n                          \" >\n                <div class=\" slider-coverflow-wrapper\n              \">\n                  <div>\n                    <h2 class=\"slide-title\">Pero PRANJI\u0106<\/h2>\n                    <div class=\"slide-description\"\n                         style=\"line-height: 22px;\"><p><span style=\"font-size: 14px\"><em>Bo\u017eji narod: II. knjiga Zakonika kanonskog prava: kanoni 204-746 sa komentarom<\/em>, 2012.<\/span><\/p><\/div>\n                  <\/div>\n                                      <div class=\"slide-coverflow-button-wrapper\">\n                      <a id=\"\" class=\"elementor-button slide-coverflow-button elementor-animation-pop\" href=\"https:\/\/heyzine.com\/flip-book\/f174fd99d0.html\" target=\"_blank\" rel=\"noopener\">\n                       <span class=\"elementor-button-content-wrapper\">\n                                                  <span class=\"elementor-button-text\">Vi\u0161e<\/span>\n                       <\/span>\n                      <\/a>\n                    <\/div>\n                                  <\/div>\n              <\/div>\n            <\/li>\n                      <li class=\"swiper-slide slider-container-background\">\n              <div class=\"block-shadow slider-container-block-background\"\n                                        style=\"\n                          background-image: url('https:\/\/kbf.unsa.ba\/wp-content\/uploads\/2025\/12\/Teologija-sakramenata-e1765019899594.jpg');\n                          background-position: ;\n                          background-attachment: ;\n                          background-repeat: ;\n                          background-size: ;\n                          \" >\n                <div class=\" slider-coverflow-wrapper\n              \">\n                  <div>\n                    <h2 class=\"slide-title\">Niko IKI\u0106<\/h2>\n                    <div class=\"slide-description\"\n                         style=\"line-height: 22px;\"><p><span style=\"font-size: 14px\"><em>Teologija sakramenata: \"Goru\u0107i grm\" sakramentalne milosti<\/em>, 2012.<\/span><\/p><\/div>\n                  <\/div>\n                                      <div class=\"slide-coverflow-button-wrapper\">\n                      <a id=\"\" class=\"elementor-button slide-coverflow-button elementor-animation-pop\" href=\"https:\/\/heyzine.com\/flip-book\/5d5f93462d.html\" target=\"_blank\" rel=\"noopener\">\n                       <span class=\"elementor-button-content-wrapper\">\n                                                  <span class=\"elementor-button-text\">Vi\u0161e<\/span>\n                       <\/span>\n                      <\/a>\n                    <\/div>\n                                  <\/div>\n              <\/div>\n            <\/li>\n                      <li class=\"swiper-slide slider-container-background\">\n              <div class=\"block-shadow slider-container-block-background\"\n                                        style=\"\n                          background-image: url('https:\/\/kbf.unsa.ba\/wp-content\/uploads\/2025\/12\/Znanstveni-uvod-u-Bibliju-e1765020074935.jpg');\n                          background-position: ;\n                          background-attachment: ;\n                          background-repeat: ;\n                          background-size: ;\n                          \" >\n                <div class=\" slider-coverflow-wrapper\n              \">\n                  <div>\n                    <h2 class=\"slide-title\">Darko TOMA\u0160EVI\u0106 - Marinko ANTOLOVI\u0106 (ur.)<\/h2>\n                    <div class=\"slide-description\"\n                         style=\"line-height: 22px;\"><p><span style=\"font-size: 12px\"><em>Znanstveni uvod u Bibliju: prijevod pojedinih dijelova knjige The New Jerome Biblical Commentary<\/em>, 2012.<\/span><\/p><\/div>\n                  <\/div>\n                                      <div class=\"slide-coverflow-button-wrapper\">\n                      <a id=\"\" class=\"elementor-button slide-coverflow-button elementor-animation-pop\" href=\"https:\/\/heyzine.com\/flip-book\/703cd80fbb.html\" target=\"_blank\" rel=\"noopener\">\n                       <span class=\"elementor-button-content-wrapper\">\n                                                  <span class=\"elementor-button-text\">Vi\u0161e<\/span>\n                       <\/span>\n                      <\/a>\n                    <\/div>\n                                  <\/div>\n              <\/div>\n            <\/li>\n                      <li class=\"swiper-slide slider-container-background\">\n              <div class=\"block-shadow slider-container-block-background\"\n                                        style=\"\n                          background-image: url('https:\/\/kbf.unsa.ba\/wp-content\/uploads\/2025\/11\/Vremenita-dobra.jpeg');\n                          background-position: ;\n                          background-attachment: ;\n                          background-repeat: ;\n                          background-size: ;\n                          \" >\n                <div class=\" slider-coverflow-wrapper\n              \">\n                  <div>\n                    <h2 class=\"slide-title\"><\/h2>\n                    <div class=\"slide-description\"\n                         style=\"line-height: 22px;\"><\/div>\n                  <\/div>\n                                      <div class=\"slide-coverflow-button-wrapper\">\n                      <a id=\"\" class=\"elementor-button slide-coverflow-button elementor-animation-pop\" href=\"https:\/\/heyzine.com\/flip-book\/5a2302f504.html\" target=\"_blank\" rel=\"noopener\">\n                       <span class=\"elementor-button-content-wrapper\">\n                                                  <span class=\"elementor-button-text\">Vi\u0161e<\/span>\n                       <\/span>\n                      <\/a>\n                    <\/div>\n                                  <\/div>\n              <\/div>\n            <\/li>\n                      <li class=\"swiper-slide slider-container-background\">\n              <div class=\"block-shadow slider-container-block-background\"\n                                        style=\"\n                          background-image: url('https:\/\/kbf.unsa.ba\/wp-content\/uploads\/2025\/11\/Posvetiteljska-sluzba.jpeg');\n                          background-position: ;\n                          background-attachment: ;\n                          background-repeat: ;\n                          background-size: ;\n                          \" >\n                <div class=\" slider-coverflow-wrapper\n              \">\n                  <div>\n                    <h2 class=\"slide-title\"><\/h2>\n                    <div class=\"slide-description\"\n                         style=\"line-height: 22px;\"><\/div>\n                  <\/div>\n                                      <div class=\"slide-coverflow-button-wrapper\">\n                      <a id=\"\" class=\"elementor-button slide-coverflow-button elementor-animation-pop\" href=\"https:\/\/heyzine.com\/flip-book\/9b47845e96.html\" target=\"_blank\" rel=\"noopener\">\n                       <span class=\"elementor-button-content-wrapper\">\n                                                  <span class=\"elementor-button-text\">Vi\u0161e<\/span>\n                       <\/span>\n                      <\/a>\n                    <\/div>\n                                  <\/div>\n              <\/div>\n            <\/li>\n                      <li class=\"swiper-slide slider-container-background\">\n              <div class=\"block-shadow slider-container-block-background\"\n                                        style=\"\n                          background-image: url('https:\/\/kbf.unsa.ba\/wp-content\/uploads\/2025\/11\/Uvod-u-drustveni-.jpeg');\n                          background-position: ;\n                          background-attachment: ;\n                          background-repeat: ;\n                          background-size: ;\n                          \" >\n                <div class=\" slider-coverflow-wrapper\n              \">\n                  <div>\n                    <h2 class=\"slide-title\"><\/h2>\n                    <div class=\"slide-description\"\n                         style=\"line-height: 22px;\"><\/div>\n                  <\/div>\n                                      <div class=\"slide-coverflow-button-wrapper\">\n                      <a id=\"\" class=\"elementor-button slide-coverflow-button elementor-animation-pop\" href=\"https:\/\/heyzine.com\/flip-book\/5ad6d133b4.html\" target=\"_blank\" rel=\"noopener\">\n                       <span class=\"elementor-button-content-wrapper\">\n                                                  <span class=\"elementor-button-text\">Vi\u0161e<\/span>\n                       <\/span>\n                      <\/a>\n                    <\/div>\n                                  <\/div>\n              <\/div>\n            <\/li>\n                      <li class=\"swiper-slide slider-container-background\">\n              <div class=\"block-shadow slider-container-block-background\"\n                                        style=\"\n                          background-image: url('https:\/\/kbf.unsa.ba\/wp-content\/uploads\/2025\/11\/Ucitelji-mudrosti.jpeg');\n                          background-position: ;\n                          background-attachment: ;\n                          background-repeat: ;\n                          background-size: ;\n                          \" >\n                <div class=\" slider-coverflow-wrapper\n              \">\n                  <div>\n                    <h2 class=\"slide-title\"><\/h2>\n                    <div class=\"slide-description\"\n                         style=\"line-height: 22px;\"><\/div>\n                  <\/div>\n                                      <div class=\"slide-coverflow-button-wrapper\">\n                      <a id=\"\" class=\"elementor-button slide-coverflow-button elementor-animation-pop\" href=\"https:\/\/heyzine.com\/flip-book\/4bf021449d.html\" target=\"_blank\" rel=\"noopener\">\n                       <span class=\"elementor-button-content-wrapper\">\n                                                  <span class=\"elementor-button-text\">Vi\u0161e<\/span>\n                       <\/span>\n                      <\/a>\n                    <\/div>\n                                  <\/div>\n              <\/div>\n            <\/li>\n                      <li class=\"swiper-slide slider-container-background\">\n              <div class=\"block-shadow slider-container-block-background\"\n                                        style=\"\n                          background-image: url('https:\/\/kbf.unsa.ba\/wp-content\/uploads\/2025\/11\/KREPOSTI-I-BOGOSTOVLJE_KORICE.jpg');\n                          background-position: ;\n                          background-attachment: ;\n                          background-repeat: ;\n                          background-size: ;\n                          \" >\n                <div class=\" slider-coverflow-wrapper\n              \">\n                  <div>\n                    <h2 class=\"slide-title\"><\/h2>\n                    <div class=\"slide-description\"\n                         style=\"line-height: 22px;\"><\/div>\n                  <\/div>\n                                      <div class=\"slide-coverflow-button-wrapper\">\n                      <a id=\"\" class=\"elementor-button slide-coverflow-button elementor-animation-pop\" href=\"https:\/\/heyzine.com\/flip-book\/080db28548.html\" target=\"_blank\" rel=\"noopener\">\n                       <span class=\"elementor-button-content-wrapper\">\n                                                  <span class=\"elementor-button-text\">Vi\u0161e<\/span>\n                       <\/span>\n                      <\/a>\n                    <\/div>\n                                  <\/div>\n              <\/div>\n            <\/li>\n                      <li class=\"swiper-slide slider-container-background\">\n              <div class=\"block-shadow slider-container-block-background\"\n                                        style=\"\n                          background-image: url('https:\/\/kbf.unsa.ba\/wp-content\/uploads\/2025\/11\/prijedlog-naslovnice-768x1053-1.jpg');\n                          background-position: ;\n                          background-attachment: ;\n                          background-repeat: ;\n                          background-size: ;\n                          \" >\n                <div class=\" slider-coverflow-wrapper\n              \">\n                  <div>\n                    <h2 class=\"slide-title\"><\/h2>\n                    <div class=\"slide-description\"\n                         style=\"line-height: 22px;\"><\/div>\n                  <\/div>\n                                      <div class=\"slide-coverflow-button-wrapper\">\n                      <a id=\"\" class=\"elementor-button slide-coverflow-button elementor-animation-pop\" href=\"https:\/\/heyzine.com\/flip-book\/9aaebbed4c.html\" target=\"_blank\" rel=\"noopener\">\n                       <span class=\"elementor-button-content-wrapper\">\n                                                  <span class=\"elementor-button-text\">Vi\u0161e<\/span>\n                       <\/span>\n                      <\/a>\n                    <\/div>\n                                  <\/div>\n              <\/div>\n            <\/li>\n                      <li class=\"swiper-slide slider-container-background\">\n              <div class=\"block-shadow slider-container-block-background\"\n                                        style=\"\n                          background-image: url('https:\/\/kbf.unsa.ba\/wp-content\/uploads\/2025\/11\/Soviceva-gramatika.png');\n                          background-position: ;\n                          background-attachment: ;\n                          background-repeat: ;\n                          background-size: ;\n                          \" >\n                <div class=\" slider-coverflow-wrapper\n              \">\n                  <div>\n                    <h2 class=\"slide-title\"><\/h2>\n                    <div class=\"slide-description\"\n                         style=\"line-height: 22px;\"><\/div>\n                  <\/div>\n                                      <div class=\"slide-coverflow-button-wrapper\">\n                      <a id=\"\" class=\"elementor-button slide-coverflow-button elementor-animation-pop\" href=\"https:\/\/heyzine.com\/flip-book\/a56bd01a00.html\" target=\"_blank\" rel=\"noopener\">\n                       <span class=\"elementor-button-content-wrapper\">\n                                                  <span class=\"elementor-button-text\">Vi\u0161e<\/span>\n                       <\/span>\n                      <\/a>\n                    <\/div>\n                                  <\/div>\n              <\/div>\n            <\/li>\n                      <li class=\"swiper-slide slider-container-background\">\n              <div class=\"block-shadow slider-container-block-background\"\n                                        style=\"\n                          background-image: url('https:\/\/kbf.unsa.ba\/wp-content\/uploads\/2025\/10\/Duhovna-teologija-razumijevanje-i-praksa.png');\n                          background-position: ;\n                          background-attachment: ;\n                          background-repeat: ;\n                          background-size: ;\n                          \" >\n                <div class=\" slider-coverflow-wrapper\n              \">\n                  <div>\n                    <h2 class=\"slide-title\"><\/h2>\n                    <div class=\"slide-description\"\n                         style=\"line-height: 22px;\"><p>Duhovna teologija<\/p><\/div>\n                  <\/div>\n                                      <div class=\"slide-coverflow-button-wrapper\">\n                      <a id=\"\" class=\"elementor-button slide-coverflow-button elementor-animation-pop\" href=\"https:\/\/heyzine.com\/flip-book\/9dfd65551f.html\" target=\"_blank\" rel=\"noopener\">\n                       <span class=\"elementor-button-content-wrapper\">\n                                                  <span class=\"elementor-button-text\">Vi\u0161e<\/span>\n                       <\/span>\n                      <\/a>\n                    <\/div>\n                                  <\/div>\n              <\/div>\n            <\/li>\n                  <\/ul>\n        <div class=\"swiper-coverflow-buttons-block\">\n          <div class=\"swiper-button-prev swiper-coverflow-button-prev\"><\/div>\n          <div class=\"swiper-pagination swiper-coverflow-pagination\"><\/div>\n          <div class=\"swiper-button-next swiper-coverflow-button-next\"><\/div>\n        <\/div>\n      <\/section>\n      \t\t\t\t<\/div>\n\t\t\t\t<\/div>\n\t\t\t\t\t<\/div>\n\t\t\t\t<\/div>\n\t\t<div class=\"elementor-element elementor-element-d4ba341 section-s e-flex e-con-boxed e-con e-parent\" data-id=\"d4ba341\" data-element_type=\"container\" data-e-type=\"container\" data-settings=\"{&quot;background_background&quot;:&quot;classic&quot;}\">\n\t\t\t\t\t<div class=\"e-con-inner\">\n\t\t\t\t<div class=\"elementor-element elementor-element-93f2e6c elementor-invisible elementor-widget elementor-widget-heading\" data-id=\"93f2e6c\" data-element_type=\"widget\" data-e-type=\"widget\" data-settings=\"{&quot;_animation&quot;:&quot;fadeIn&quot;,&quot;_animation_delay&quot;:10}\" data-widget_type=\"heading.default\">\n\t\t\t\t\t<h2 class=\"elementor-heading-title elementor-size-default\">Works Series<\/h2>\t\t\t\t<\/div>\n\t\t\t\t<div class=\"elementor-element elementor-element-c73478e elementor-drop-cap-yes elementor-drop-cap-view-default elementor-invisible elementor-widget elementor-widget-text-editor\" data-id=\"c73478e\" data-element_type=\"widget\" data-e-type=\"widget\" data-settings=\"{&quot;drop_cap&quot;:&quot;yes&quot;,&quot;_animation&quot;:&quot;fadeIn&quot;}\" data-widget_type=\"text-editor.default\">\n\t\t\t\t\t\t\t\t\t<p class=\"my-2 [&amp;+p]:mt-4 [&amp;_strong:has(+br)]:inline-block [&amp;_strong:has(+br)]:pb-2\">The <em><strong>Works<\/strong><\/em> Series compiles original and scholarly works by professors, associates, and researchers, reflecting a broad spectrum of topics in theology, philosophy, social, and religious sciences. Through this series, the Faculty provides a platform for contemporary reflections, dialogue, ecumenical exchange, and interdisciplinary discussions, fostering openness and creativity in the modern interpretation of faith and society. <\/p><p class=\"my-2 [&amp;+p]:mt-4 [&amp;_strong:has(+br)]:inline-block [&amp;_strong:has(+br)]:pb-2\">The published books and studies address various issues of spirituality, culture, history, dialogue, and the relationship between faith and science, promoting thoughtful reflection and community building at the intersection of diverse traditions and cultures. <\/p>\t\t\t\t\t\t\t\t<\/div>\n\t\t\t\t<div class=\"elementor-element elementor-element-898c583 elementor-widget-tablet__width-initial elementor-widget elementor-widget-testimonials-carousel-coverflow\" data-id=\"898c583\" data-element_type=\"widget\" data-e-type=\"widget\" data-settings=\"{&quot;slide&quot;:[{&quot;slide_content&quot;:&quot;&lt;p&gt;&lt;span style=\\&quot;font-size: 14px;\\&quot;&gt;&lt;em&gt;Me\\u0111ureligijski dijalog iz katoli\\u010dke perspektive u Bosni i Hercegovini&lt;\\\/em&gt;, 1998.&lt;\\\/span&gt;&lt;\\\/p&gt;&quot;,&quot;slide_image&quot;:{&quot;url&quot;:&quot;https:\\\/\\\/kbf.unsa.ba\\\/wp-content\\\/uploads\\\/2025\\\/12\\\/MEDURELIGIJSKI-DIJALOG-IZ-KATOLICKE-PERSPEKTIVE-11.png&quot;,&quot;id&quot;:12109,&quot;size&quot;:&quot;&quot;,&quot;alt&quot;:&quot;&quot;,&quot;source&quot;:&quot;library&quot;},&quot;slide_name&quot;:&quot;Mato ZOVKI\\u0106&quot;,&quot;_id&quot;:&quot;802bef1&quot;,&quot;slide_button&quot;:&quot;Vi\\u0161e&quot;,&quot;slide_button_link&quot;:{&quot;url&quot;:&quot;https:\\\/\\\/heyzine.com\\\/flip-book\\\/bd0aaba53e.html&quot;,&quot;is_external&quot;:&quot;&quot;,&quot;nofollow&quot;:&quot;&quot;,&quot;custom_attributes&quot;:&quot;&quot;},&quot;slide_show_image&quot;:&quot;yes&quot;,&quot;type&quot;:&quot;bg_image&quot;,&quot;slide_background_position&quot;:&quot;&quot;,&quot;slide_background_attachment&quot;:&quot;&quot;,&quot;slide_background_repeat&quot;:&quot;&quot;,&quot;slide_background_size&quot;:&quot;&quot;,&quot;slide_bg_color&quot;:null,&quot;slide_show_button&quot;:&quot;yes&quot;,&quot;lightbox&quot;:&quot;&quot;,&quot;lightbox_type&quot;:null,&quot;video&quot;:null,&quot;slide_button_css_id&quot;:&quot;&quot;},{&quot;slide_content&quot;:&quot;&lt;p&gt;&lt;span style=\\&quot;font-size: 14px;\\&quot;&gt;&lt;em&gt;Mi i oni : siguran identitet - pretpostavka susretanja : Miscellanea de oecumenismo&lt;\\\/em&gt;, 2000.&lt;\\\/span&gt;&lt;\\\/p&gt;&quot;,&quot;slide_image&quot;:{&quot;url&quot;:&quot;https:\\\/\\\/kbf.unsa.ba\\\/wp-content\\\/uploads\\\/2025\\\/12\\\/MI-I-ONI-12.png&quot;,&quot;id&quot;:12110,&quot;size&quot;:&quot;&quot;,&quot;alt&quot;:&quot;&quot;,&quot;source&quot;:&quot;library&quot;},&quot;slide_name&quot;:&quot;Tomo VUK\\u0160I\\u0106&quot;,&quot;_id&quot;:&quot;d2f8759&quot;,&quot;slide_button&quot;:&quot;Vi\\u0161e&quot;,&quot;slide_button_link&quot;:{&quot;url&quot;:&quot;https:\\\/\\\/heyzine.com\\\/flip-book\\\/ae792d3fcb.html&quot;,&quot;is_external&quot;:&quot;&quot;,&quot;nofollow&quot;:&quot;&quot;,&quot;custom_attributes&quot;:&quot;&quot;},&quot;slide_show_image&quot;:&quot;yes&quot;,&quot;type&quot;:&quot;bg_image&quot;,&quot;slide_background_position&quot;:&quot;&quot;,&quot;slide_background_attachment&quot;:&quot;&quot;,&quot;slide_background_repeat&quot;:&quot;&quot;,&quot;slide_background_size&quot;:&quot;&quot;,&quot;slide_bg_color&quot;:null,&quot;slide_show_button&quot;:&quot;yes&quot;,&quot;lightbox&quot;:&quot;&quot;,&quot;lightbox_type&quot;:null,&quot;video&quot;:null,&quot;slide_button_css_id&quot;:&quot;&quot;},{&quot;slide_content&quot;:&quot;&lt;p&gt;&lt;span style=\\&quot;font-size: 14px;\\&quot;&gt;&lt;em&gt;Na tragovima odgovornosti : etika u sjeni iskustva&lt;\\\/em&gt;, 2000.&lt;\\\/span&gt;&lt;\\\/p&gt;&quot;,&quot;slide_image&quot;:{&quot;url&quot;:&quot;https:\\\/\\\/kbf.unsa.ba\\\/wp-content\\\/uploads\\\/2025\\\/12\\\/NA-TRAGOVIMA-ODGOVORNOSTI_TJ-10.png&quot;,&quot;id&quot;:12112,&quot;size&quot;:&quot;&quot;,&quot;alt&quot;:&quot;&quot;,&quot;source&quot;:&quot;library&quot;},&quot;slide_name&quot;:&quot;Tomislav JOZI\\u0106&quot;,&quot;_id&quot;:&quot;0b3480b&quot;,&quot;slide_button&quot;:&quot;Vi\\u0161e&quot;,&quot;slide_button_link&quot;:{&quot;url&quot;:&quot;https:\\\/\\\/heyzine.com\\\/flip-book\\\/caf219ccd1.html&quot;,&quot;is_external&quot;:&quot;&quot;,&quot;nofollow&quot;:&quot;&quot;,&quot;custom_attributes&quot;:&quot;&quot;},&quot;slide_show_image&quot;:&quot;yes&quot;,&quot;type&quot;:&quot;bg_image&quot;,&quot;slide_background_position&quot;:&quot;&quot;,&quot;slide_background_attachment&quot;:&quot;&quot;,&quot;slide_background_repeat&quot;:&quot;&quot;,&quot;slide_background_size&quot;:&quot;&quot;,&quot;slide_bg_color&quot;:null,&quot;slide_show_button&quot;:&quot;yes&quot;,&quot;lightbox&quot;:&quot;&quot;,&quot;lightbox_type&quot;:null,&quot;video&quot;:null,&quot;slide_button_css_id&quot;:&quot;&quot;},{&quot;_id&quot;:&quot;f1edbe7&quot;,&quot;slide_name&quot;:&quot;Niko IKI\\u0106&quot;,&quot;slide_content&quot;:&quot;&lt;p&gt;&lt;em&gt;J. J. Strossmayer i crkveno, kulturno i nacionalno jedinstvo&lt;\\\/em&gt;, 2002.&lt;\\\/p&gt;&quot;,&quot;slide_button&quot;:&quot;Vi\\u0161e&quot;,&quot;slide_image&quot;:{&quot;url&quot;:&quot;https:\\\/\\\/kbf.unsa.ba\\\/wp-content\\\/uploads\\\/2025\\\/12\\\/J.-J.-Strossmayer.png&quot;,&quot;id&quot;:12084,&quot;size&quot;:&quot;&quot;,&quot;alt&quot;:&quot;&quot;,&quot;source&quot;:&quot;library&quot;},&quot;slide_button_link&quot;:{&quot;url&quot;:&quot;https:\\\/\\\/heyzine.com\\\/flip-book\\\/7d3a432d38.html&quot;,&quot;is_external&quot;:&quot;&quot;,&quot;nofollow&quot;:&quot;&quot;,&quot;custom_attributes&quot;:&quot;&quot;},&quot;slide_show_image&quot;:&quot;yes&quot;,&quot;type&quot;:&quot;bg_image&quot;,&quot;slide_background_position&quot;:&quot;&quot;,&quot;slide_background_attachment&quot;:&quot;&quot;,&quot;slide_background_repeat&quot;:&quot;&quot;,&quot;slide_background_size&quot;:&quot;&quot;,&quot;slide_bg_color&quot;:null,&quot;slide_show_button&quot;:&quot;yes&quot;,&quot;lightbox&quot;:&quot;&quot;,&quot;lightbox_type&quot;:null,&quot;video&quot;:null,&quot;slide_button_css_id&quot;:&quot;&quot;},{&quot;_id&quot;:&quot;cde4f93&quot;,&quot;slide_name&quot;:&quot;Mato ZOVKI\\u0106&quot;,&quot;slide_button&quot;:&quot;Vi\\u0161e&quot;,&quot;slide_content&quot;:&quot;&lt;p&gt;&lt;span style=\\&quot;font-size: 14px;\\&quot;&gt;&lt;em&gt;Isus u Evan\\u0111elju po Luki&lt;\\\/em&gt;, 2002.&lt;\\\/span&gt;&lt;\\\/p&gt;&quot;,&quot;slide_image&quot;:{&quot;url&quot;:&quot;https:\\\/\\\/kbf.unsa.ba\\\/wp-content\\\/uploads\\\/2025\\\/12\\\/ISUSOVO-EVANDELJE-PO-LUKI_MZ-10.png&quot;,&quot;id&quot;:12082,&quot;size&quot;:&quot;&quot;,&quot;alt&quot;:&quot;&quot;,&quot;source&quot;:&quot;library&quot;},&quot;slide_button_link&quot;:{&quot;url&quot;:&quot;https:\\\/\\\/heyzine.com\\\/flip-book\\\/73701dd1f4.html&quot;,&quot;is_external&quot;:&quot;&quot;,&quot;nofollow&quot;:&quot;&quot;,&quot;custom_attributes&quot;:&quot;&quot;},&quot;slide_show_image&quot;:&quot;yes&quot;,&quot;type&quot;:&quot;bg_image&quot;,&quot;slide_background_position&quot;:&quot;&quot;,&quot;slide_background_attachment&quot;:&quot;&quot;,&quot;slide_background_repeat&quot;:&quot;&quot;,&quot;slide_background_size&quot;:&quot;&quot;,&quot;slide_bg_color&quot;:null,&quot;slide_show_button&quot;:&quot;yes&quot;,&quot;lightbox&quot;:&quot;&quot;,&quot;lightbox_type&quot;:null,&quot;video&quot;:null,&quot;slide_button_css_id&quot;:&quot;&quot;},{&quot;_id&quot;:&quot;c9c9499&quot;,&quot;slide_name&quot;:&quot;Veljko PA\\u0160KVALIN&quot;,&quot;slide_content&quot;:&quot;&lt;p&gt;&lt;span style=\\&quot;font-size: 14px;\\&quot;&gt;&lt;em&gt;Kr\\u0161\\u0107anstvo kasne antike u zale\\u0111u Salone i Narone : arheolo\\u0161ka istra\\u017eivanja kasnoanti\\u010dkog kr\\u0161\\u0107anstva u Bosni i Hercegovini&lt;\\\/em&gt;, 2003.&lt;\\\/span&gt;&lt;\\\/p&gt;&quot;,&quot;slide_button&quot;:&quot;Vi\\u0161e&quot;,&quot;slide_button_link&quot;:{&quot;url&quot;:&quot;https:\\\/\\\/heyzine.com\\\/flip-book\\\/fe7ce05e88.html&quot;,&quot;is_external&quot;:&quot;&quot;,&quot;nofollow&quot;:&quot;&quot;,&quot;custom_attributes&quot;:&quot;&quot;},&quot;slide_image&quot;:{&quot;url&quot;:&quot;https:\\\/\\\/kbf.unsa.ba\\\/wp-content\\\/uploads\\\/2025\\\/12\\\/KRSCANSTVO-KASNE-ANTIKE-9.png&quot;,&quot;id&quot;:12105,&quot;size&quot;:&quot;&quot;,&quot;alt&quot;:&quot;&quot;,&quot;source&quot;:&quot;library&quot;},&quot;slide_show_image&quot;:&quot;yes&quot;,&quot;type&quot;:&quot;bg_image&quot;,&quot;slide_background_position&quot;:&quot;&quot;,&quot;slide_background_attachment&quot;:&quot;&quot;,&quot;slide_background_repeat&quot;:&quot;&quot;,&quot;slide_background_size&quot;:&quot;&quot;,&quot;slide_bg_color&quot;:null,&quot;slide_show_button&quot;:&quot;yes&quot;,&quot;lightbox&quot;:&quot;&quot;,&quot;lightbox_type&quot;:null,&quot;video&quot;:null,&quot;slide_button_css_id&quot;:&quot;&quot;},{&quot;_id&quot;:&quot;92f4c06&quot;,&quot;slide_name&quot;:&quot;Anto ORLOVAC&quot;,&quot;slide_content&quot;:&quot;&lt;p&gt;&lt;span style=\\&quot;font-size: 14px;\\&quot;&gt;&lt;em&gt;U\\u010diteljica \\u017eivota : prilozi iz povijesti Katoli\\u010dke crkve na podru\\u010dju dana\\u0161nje Bosne i Hercegovine&lt;\\\/em&gt;, 2004.&lt;\\\/span&gt;&lt;\\\/p&gt;&quot;,&quot;slide_button&quot;:&quot;Vi\\u0161e&quot;,&quot;slide_button_link&quot;:{&quot;url&quot;:&quot;https:\\\/\\\/heyzine.com\\\/flip-book\\\/7f787f18fd.html&quot;,&quot;is_external&quot;:&quot;&quot;,&quot;nofollow&quot;:&quot;&quot;,&quot;custom_attributes&quot;:&quot;&quot;},&quot;slide_image&quot;:{&quot;url&quot;:&quot;https:\\\/\\\/kbf.unsa.ba\\\/wp-content\\\/uploads\\\/2025\\\/12\\\/UCITELJICA-ZIVOTA-10.png&quot;,&quot;id&quot;:12139,&quot;size&quot;:&quot;&quot;,&quot;alt&quot;:&quot;&quot;,&quot;source&quot;:&quot;library&quot;},&quot;slide_show_image&quot;:&quot;yes&quot;,&quot;type&quot;:&quot;bg_image&quot;,&quot;slide_background_position&quot;:&quot;&quot;,&quot;slide_background_attachment&quot;:&quot;&quot;,&quot;slide_background_repeat&quot;:&quot;&quot;,&quot;slide_background_size&quot;:&quot;&quot;,&quot;slide_bg_color&quot;:null,&quot;slide_show_button&quot;:&quot;yes&quot;,&quot;lightbox&quot;:&quot;&quot;,&quot;lightbox_type&quot;:null,&quot;video&quot;:null,&quot;slide_button_css_id&quot;:&quot;&quot;},{&quot;_id&quot;:&quot;c7865e0&quot;,&quot;slide_name&quot;:&quot;Franjo TOPI\\u0106 (prev. Ilija Perleta)&quot;,&quot;slide_content&quot;:&quot;&lt;p&gt;&lt;span style=\\&quot;font-size: 14px;\\&quot;&gt;&lt;em&gt;\\u010covjek pred objavom Boga : u misli Hansa Ursa von Balthasara&lt;\\\/em&gt;, 2006.&lt;\\\/span&gt;&lt;\\\/p&gt;&quot;,&quot;slide_button&quot;:&quot;Vi\\u0161e&quot;,&quot;slide_button_link&quot;:{&quot;url&quot;:&quot;https:\\\/\\\/heyzine.com\\\/flip-book\\\/3488337e03.html&quot;,&quot;is_external&quot;:&quot;&quot;,&quot;nofollow&quot;:&quot;&quot;,&quot;custom_attributes&quot;:&quot;&quot;},&quot;slide_image&quot;:{&quot;url&quot;:&quot;https:\\\/\\\/kbf.unsa.ba\\\/wp-content\\\/uploads\\\/2025\\\/12\\\/COVJEK-PRED-OBJAVOM-BOGA-12.png&quot;,&quot;id&quot;:12071,&quot;size&quot;:&quot;&quot;,&quot;alt&quot;:&quot;&quot;,&quot;source&quot;:&quot;library&quot;},&quot;slide_show_image&quot;:&quot;yes&quot;,&quot;type&quot;:&quot;bg_image&quot;,&quot;slide_background_position&quot;:&quot;&quot;,&quot;slide_background_attachment&quot;:&quot;&quot;,&quot;slide_background_repeat&quot;:&quot;&quot;,&quot;slide_background_size&quot;:&quot;&quot;,&quot;slide_bg_color&quot;:null,&quot;slide_show_button&quot;:&quot;yes&quot;,&quot;lightbox&quot;:&quot;&quot;,&quot;lightbox_type&quot;:null,&quot;video&quot;:null,&quot;slide_button_css_id&quot;:&quot;&quot;},{&quot;_id&quot;:&quot;0267fae&quot;,&quot;slide_name&quot;:&quot;\\u017deljko PAVI\\u0106&quot;,&quot;slide_content&quot;:&quot;&lt;p&gt;&lt;span style=\\&quot;font-size: 14px;\\&quot;&gt;&lt;em&gt;Philosophia fundamentalis Josipa Stadlera&lt;\\\/em&gt;, 2006.&lt;\\\/span&gt;&lt;\\\/p&gt;&quot;,&quot;slide_button&quot;:&quot;Vi\\u0161e&quot;,&quot;slide_button_link&quot;:{&quot;url&quot;:&quot;https:\\\/\\\/heyzine.com\\\/flip-book\\\/636194ee8f.html&quot;,&quot;is_external&quot;:&quot;&quot;,&quot;nofollow&quot;:&quot;&quot;,&quot;custom_attributes&quot;:&quot;&quot;},&quot;slide_image&quot;:{&quot;url&quot;:&quot;https:\\\/\\\/kbf.unsa.ba\\\/wp-content\\\/uploads\\\/2025\\\/12\\\/PHILOSOPHIA-FUNDAMENTALIS-12.png&quot;,&quot;id&quot;:12119,&quot;size&quot;:&quot;&quot;,&quot;alt&quot;:&quot;&quot;,&quot;source&quot;:&quot;library&quot;},&quot;slide_show_image&quot;:&quot;yes&quot;,&quot;type&quot;:&quot;bg_image&quot;,&quot;slide_background_position&quot;:&quot;&quot;,&quot;slide_background_attachment&quot;:&quot;&quot;,&quot;slide_background_repeat&quot;:&quot;&quot;,&quot;slide_background_size&quot;:&quot;&quot;,&quot;slide_bg_color&quot;:null,&quot;slide_show_button&quot;:&quot;yes&quot;,&quot;lightbox&quot;:&quot;&quot;,&quot;lightbox_type&quot;:null,&quot;video&quot;:null,&quot;slide_button_css_id&quot;:&quot;&quot;},{&quot;_id&quot;:&quot;a5a4808&quot;,&quot;slide_image&quot;:{&quot;url&quot;:&quot;https:\\\/\\\/kbf.unsa.ba\\\/wp-content\\\/uploads\\\/2025\\\/12\\\/PRILOG-TEOLOGIJI-LJUDSKOG-NAPRETKA-11.png&quot;,&quot;id&quot;:12125,&quot;size&quot;:&quot;&quot;,&quot;alt&quot;:&quot;&quot;,&quot;source&quot;:&quot;library&quot;},&quot;slide_name&quot;:&quot;Franjo TOPI\\u0106&quot;,&quot;slide_content&quot;:&quot;&lt;p&gt;&lt;span style=\\&quot;font-size: 14px;\\&quot;&gt;&lt;em&gt;Prilog teologiji ljudskog napretka&lt;\\\/em&gt;, 2008.&lt;\\\/span&gt;&lt;\\\/p&gt;&quot;,&quot;slide_button&quot;:&quot;Vi\\u0161e&quot;,&quot;slide_button_link&quot;:{&quot;url&quot;:&quot;https:\\\/\\\/heyzine.com\\\/flip-book\\\/476cadb100.html&quot;,&quot;is_external&quot;:&quot;&quot;,&quot;nofollow&quot;:&quot;&quot;,&quot;custom_attributes&quot;:&quot;&quot;},&quot;slide_show_image&quot;:&quot;yes&quot;,&quot;type&quot;:&quot;bg_image&quot;,&quot;slide_background_position&quot;:&quot;&quot;,&quot;slide_background_attachment&quot;:&quot;&quot;,&quot;slide_background_repeat&quot;:&quot;&quot;,&quot;slide_background_size&quot;:&quot;&quot;,&quot;slide_bg_color&quot;:null,&quot;slide_show_button&quot;:&quot;yes&quot;,&quot;lightbox&quot;:&quot;&quot;,&quot;lightbox_type&quot;:null,&quot;video&quot;:null,&quot;slide_button_css_id&quot;:&quot;&quot;},{&quot;_id&quot;:&quot;4f5b6a5&quot;,&quot;slide_image&quot;:{&quot;url&quot;:&quot;https:\\\/\\\/kbf.unsa.ba\\\/wp-content\\\/uploads\\\/2025\\\/12\\\/POSLUZITELJ-KRISTA-ISUSA-MEDU-POGANIMA-10.png&quot;,&quot;id&quot;:12120,&quot;size&quot;:&quot;&quot;,&quot;alt&quot;:&quot;&quot;,&quot;source&quot;:&quot;library&quot;},&quot;slide_name&quot;:&quot;Mato ZOVKI\\u0106&quot;,&quot;slide_content&quot;:&quot;&lt;p&gt;&lt;span style=\\&quot;font-size: 14px;\\&quot;&gt;&lt;em&gt;\\&quot;Poslu\\u017eitelj Krista Isusa me\\u0111u poganima\\&quot; : egzegetsko-teolo\\u0161ke studije o Pavlu&lt;\\\/em&gt;, 2008.&lt;\\\/span&gt;&lt;\\\/p&gt;&quot;,&quot;slide_button&quot;:&quot;Vi\\u0161e&quot;,&quot;slide_button_link&quot;:{&quot;url&quot;:&quot;https:\\\/\\\/heyzine.com\\\/flip-book\\\/8f65b561c7.html&quot;,&quot;is_external&quot;:&quot;&quot;,&quot;nofollow&quot;:&quot;&quot;,&quot;custom_attributes&quot;:&quot;&quot;},&quot;slide_show_image&quot;:&quot;yes&quot;,&quot;type&quot;:&quot;bg_image&quot;,&quot;slide_background_position&quot;:&quot;&quot;,&quot;slide_background_attachment&quot;:&quot;&quot;,&quot;slide_background_repeat&quot;:&quot;&quot;,&quot;slide_background_size&quot;:&quot;&quot;,&quot;slide_bg_color&quot;:null,&quot;slide_show_button&quot;:&quot;yes&quot;,&quot;lightbox&quot;:&quot;&quot;,&quot;lightbox_type&quot;:null,&quot;video&quot;:null,&quot;slide_button_css_id&quot;:&quot;&quot;},{&quot;_id&quot;:&quot;7be67f1&quot;,&quot;slide_image&quot;:{&quot;url&quot;:&quot;https:\\\/\\\/kbf.unsa.ba\\\/wp-content\\\/uploads\\\/2025\\\/12\\\/PREMA-MORALNOJ-ZRELOSTI-9.png&quot;,&quot;id&quot;:12123,&quot;size&quot;:&quot;&quot;,&quot;alt&quot;:&quot;&quot;,&quot;source&quot;:&quot;library&quot;},&quot;slide_name&quot;:&quot;Marinko PERKOVI\\u0106&quot;,&quot;slide_content&quot;:&quot;&lt;p&gt;&lt;span style=\\&quot;font-size: 14px;\\&quot;&gt;&lt;em&gt;Prema moralnoj zrelosti&lt;\\\/em&gt;, 2009.&lt;\\\/span&gt;&lt;\\\/p&gt;&quot;,&quot;slide_button&quot;:&quot;Vi\\u0161e&quot;,&quot;slide_button_link&quot;:{&quot;url&quot;:&quot;https:\\\/\\\/heyzine.com\\\/flip-book\\\/df7e7fa007.html&quot;,&quot;is_external&quot;:&quot;&quot;,&quot;nofollow&quot;:&quot;&quot;,&quot;custom_attributes&quot;:&quot;&quot;},&quot;slide_show_image&quot;:&quot;yes&quot;,&quot;type&quot;:&quot;bg_image&quot;,&quot;slide_background_position&quot;:&quot;&quot;,&quot;slide_background_attachment&quot;:&quot;&quot;,&quot;slide_background_repeat&quot;:&quot;&quot;,&quot;slide_background_size&quot;:&quot;&quot;,&quot;slide_bg_color&quot;:null,&quot;slide_show_button&quot;:&quot;yes&quot;,&quot;lightbox&quot;:&quot;&quot;,&quot;lightbox_type&quot;:null,&quot;video&quot;:null,&quot;slide_button_css_id&quot;:&quot;&quot;},{&quot;_id&quot;:&quot;5cae4aa&quot;,&quot;slide_image&quot;:{&quot;url&quot;:&quot;https:\\\/\\\/kbf.unsa.ba\\\/wp-content\\\/uploads\\\/2025\\\/12\\\/Teoloska-poruka-e1765022604280.jpg&quot;,&quot;id&quot;:12171,&quot;size&quot;:&quot;&quot;,&quot;alt&quot;:&quot;&quot;,&quot;source&quot;:&quot;library&quot;},&quot;slide_name&quot;:&quot;Drago \\u017dUPARI\\u0106&quot;,&quot;slide_content&quot;:&quot;&lt;p&gt;&lt;span style=\\&quot;font-size: 14px;\\&quot;&gt;&lt;em&gt;Teolo\\u0161ka poruka u dijalozima Knjige o Tobiji&lt;\\\/em&gt;, 2009.&lt;\\\/span&gt;&lt;\\\/p&gt;&quot;,&quot;slide_button&quot;:&quot;Vi\\u0161e&quot;,&quot;slide_button_link&quot;:{&quot;url&quot;:&quot;https:\\\/\\\/heyzine.com\\\/flip-book\\\/c4f4782e46.html&quot;,&quot;is_external&quot;:&quot;&quot;,&quot;nofollow&quot;:&quot;&quot;,&quot;custom_attributes&quot;:&quot;&quot;},&quot;slide_show_image&quot;:&quot;yes&quot;,&quot;type&quot;:&quot;bg_image&quot;,&quot;slide_background_position&quot;:&quot;&quot;,&quot;slide_background_attachment&quot;:&quot;&quot;,&quot;slide_background_repeat&quot;:&quot;&quot;,&quot;slide_background_size&quot;:&quot;&quot;,&quot;slide_bg_color&quot;:null,&quot;slide_show_button&quot;:&quot;yes&quot;,&quot;lightbox&quot;:&quot;&quot;,&quot;lightbox_type&quot;:null,&quot;video&quot;:null,&quot;slide_button_css_id&quot;:&quot;&quot;},{&quot;_id&quot;:&quot;075e72e&quot;,&quot;slide_image&quot;:{&quot;url&quot;:&quot;https:\\\/\\\/kbf.unsa.ba\\\/wp-content\\\/uploads\\\/2025\\\/11\\\/Zakonita-uporaba-sile-e1765022770615.jpeg&quot;,&quot;id&quot;:10306,&quot;size&quot;:&quot;&quot;,&quot;alt&quot;:&quot;&quot;,&quot;source&quot;:&quot;library&quot;},&quot;slide_name&quot;:&quot;Zdenko SPAJI\\u0106&quot;,&quot;slide_content&quot;:&quot;&lt;p&gt;&lt;span style=\\&quot;font-size: 14px;\\&quot;&gt;&lt;em&gt;Zakonita uporaba sile u u\\u010denju Ivana Pavla II. : tra\\u017eenje novog pristupa za razrje\\u0161enje me\\u0111unarodnih sukoba&lt;\\\/em&gt;, 2013.&lt;\\\/span&gt;&lt;\\\/p&gt;&quot;,&quot;slide_button&quot;:&quot;Vi\\u0161e&quot;,&quot;slide_button_link&quot;:{&quot;url&quot;:&quot;https:\\\/\\\/heyzine.com\\\/flip-book\\\/8454607f41.html&quot;,&quot;is_external&quot;:&quot;&quot;,&quot;nofollow&quot;:&quot;&quot;,&quot;custom_attributes&quot;:&quot;&quot;},&quot;slide_show_image&quot;:&quot;yes&quot;,&quot;type&quot;:&quot;bg_image&quot;,&quot;slide_background_position&quot;:&quot;&quot;,&quot;slide_background_attachment&quot;:&quot;&quot;,&quot;slide_background_repeat&quot;:&quot;&quot;,&quot;slide_background_size&quot;:&quot;&quot;,&quot;slide_bg_color&quot;:null,&quot;slide_show_button&quot;:&quot;yes&quot;,&quot;lightbox&quot;:&quot;&quot;,&quot;lightbox_type&quot;:null,&quot;video&quot;:null,&quot;slide_button_css_id&quot;:&quot;&quot;},{&quot;_id&quot;:&quot;d688576&quot;,&quot;slide_image&quot;:{&quot;url&quot;:&quot;https:\\\/\\\/kbf.unsa.ba\\\/wp-content\\\/uploads\\\/2025\\\/10\\\/Mladi-VN.jpeg&quot;,&quot;id&quot;:8007,&quot;size&quot;:&quot;&quot;,&quot;alt&quot;:&quot;&quot;,&quot;source&quot;:&quot;library&quot;},&quot;slide_name&quot;:&quot;\\u0160imo MAR\\u0160I\\u0106&quot;,&quot;slide_content&quot;:&quot;&lt;p&gt;&lt;span style=\\&quot;font-size: 14px;\\&quot;&gt;&lt;em&gt;Mladi Vrhbosanske nadbiskupije u godini vjere : lai\\u010dki pokreti u slu\\u017ebi nove evangelizacije&lt;\\\/em&gt;, 2013.&lt;\\\/span&gt;&lt;\\\/p&gt;&quot;,&quot;slide_button&quot;:&quot;Vi\\u0161e&quot;,&quot;slide_button_link&quot;:{&quot;url&quot;:&quot;https:\\\/\\\/heyzine.com\\\/flip-book\\\/66fab8ee6f.html&quot;,&quot;is_external&quot;:&quot;&quot;,&quot;nofollow&quot;:&quot;&quot;,&quot;custom_attributes&quot;:&quot;&quot;},&quot;slide_show_image&quot;:&quot;yes&quot;,&quot;type&quot;:&quot;bg_image&quot;,&quot;slide_background_position&quot;:&quot;&quot;,&quot;slide_background_attachment&quot;:&quot;&quot;,&quot;slide_background_repeat&quot;:&quot;&quot;,&quot;slide_background_size&quot;:&quot;&quot;,&quot;slide_bg_color&quot;:null,&quot;slide_show_button&quot;:&quot;yes&quot;,&quot;lightbox&quot;:&quot;&quot;,&quot;lightbox_type&quot;:null,&quot;video&quot;:null,&quot;slide_button_css_id&quot;:&quot;&quot;},{&quot;_id&quot;:&quot;a4982b1&quot;,&quot;slide_image&quot;:{&quot;url&quot;:&quot;https:\\\/\\\/kbf.unsa.ba\\\/wp-content\\\/uploads\\\/2025\\\/10\\\/Iskustvo-svecenickog-poziva.jpeg&quot;,&quot;id&quot;:7999,&quot;size&quot;:&quot;&quot;,&quot;alt&quot;:&quot;&quot;,&quot;source&quot;:&quot;library&quot;},&quot;slide_name&quot;:&quot;Mato ZOVKI\\u0106&quot;,&quot;slide_content&quot;:&quot;&lt;p&gt;&lt;span style=\\&quot;font-size: 14px;\\&quot;&gt;&lt;em&gt;Iskustvo sve\\u0107eni\\u010dkog poziva u Bosni od 1963. do 2013. godine&lt;\\\/em&gt;, 2014.&lt;\\\/span&gt;&lt;\\\/p&gt;&quot;,&quot;slide_button&quot;:&quot;Vi\\u0161e&quot;,&quot;slide_button_link&quot;:{&quot;url&quot;:&quot;https:\\\/\\\/heyzine.com\\\/flip-book\\\/0bd196aace.html&quot;,&quot;is_external&quot;:&quot;&quot;,&quot;nofollow&quot;:&quot;&quot;,&quot;custom_attributes&quot;:&quot;&quot;},&quot;slide_show_image&quot;:&quot;yes&quot;,&quot;type&quot;:&quot;bg_image&quot;,&quot;slide_background_position&quot;:&quot;&quot;,&quot;slide_background_attachment&quot;:&quot;&quot;,&quot;slide_background_repeat&quot;:&quot;&quot;,&quot;slide_background_size&quot;:&quot;&quot;,&quot;slide_bg_color&quot;:null,&quot;slide_show_button&quot;:&quot;yes&quot;,&quot;lightbox&quot;:&quot;&quot;,&quot;lightbox_type&quot;:null,&quot;video&quot;:null,&quot;slide_button_css_id&quot;:&quot;&quot;},{&quot;_id&quot;:&quot;a6a2e42&quot;,&quot;slide_image&quot;:{&quot;url&quot;:&quot;https:\\\/\\\/kbf.unsa.ba\\\/wp-content\\\/uploads\\\/2025\\\/10\\\/Petrovska-sluzba.jpeg&quot;,&quot;id&quot;:8010,&quot;size&quot;:&quot;&quot;,&quot;alt&quot;:&quot;&quot;,&quot;source&quot;:&quot;library&quot;},&quot;slide_name&quot;:&quot;Niko IKI\\u0106&quot;,&quot;slide_content&quot;:&quot;&lt;p&gt;&lt;span style=\\&quot;font-size: 14px;\\&quot;&gt;&lt;em&gt;Petrovska slu\\u017eba : stijena jedinstva i kamen spoticanja : povijesno-teolo\\u0161ki, biblijsko-dogmatski i ekumenski pogledi&lt;\\\/em&gt;, 2015.&lt;\\\/span&gt;&lt;\\\/p&gt;&quot;,&quot;slide_button&quot;:&quot;Vi\\u0161e&quot;,&quot;slide_button_link&quot;:{&quot;url&quot;:&quot;https:\\\/\\\/heyzine.com\\\/flip-book\\\/136f1ad8b2.html&quot;,&quot;is_external&quot;:&quot;&quot;,&quot;nofollow&quot;:&quot;&quot;,&quot;custom_attributes&quot;:&quot;&quot;},&quot;slide_show_image&quot;:&quot;yes&quot;,&quot;type&quot;:&quot;bg_image&quot;,&quot;slide_background_position&quot;:&quot;&quot;,&quot;slide_background_attachment&quot;:&quot;&quot;,&quot;slide_background_repeat&quot;:&quot;&quot;,&quot;slide_background_size&quot;:&quot;&quot;,&quot;slide_bg_color&quot;:null,&quot;slide_show_button&quot;:&quot;yes&quot;,&quot;lightbox&quot;:&quot;&quot;,&quot;lightbox_type&quot;:null,&quot;video&quot;:null,&quot;slide_button_css_id&quot;:&quot;&quot;},{&quot;slide_image&quot;:{&quot;url&quot;:&quot;https:\\\/\\\/kbf.unsa.ba\\\/wp-content\\\/uploads\\\/2025\\\/10\\\/Jakov-Markijski.jpeg&quot;,&quot;id&quot;:8001,&quot;size&quot;:&quot;&quot;,&quot;alt&quot;:&quot;&quot;,&quot;source&quot;:&quot;library&quot;},&quot;slide_name&quot;:&quot;Milenko KRE\\u0160I\\u0106 (ur.)&quot;,&quot;slide_content&quot;:&quot;&lt;p&gt;&lt;span style=\\&quot;font-size: 14px;\\&quot;&gt;&lt;em&gt;Jakov Markijski i njegovo djelovanje u Bosni : zbornik radova&lt;\\\/em&gt;, 2016.&lt;\\\/span&gt;&lt;\\\/p&gt;&quot;,&quot;slide_button&quot;:&quot;Vi\\u0161e&quot;,&quot;slide_button_link&quot;:{&quot;url&quot;:&quot;https:\\\/\\\/heyzine.com\\\/flip-book\\\/15ed9272c8.html&quot;,&quot;is_external&quot;:&quot;&quot;,&quot;nofollow&quot;:&quot;&quot;,&quot;custom_attributes&quot;:&quot;&quot;},&quot;_id&quot;:&quot;acce124&quot;,&quot;slide_show_image&quot;:&quot;yes&quot;,&quot;type&quot;:&quot;bg_image&quot;,&quot;slide_background_position&quot;:&quot;&quot;,&quot;slide_background_attachment&quot;:&quot;&quot;,&quot;slide_background_repeat&quot;:&quot;&quot;,&quot;slide_background_size&quot;:&quot;&quot;,&quot;slide_bg_color&quot;:null,&quot;slide_show_button&quot;:&quot;yes&quot;,&quot;lightbox&quot;:&quot;&quot;,&quot;lightbox_type&quot;:null,&quot;video&quot;:null,&quot;slide_button_css_id&quot;:&quot;&quot;},{&quot;slide_image&quot;:{&quot;url&quot;:&quot;https:\\\/\\\/kbf.unsa.ba\\\/wp-content\\\/uploads\\\/2025\\\/11\\\/Prema-moralnoj-svetosti-2.png&quot;,&quot;id&quot;:10316,&quot;size&quot;:&quot;&quot;,&quot;alt&quot;:&quot;&quot;,&quot;source&quot;:&quot;library&quot;},&quot;slide_name&quot;:&quot;Marinko PERKOVI\\u0106&quot;,&quot;slide_content&quot;:&quot;&lt;p&gt;&lt;span style=\\&quot;font-size: 14px;\\&quot;&gt;&lt;em&gt;Prema moralnoj svetosti&lt;\\\/em&gt;, 2017.&lt;\\\/span&gt;&lt;\\\/p&gt;&quot;,&quot;slide_button&quot;:&quot;Vi\\u0161e&quot;,&quot;slide_button_link&quot;:{&quot;url&quot;:&quot;https:\\\/\\\/heyzine.com\\\/flip-book\\\/cfe6a29d11.html&quot;,&quot;is_external&quot;:&quot;&quot;,&quot;nofollow&quot;:&quot;&quot;,&quot;custom_attributes&quot;:&quot;&quot;},&quot;_id&quot;:&quot;e1622fd&quot;,&quot;slide_show_image&quot;:&quot;yes&quot;,&quot;type&quot;:&quot;bg_image&quot;,&quot;slide_background_position&quot;:&quot;&quot;,&quot;slide_background_attachment&quot;:&quot;&quot;,&quot;slide_background_repeat&quot;:&quot;&quot;,&quot;slide_background_size&quot;:&quot;&quot;,&quot;slide_bg_color&quot;:null,&quot;slide_show_button&quot;:&quot;yes&quot;,&quot;lightbox&quot;:&quot;&quot;,&quot;lightbox_type&quot;:null,&quot;video&quot;:null,&quot;slide_button_css_id&quot;:&quot;&quot;},{&quot;slide_image&quot;:{&quot;url&quot;:&quot;https:\\\/\\\/kbf.unsa.ba\\\/wp-content\\\/uploads\\\/2025\\\/11\\\/Vrijeme-lomova-1.png&quot;,&quot;id&quot;:10317,&quot;size&quot;:&quot;&quot;,&quot;alt&quot;:&quot;&quot;,&quot;source&quot;:&quot;library&quot;},&quot;slide_name&quot;:&quot;Milenko KRE\\u0160I\\u0106&quot;,&quot;slide_content&quot;:&quot;&lt;p&gt;&lt;span style=\\&quot;font-size: 14px;\\&quot;&gt;&lt;em&gt;Vrijeme lomova : katolici jugoisto\\u010dne Hercegovine od 10. do po\\u010detka 17. stolje\\u0107a,&lt;\\\/em&gt; 2017.&lt;\\\/span&gt;&lt;\\\/p&gt;&quot;,&quot;slide_button&quot;:&quot;Vi\\u0161e&quot;,&quot;slide_button_link&quot;:{&quot;url&quot;:&quot;https:\\\/\\\/heyzine.com\\\/flip-book\\\/1e61948587.html&quot;,&quot;is_external&quot;:&quot;&quot;,&quot;nofollow&quot;:&quot;&quot;,&quot;custom_attributes&quot;:&quot;&quot;},&quot;_id&quot;:&quot;6db9bec&quot;,&quot;slide_show_image&quot;:&quot;yes&quot;,&quot;type&quot;:&quot;bg_image&quot;,&quot;slide_background_position&quot;:&quot;&quot;,&quot;slide_background_attachment&quot;:&quot;&quot;,&quot;slide_background_repeat&quot;:&quot;&quot;,&quot;slide_background_size&quot;:&quot;&quot;,&quot;slide_bg_color&quot;:null,&quot;slide_show_button&quot;:&quot;yes&quot;,&quot;lightbox&quot;:&quot;&quot;,&quot;lightbox_type&quot;:null,&quot;video&quot;:null,&quot;slide_button_css_id&quot;:&quot;&quot;},{&quot;slide_image&quot;:{&quot;url&quot;:&quot;https:\\\/\\\/kbf.unsa.ba\\\/wp-content\\\/uploads\\\/2017\\\/07\\\/Franjo-Topic-knjiga-2017-Vjera-i-razum-002-1-e1763998123405.jpg&quot;,&quot;id&quot;:1709,&quot;size&quot;:&quot;&quot;,&quot;alt&quot;:&quot;&quot;,&quot;source&quot;:&quot;library&quot;},&quot;slide_name&quot;:&quot;Franjo TOPI\\u0106&quot;,&quot;slide_content&quot;:&quot;&lt;p&gt;&lt;span style=\\&quot;font-size: 14px;\\&quot;&gt;&lt;em&gt;Vjera i kultura&lt;\\\/em&gt;, 2017.&lt;\\\/span&gt;&lt;\\\/p&gt;&quot;,&quot;slide_button&quot;:&quot;Vi\\u0161e&quot;,&quot;slide_button_link&quot;:{&quot;url&quot;:&quot;https:\\\/\\\/heyzine.com\\\/flip-book\\\/8fc26bb01b.html&quot;,&quot;is_external&quot;:&quot;&quot;,&quot;nofollow&quot;:&quot;&quot;,&quot;custom_attributes&quot;:&quot;&quot;},&quot;_id&quot;:&quot;6029ae5&quot;,&quot;slide_show_image&quot;:&quot;yes&quot;,&quot;type&quot;:&quot;bg_image&quot;,&quot;slide_background_position&quot;:&quot;&quot;,&quot;slide_background_attachment&quot;:&quot;&quot;,&quot;slide_background_repeat&quot;:&quot;&quot;,&quot;slide_background_size&quot;:&quot;&quot;,&quot;slide_bg_color&quot;:null,&quot;slide_show_button&quot;:&quot;yes&quot;,&quot;lightbox&quot;:&quot;&quot;,&quot;lightbox_type&quot;:null,&quot;video&quot;:null,&quot;slide_button_css_id&quot;:&quot;&quot;},{&quot;slide_image&quot;:{&quot;url&quot;:&quot;https:\\\/\\\/kbf.unsa.ba\\\/wp-content\\\/uploads\\\/2025\\\/10\\\/Isusove-parabole.jpeg&quot;,&quot;id&quot;:8000,&quot;size&quot;:&quot;&quot;,&quot;alt&quot;:&quot;&quot;,&quot;source&quot;:&quot;library&quot;},&quot;slide_name&quot;:&quot;Mato ZOVKI\\u0106&quot;,&quot;slide_content&quot;:&quot;&lt;p&gt;&lt;span style=\\&quot;font-size: 14px;\\&quot;&gt;&lt;em&gt;Isusove parabole - slike o kraljevstvu Bo\\u017ejem&lt;\\\/em&gt;, 2018.&lt;\\\/span&gt;&lt;\\\/p&gt;&quot;,&quot;slide_button&quot;:&quot;Vi\\u0161e&quot;,&quot;slide_button_link&quot;:{&quot;url&quot;:&quot;https:\\\/\\\/heyzine.com\\\/flip-book\\\/15debdb442.html&quot;,&quot;is_external&quot;:&quot;&quot;,&quot;nofollow&quot;:&quot;&quot;,&quot;custom_attributes&quot;:&quot;&quot;},&quot;_id&quot;:&quot;7f3e9f6&quot;,&quot;slide_show_image&quot;:&quot;yes&quot;,&quot;type&quot;:&quot;bg_image&quot;,&quot;slide_background_position&quot;:&quot;&quot;,&quot;slide_background_attachment&quot;:&quot;&quot;,&quot;slide_background_repeat&quot;:&quot;&quot;,&quot;slide_background_size&quot;:&quot;&quot;,&quot;slide_bg_color&quot;:null,&quot;slide_show_button&quot;:&quot;yes&quot;,&quot;lightbox&quot;:&quot;&quot;,&quot;lightbox_type&quot;:null,&quot;video&quot;:null,&quot;slide_button_css_id&quot;:&quot;&quot;},{&quot;slide_image&quot;:{&quot;url&quot;:&quot;https:\\\/\\\/kbf.unsa.ba\\\/wp-content\\\/uploads\\\/2025\\\/11\\\/Nasilje.jpeg&quot;,&quot;id&quot;:10324,&quot;size&quot;:&quot;&quot;,&quot;alt&quot;:&quot;&quot;,&quot;source&quot;:&quot;library&quot;},&quot;slide_name&quot;:&quot;Zorica MAROS&quot;,&quot;slide_content&quot;:&quot;&lt;p&gt;&lt;span style=\\&quot;font-size: 14px;\\&quot;&gt;&lt;em&gt;Nasilje u etni\\u010dkim sukobima : etika otpora, odgovornosti i oprosta&lt;\\\/em&gt;, 2018.&lt;\\\/span&gt;&lt;\\\/p&gt;&quot;,&quot;slide_button&quot;:&quot;Vi\\u0161e&quot;,&quot;slide_button_link&quot;:{&quot;url&quot;:&quot;https:\\\/\\\/heyzine.com\\\/flip-book\\\/7fc5beb700.html&quot;,&quot;is_external&quot;:&quot;&quot;,&quot;nofollow&quot;:&quot;&quot;,&quot;custom_attributes&quot;:&quot;&quot;},&quot;_id&quot;:&quot;f289067&quot;,&quot;slide_show_image&quot;:&quot;yes&quot;,&quot;type&quot;:&quot;bg_image&quot;,&quot;slide_background_position&quot;:&quot;&quot;,&quot;slide_background_attachment&quot;:&quot;&quot;,&quot;slide_background_repeat&quot;:&quot;&quot;,&quot;slide_background_size&quot;:&quot;&quot;,&quot;slide_bg_color&quot;:null,&quot;slide_show_button&quot;:&quot;yes&quot;,&quot;lightbox&quot;:&quot;&quot;,&quot;lightbox_type&quot;:null,&quot;video&quot;:null,&quot;slide_button_css_id&quot;:&quot;&quot;},{&quot;slide_image&quot;:{&quot;url&quot;:&quot;https:\\\/\\\/kbf.unsa.ba\\\/wp-content\\\/uploads\\\/2018\\\/11\\\/korice_ARHITEKTURA_hrvatski-1.jpg&quot;,&quot;id&quot;:2741,&quot;size&quot;:&quot;&quot;,&quot;alt&quot;:&quot;&quot;,&quot;source&quot;:&quot;library&quot;},&quot;slide_name&quot;:&quot;Pavle MIJOVI\\u0106&quot;,&quot;slide_content&quot;:&quot;&lt;p&gt;&lt;span style=\\&quot;font-size: 14px;\\&quot;&gt;&lt;em&gt;Arhitektura problema um-tijelo,&lt;\\\/em&gt; 2018.&lt;\\\/span&gt;&lt;\\\/p&gt;&quot;,&quot;slide_button&quot;:&quot;Vi\\u0161e&quot;,&quot;slide_button_link&quot;:{&quot;url&quot;:&quot;https:\\\/\\\/heyzine.com\\\/flip-book\\\/c8ca930f6f.html&quot;,&quot;is_external&quot;:&quot;&quot;,&quot;nofollow&quot;:&quot;&quot;,&quot;custom_attributes&quot;:&quot;&quot;},&quot;_id&quot;:&quot;7b0a40e&quot;,&quot;slide_show_image&quot;:&quot;yes&quot;,&quot;type&quot;:&quot;bg_image&quot;,&quot;slide_background_position&quot;:&quot;&quot;,&quot;slide_background_attachment&quot;:&quot;&quot;,&quot;slide_background_repeat&quot;:&quot;&quot;,&quot;slide_background_size&quot;:&quot;&quot;,&quot;slide_bg_color&quot;:null,&quot;slide_show_button&quot;:&quot;yes&quot;,&quot;lightbox&quot;:&quot;&quot;,&quot;lightbox_type&quot;:null,&quot;video&quot;:null,&quot;slide_button_css_id&quot;:&quot;&quot;},{&quot;slide_image&quot;:{&quot;url&quot;:&quot;https:\\\/\\\/kbf.unsa.ba\\\/wp-content\\\/uploads\\\/2025\\\/11\\\/This-is-not-how.png&quot;,&quot;id&quot;:10332,&quot;size&quot;:&quot;&quot;,&quot;alt&quot;:&quot;&quot;,&quot;source&quot;:&quot;library&quot;},&quot;slide_name&quot;:&quot;Dubravko TURALIJA&quot;,&quot;slide_content&quot;:&quot;&lt;p&gt;&lt;span style=\\&quot;font-size: 14px;\\&quot;&gt;&lt;em&gt;This is not how to do it : Proverbs 30,&lt;\\\/em&gt; 2019.&lt;\\\/span&gt;&lt;\\\/p&gt;&quot;,&quot;slide_button&quot;:&quot;Vi\\u0161e&quot;,&quot;slide_button_link&quot;:{&quot;url&quot;:&quot;https:\\\/\\\/heyzine.com\\\/flip-book\\\/92544b3114.html&quot;,&quot;is_external&quot;:&quot;&quot;,&quot;nofollow&quot;:&quot;&quot;,&quot;custom_attributes&quot;:&quot;&quot;},&quot;_id&quot;:&quot;31f1a25&quot;,&quot;slide_show_image&quot;:&quot;yes&quot;,&quot;type&quot;:&quot;bg_image&quot;,&quot;slide_background_position&quot;:&quot;&quot;,&quot;slide_background_attachment&quot;:&quot;&quot;,&quot;slide_background_repeat&quot;:&quot;&quot;,&quot;slide_background_size&quot;:&quot;&quot;,&quot;slide_bg_color&quot;:null,&quot;slide_show_button&quot;:&quot;yes&quot;,&quot;lightbox&quot;:&quot;&quot;,&quot;lightbox_type&quot;:null,&quot;video&quot;:null,&quot;slide_button_css_id&quot;:&quot;&quot;},{&quot;slide_image&quot;:{&quot;url&quot;:&quot;https:\\\/\\\/kbf.unsa.ba\\\/wp-content\\\/uploads\\\/2025\\\/11\\\/Krizni-put.jpg&quot;,&quot;id&quot;:10338,&quot;size&quot;:&quot;&quot;,&quot;alt&quot;:&quot;&quot;,&quot;source&quot;:&quot;library&quot;},&quot;slide_name&quot;:&quot;Niko IKI\\u0106&quot;,&quot;slide_content&quot;:&quot;&lt;p&gt;&lt;span style=\\&quot;font-size: 14px;\\&quot;&gt;&lt;em&gt;Kri\\u017eni put dijaloga i ekumenizma&lt;\\\/em&gt;, 2019.&lt;\\\/span&gt;&lt;\\\/p&gt;&quot;,&quot;slide_button&quot;:&quot;Vi\\u0161e&quot;,&quot;slide_button_link&quot;:{&quot;url&quot;:&quot;https:\\\/\\\/heyzine.com\\\/flip-book\\\/8ec7d9dbb1.html&quot;,&quot;is_external&quot;:&quot;&quot;,&quot;nofollow&quot;:&quot;&quot;,&quot;custom_attributes&quot;:&quot;&quot;},&quot;_id&quot;:&quot;cb60720&quot;,&quot;slide_show_image&quot;:&quot;yes&quot;,&quot;type&quot;:&quot;bg_image&quot;,&quot;slide_background_position&quot;:&quot;&quot;,&quot;slide_background_attachment&quot;:&quot;&quot;,&quot;slide_background_repeat&quot;:&quot;&quot;,&quot;slide_background_size&quot;:&quot;&quot;,&quot;slide_bg_color&quot;:null,&quot;slide_show_button&quot;:&quot;yes&quot;,&quot;lightbox&quot;:&quot;&quot;,&quot;lightbox_type&quot;:null,&quot;video&quot;:null,&quot;slide_button_css_id&quot;:&quot;&quot;},{&quot;slide_image&quot;:{&quot;url&quot;:&quot;https:\\\/\\\/kbf.unsa.ba\\\/wp-content\\\/uploads\\\/2025\\\/11\\\/Karizmatski-pokreti.jpg&quot;,&quot;id&quot;:10337,&quot;size&quot;:&quot;&quot;,&quot;alt&quot;:&quot;&quot;,&quot;source&quot;:&quot;library&quot;},&quot;slide_name&quot;:&quot;Marinko PERKOVI\\u0106&quot;,&quot;slide_content&quot;:&quot;&lt;p&gt;&lt;span style=\\&quot;font-size: 14px;\\&quot;&gt;&lt;em&gt;Karizmatski pokret : nada ili mo\\u017eda ne\\u0161to drugo za Katoli\\u010dku Crkvu&lt;\\\/em&gt;, 2019.&lt;\\\/span&gt;&lt;\\\/p&gt;&quot;,&quot;slide_button&quot;:&quot;Vi\\u0161e&quot;,&quot;slide_button_link&quot;:{&quot;url&quot;:&quot;https:\\\/\\\/heyzine.com\\\/flip-book\\\/e3a4abdcb3.html&quot;,&quot;is_external&quot;:&quot;&quot;,&quot;nofollow&quot;:&quot;&quot;,&quot;custom_attributes&quot;:&quot;&quot;},&quot;_id&quot;:&quot;f82057d&quot;,&quot;slide_show_image&quot;:&quot;yes&quot;,&quot;type&quot;:&quot;bg_image&quot;,&quot;slide_background_position&quot;:&quot;&quot;,&quot;slide_background_attachment&quot;:&quot;&quot;,&quot;slide_background_repeat&quot;:&quot;&quot;,&quot;slide_background_size&quot;:&quot;&quot;,&quot;slide_bg_color&quot;:null,&quot;slide_show_button&quot;:&quot;yes&quot;,&quot;lightbox&quot;:&quot;&quot;,&quot;lightbox_type&quot;:null,&quot;video&quot;:null,&quot;slide_button_css_id&quot;:&quot;&quot;},{&quot;slide_image&quot;:{&quot;url&quot;:&quot;https:\\\/\\\/kbf.unsa.ba\\\/wp-content\\\/uploads\\\/2025\\\/11\\\/Zivot-ljudi.jpeg&quot;,&quot;id&quot;:10339,&quot;size&quot;:&quot;&quot;,&quot;alt&quot;:&quot;&quot;,&quot;source&quot;:&quot;library&quot;},&quot;slide_name&quot;:&quot;Darko TOMA\\u0160EVI\\u0106&quot;,&quot;slide_content&quot;:&quot;&lt;p&gt;&lt;span style=\\&quot;font-size: 14px;\\&quot;&gt;&lt;em&gt;\\u017divot, ljudi i obi\\u010daji u Bibliji&lt;\\\/em&gt;, 2019.&lt;\\\/span&gt;&lt;\\\/p&gt;&quot;,&quot;slide_button&quot;:&quot;Vi\\u0161e&quot;,&quot;slide_button_link&quot;:{&quot;url&quot;:&quot;https:\\\/\\\/heyzine.com\\\/flip-book\\\/2b3cc6ca8f.html&quot;,&quot;is_external&quot;:&quot;&quot;,&quot;nofollow&quot;:&quot;&quot;,&quot;custom_attributes&quot;:&quot;&quot;},&quot;_id&quot;:&quot;1682f25&quot;,&quot;slide_show_image&quot;:&quot;yes&quot;,&quot;type&quot;:&quot;bg_image&quot;,&quot;slide_background_position&quot;:&quot;&quot;,&quot;slide_background_attachment&quot;:&quot;&quot;,&quot;slide_background_repeat&quot;:&quot;&quot;,&quot;slide_background_size&quot;:&quot;&quot;,&quot;slide_bg_color&quot;:null,&quot;slide_show_button&quot;:&quot;yes&quot;,&quot;lightbox&quot;:&quot;&quot;,&quot;lightbox_type&quot;:null,&quot;video&quot;:null,&quot;slide_button_css_id&quot;:&quot;&quot;},{&quot;slide_image&quot;:{&quot;url&quot;:&quot;https:\\\/\\\/kbf.unsa.ba\\\/wp-content\\\/uploads\\\/2025\\\/10\\\/Nadbiskup-stadler-i-financije.jpeg&quot;,&quot;id&quot;:8008,&quot;size&quot;:&quot;&quot;,&quot;alt&quot;:&quot;&quot;,&quot;source&quot;:&quot;library&quot;},&quot;slide_name&quot;:&quot;Milenko KRE\\u0160I\\u0106&quot;,&quot;slide_content&quot;:&quot;&lt;p&gt;&lt;span style=\\&quot;font-size: 14px;\\&quot;&gt;&lt;em&gt;Nadbiskup Stadler i financije : gradnje, nekretnine i poslovi&lt;\\\/em&gt;, 2021.&lt;\\\/span&gt;&lt;\\\/p&gt;&quot;,&quot;slide_button&quot;:&quot;Vi\\u0161e&quot;,&quot;slide_button_link&quot;:{&quot;url&quot;:&quot;https:\\\/\\\/heyzine.com\\\/flip-book\\\/703f6c66f4.html&quot;,&quot;is_external&quot;:&quot;&quot;,&quot;nofollow&quot;:&quot;&quot;,&quot;custom_attributes&quot;:&quot;&quot;},&quot;_id&quot;:&quot;cf7edc5&quot;,&quot;slide_show_image&quot;:&quot;yes&quot;,&quot;type&quot;:&quot;bg_image&quot;,&quot;slide_background_position&quot;:&quot;&quot;,&quot;slide_background_attachment&quot;:&quot;&quot;,&quot;slide_background_repeat&quot;:&quot;&quot;,&quot;slide_background_size&quot;:&quot;&quot;,&quot;slide_bg_color&quot;:null,&quot;slide_show_button&quot;:&quot;yes&quot;,&quot;lightbox&quot;:&quot;&quot;,&quot;lightbox_type&quot;:null,&quot;video&quot;:null,&quot;slide_button_css_id&quot;:&quot;&quot;},{&quot;slide_image&quot;:{&quot;url&quot;:&quot;https:\\\/\\\/kbf.unsa.ba\\\/wp-content\\\/uploads\\\/2025\\\/11\\\/Aabeceda-mladih.jpg&quot;,&quot;id&quot;:10344,&quot;size&quot;:&quot;&quot;,&quot;alt&quot;:&quot;&quot;,&quot;source&quot;:&quot;library&quot;},&quot;slide_name&quot;:&quot;\\u0160imo MAR\\u0160I\\u0106 - Renata VRDOLJAK&quot;,&quot;slide_content&quot;:&quot;&lt;p&gt;&lt;span style=\\&quot;font-size: 14px;\\&quot;&gt;&lt;em&gt;Aabeceda mladih BiH : biti mlada osoba : stavovi i problemi mladih te na\\u010dini suo\\u010davanja s problemima odrastanja&lt;\\\/em&gt;, 2021.&lt;\\\/span&gt;&lt;\\\/p&gt;&quot;,&quot;slide_button&quot;:&quot;Vi\\u0161e&quot;,&quot;_id&quot;:&quot;a001f48&quot;,&quot;slide_show_image&quot;:&quot;yes&quot;,&quot;type&quot;:&quot;bg_image&quot;,&quot;slide_background_position&quot;:&quot;&quot;,&quot;slide_background_attachment&quot;:&quot;&quot;,&quot;slide_background_repeat&quot;:&quot;&quot;,&quot;slide_background_size&quot;:&quot;&quot;,&quot;slide_bg_color&quot;:null,&quot;slide_show_button&quot;:&quot;yes&quot;,&quot;lightbox&quot;:&quot;&quot;,&quot;lightbox_type&quot;:null,&quot;video&quot;:null,&quot;slide_button_link&quot;:{&quot;url&quot;:&quot;&quot;,&quot;is_external&quot;:&quot;&quot;,&quot;nofollow&quot;:&quot;&quot;,&quot;custom_attributes&quot;:&quot;&quot;},&quot;slide_button_css_id&quot;:&quot;&quot;},{&quot;slide_image&quot;:{&quot;url&quot;:&quot;https:\\\/\\\/kbf.unsa.ba\\\/wp-content\\\/uploads\\\/2025\\\/11\\\/Jakovljeva-poslanica.jpg&quot;,&quot;id&quot;:10349,&quot;size&quot;:&quot;&quot;,&quot;alt&quot;:&quot;&quot;,&quot;source&quot;:&quot;library&quot;},&quot;slide_name&quot;:&quot;Mato ZOVKI\\u0106&quot;,&quot;slide_content&quot;:&quot;&lt;p&gt;&lt;span style=\\&quot;font-size: 14px;\\&quot;&gt;&lt;em&gt;Jakovljeva poslanica : prijevod i komentar,&lt;\\\/em&gt; 2021.&lt;\\\/span&gt;&lt;\\\/p&gt;&quot;,&quot;slide_button&quot;:&quot;Vi\\u0161e&quot;,&quot;slide_button_link&quot;:{&quot;url&quot;:&quot;https:\\\/\\\/heyzine.com\\\/flip-book\\\/d501ed8efa.html&quot;,&quot;is_external&quot;:&quot;&quot;,&quot;nofollow&quot;:&quot;&quot;,&quot;custom_attributes&quot;:&quot;&quot;},&quot;_id&quot;:&quot;5f0f7a6&quot;,&quot;slide_show_image&quot;:&quot;yes&quot;,&quot;type&quot;:&quot;bg_image&quot;,&quot;slide_background_position&quot;:&quot;&quot;,&quot;slide_background_attachment&quot;:&quot;&quot;,&quot;slide_background_repeat&quot;:&quot;&quot;,&quot;slide_background_size&quot;:&quot;&quot;,&quot;slide_bg_color&quot;:null,&quot;slide_show_button&quot;:&quot;yes&quot;,&quot;lightbox&quot;:&quot;&quot;,&quot;lightbox_type&quot;:null,&quot;video&quot;:null,&quot;slide_button_css_id&quot;:&quot;&quot;},{&quot;slide_image&quot;:{&quot;url&quot;:&quot;https:\\\/\\\/kbf.unsa.ba\\\/wp-content\\\/uploads\\\/2025\\\/11\\\/KC-u-Makedoniji.jpg&quot;,&quot;id&quot;:10354,&quot;size&quot;:&quot;&quot;,&quot;alt&quot;:&quot;&quot;,&quot;source&quot;:&quot;library&quot;},&quot;slide_name&quot;:&quot;Milenko KRE\\u0160I\\u0106 (ur.)&quot;,&quot;slide_content&quot;:&quot;&lt;p&gt;&lt;span style=\\&quot;font-size: 14px;\\&quot;&gt;&lt;em&gt;Katoli\\u010dka Crkva u Makedoniji kroz povijest : zbornik radova : radovi s me\\u0111unarodnog znanstvenog skupa odr\\u017eanog u Skopju 10. studenoga&lt;\\\/em&gt;, 2021.&lt;\\\/span&gt;&lt;\\\/p&gt;&quot;,&quot;slide_button&quot;:&quot;Vi\\u0161e&quot;,&quot;slide_button_link&quot;:{&quot;url&quot;:&quot;https:\\\/\\\/heyzine.com\\\/flip-book\\\/de3669ed5c.html&quot;,&quot;is_external&quot;:&quot;&quot;,&quot;nofollow&quot;:&quot;&quot;,&quot;custom_attributes&quot;:&quot;&quot;},&quot;_id&quot;:&quot;a07ca6b&quot;,&quot;slide_show_image&quot;:&quot;yes&quot;,&quot;type&quot;:&quot;bg_image&quot;,&quot;slide_background_position&quot;:&quot;&quot;,&quot;slide_background_attachment&quot;:&quot;&quot;,&quot;slide_background_repeat&quot;:&quot;&quot;,&quot;slide_background_size&quot;:&quot;&quot;,&quot;slide_bg_color&quot;:null,&quot;slide_show_button&quot;:&quot;yes&quot;,&quot;lightbox&quot;:&quot;&quot;,&quot;lightbox_type&quot;:null,&quot;video&quot;:null,&quot;slide_button_css_id&quot;:&quot;&quot;},{&quot;slide_image&quot;:{&quot;url&quot;:&quot;https:\\\/\\\/kbf.unsa.ba\\\/wp-content\\\/uploads\\\/2025\\\/10\\\/Epistolografija.jpeg&quot;,&quot;id&quot;:8019,&quot;size&quot;:&quot;&quot;,&quot;alt&quot;:&quot;&quot;,&quot;source&quot;:&quot;library&quot;},&quot;slide_name&quot;:&quot;Drago \\u017dUPARI\\u0106&quot;,&quot;slide_content&quot;:&quot;&lt;p&gt;&lt;span style=\\&quot;font-size: 14px;\\&quot;&gt;&lt;em&gt;Epistolografija u rimskoj knji\\u017eevnosti&lt;\\\/em&gt;, 2022.&lt;\\\/span&gt;&lt;\\\/p&gt;&quot;,&quot;slide_button&quot;:&quot;Vi\\u0161e&quot;,&quot;slide_button_link&quot;:{&quot;url&quot;:&quot;https:\\\/\\\/heyzine.com\\\/flip-book\\\/065f7944af.html&quot;,&quot;is_external&quot;:&quot;&quot;,&quot;nofollow&quot;:&quot;&quot;,&quot;custom_attributes&quot;:&quot;&quot;},&quot;_id&quot;:&quot;35c6b24&quot;,&quot;slide_show_image&quot;:&quot;yes&quot;,&quot;type&quot;:&quot;bg_image&quot;,&quot;slide_background_position&quot;:&quot;&quot;,&quot;slide_background_attachment&quot;:&quot;&quot;,&quot;slide_background_repeat&quot;:&quot;&quot;,&quot;slide_background_size&quot;:&quot;&quot;,&quot;slide_bg_color&quot;:null,&quot;slide_show_button&quot;:&quot;yes&quot;,&quot;lightbox&quot;:&quot;&quot;,&quot;lightbox_type&quot;:null,&quot;video&quot;:null,&quot;slide_button_css_id&quot;:&quot;&quot;},{&quot;slide_image&quot;:{&quot;url&quot;:&quot;https:\\\/\\\/kbf.unsa.ba\\\/wp-content\\\/uploads\\\/2025\\\/10\\\/BOG-JEZIK-I-VJERA_KORICE.jpg&quot;,&quot;id&quot;:7996,&quot;size&quot;:&quot;&quot;,&quot;alt&quot;:&quot;&quot;,&quot;source&quot;:&quot;library&quot;},&quot;slide_name&quot;:&quot;Mario BERNADI\\u0106&quot;,&quot;slide_content&quot;:&quot;&lt;p&gt;&lt;span style=\\&quot;font-size: 14px;\\&quot;&gt;&lt;em&gt;Bog, jezik i vjera : mali ogledi iz sistematske teologije&lt;\\\/em&gt;, 2022.&lt;\\\/span&gt;&lt;\\\/p&gt;&quot;,&quot;slide_button&quot;:&quot;Vi\\u0161e&quot;,&quot;slide_button_link&quot;:{&quot;url&quot;:&quot;https:\\\/\\\/heyzine.com\\\/flip-book\\\/b93cf7aea1.html&quot;,&quot;is_external&quot;:&quot;&quot;,&quot;nofollow&quot;:&quot;&quot;,&quot;custom_attributes&quot;:&quot;&quot;},&quot;_id&quot;:&quot;9cdebc6&quot;,&quot;slide_show_image&quot;:&quot;yes&quot;,&quot;type&quot;:&quot;bg_image&quot;,&quot;slide_background_position&quot;:&quot;&quot;,&quot;slide_background_attachment&quot;:&quot;&quot;,&quot;slide_background_repeat&quot;:&quot;&quot;,&quot;slide_background_size&quot;:&quot;&quot;,&quot;slide_bg_color&quot;:null,&quot;slide_show_button&quot;:&quot;yes&quot;,&quot;lightbox&quot;:&quot;&quot;,&quot;lightbox_type&quot;:null,&quot;video&quot;:null,&quot;slide_button_css_id&quot;:&quot;&quot;},{&quot;slide_image&quot;:{&quot;url&quot;:&quot;https:\\\/\\\/kbf.unsa.ba\\\/wp-content\\\/uploads\\\/2025\\\/10\\\/il-servo-di-dio.jpg&quot;,&quot;id&quot;:7998,&quot;size&quot;:&quot;&quot;,&quot;alt&quot;:&quot;&quot;,&quot;source&quot;:&quot;library&quot;},&quot;slide_name&quot;:&quot;Milenko KRE\\u0160I\\u0106&quot;,&quot;slide_content&quot;:&quot;&lt;p&gt;&lt;span style=\\&quot;font-size: 14px;\\&quot;&gt;&lt;em&gt;Il Servo di Dio Josip Stadler, primo Arcivescovo di Vrhbosna&lt;\\\/em&gt;, 2023.&lt;\\\/span&gt;&lt;\\\/p&gt;&quot;,&quot;slide_button&quot;:&quot;Vi\\u0161e&quot;,&quot;_id&quot;:&quot;9b5f8c5&quot;,&quot;slide_button_link&quot;:{&quot;url&quot;:&quot;https:\\\/\\\/heyzine.com\\\/flip-book\\\/bbf708ce75.html&quot;,&quot;is_external&quot;:&quot;&quot;,&quot;nofollow&quot;:&quot;&quot;,&quot;custom_attributes&quot;:&quot;&quot;},&quot;slide_show_image&quot;:&quot;yes&quot;,&quot;type&quot;:&quot;bg_image&quot;,&quot;slide_background_position&quot;:&quot;&quot;,&quot;slide_background_attachment&quot;:&quot;&quot;,&quot;slide_background_repeat&quot;:&quot;&quot;,&quot;slide_background_size&quot;:&quot;&quot;,&quot;slide_bg_color&quot;:null,&quot;slide_show_button&quot;:&quot;yes&quot;,&quot;lightbox&quot;:&quot;&quot;,&quot;lightbox_type&quot;:null,&quot;video&quot;:null,&quot;slide_button_css_id&quot;:&quot;&quot;},{&quot;slide_image&quot;:{&quot;url&quot;:&quot;https:\\\/\\\/kbf.unsa.ba\\\/wp-content\\\/uploads\\\/2025\\\/10\\\/Knjiga-o-Tobiji.jpeg&quot;,&quot;id&quot;:8003,&quot;size&quot;:&quot;&quot;,&quot;alt&quot;:&quot;&quot;,&quot;source&quot;:&quot;library&quot;},&quot;slide_name&quot;:&quot;Mato ZOVKI\\u0106&quot;,&quot;slide_content&quot;:&quot;&lt;p&gt;&lt;span style=\\&quot;font-size: 14px;\\&quot;&gt;&lt;em&gt;Knjiga o Tobiji : prijevod i komentar, 2024&lt;\\\/em&gt;.&lt;\\\/span&gt;&lt;\\\/p&gt;&quot;,&quot;slide_button&quot;:&quot;Vi\\u0161e&quot;,&quot;slide_button_link&quot;:{&quot;url&quot;:&quot;https:\\\/\\\/heyzine.com\\\/flip-book\\\/f981eb393b.html&quot;,&quot;is_external&quot;:&quot;&quot;,&quot;nofollow&quot;:&quot;&quot;,&quot;custom_attributes&quot;:&quot;&quot;},&quot;_id&quot;:&quot;80cf71a&quot;,&quot;slide_show_image&quot;:&quot;yes&quot;,&quot;type&quot;:&quot;bg_image&quot;,&quot;slide_background_position&quot;:&quot;&quot;,&quot;slide_background_attachment&quot;:&quot;&quot;,&quot;slide_background_repeat&quot;:&quot;&quot;,&quot;slide_background_size&quot;:&quot;&quot;,&quot;slide_bg_color&quot;:null,&quot;slide_show_button&quot;:&quot;yes&quot;,&quot;lightbox&quot;:&quot;&quot;,&quot;lightbox_type&quot;:null,&quot;video&quot;:null,&quot;slide_button_css_id&quot;:&quot;&quot;},{&quot;slide_image&quot;:{&quot;url&quot;:&quot;https:\\\/\\\/kbf.unsa.ba\\\/wp-content\\\/uploads\\\/2025\\\/10\\\/korice_neokalcedonskaBiH_hrbat-14.jpg&quot;,&quot;id&quot;:8004,&quot;size&quot;:&quot;&quot;,&quot;alt&quot;:&quot;&quot;,&quot;source&quot;:&quot;library&quot;},&quot;slide_name&quot;:&quot;Josip KNE\\u017dEVI\\u0106&quot;,&quot;slide_content&quot;:&quot;&lt;p&gt;&lt;span style=\\&quot;font-size: 14px;\\&quot;&gt;Neokalcedonska kristologija Leoncija Jeruzalemskog, 2024.&lt;\\\/span&gt;&lt;\\\/p&gt;&quot;,&quot;slide_button&quot;:&quot;Vi\\u0161e&quot;,&quot;slide_button_link&quot;:{&quot;url&quot;:&quot;https:\\\/\\\/heyzine.com\\\/flip-book\\\/8759a63f80.html&quot;,&quot;is_external&quot;:&quot;&quot;,&quot;nofollow&quot;:&quot;&quot;,&quot;custom_attributes&quot;:&quot;&quot;},&quot;_id&quot;:&quot;3a9b64f&quot;,&quot;slide_show_image&quot;:&quot;yes&quot;,&quot;type&quot;:&quot;bg_image&quot;,&quot;slide_background_position&quot;:&quot;&quot;,&quot;slide_background_attachment&quot;:&quot;&quot;,&quot;slide_background_repeat&quot;:&quot;&quot;,&quot;slide_background_size&quot;:&quot;&quot;,&quot;slide_bg_color&quot;:null,&quot;slide_show_button&quot;:&quot;yes&quot;,&quot;lightbox&quot;:&quot;&quot;,&quot;lightbox_type&quot;:null,&quot;video&quot;:null,&quot;slide_button_css_id&quot;:&quot;&quot;}],&quot;slide_depth&quot;:50,&quot;autoplay_speed&quot;:2000,&quot;slides_to_show_tablet&quot;:&quot;3&quot;,&quot;slider_random&quot;:&quot;no&quot;,&quot;slide_shadows&quot;:&quot;yes&quot;,&quot;slider_loop&quot;:&quot;yes&quot;,&quot;autoplay&quot;:&quot;yes&quot;,&quot;disable_interaction&quot;:&quot;yes&quot;,&quot;navigation&quot;:&quot;dots&quot;}\" data-widget_type=\"testimonials-carousel-coverflow.default\">\n\t\t\t\t<div class=\"elementor-widget-container\">\n\t\t\t\t\t\n      <section class=\"swiper mySwiper mySwiperCoverflow slider-arrows-disabled\">\n        <ul class=\"swiper-wrapper\" role=\"list\">\n                      <li class=\"swiper-slide slider-container-background\">\n              <div class=\"block-shadow slider-container-block-background\"\n                                        style=\"\n                          background-image: url('https:\/\/kbf.unsa.ba\/wp-content\/uploads\/2025\/12\/MEDURELIGIJSKI-DIJALOG-IZ-KATOLICKE-PERSPEKTIVE-11.png');\n                          background-position: ;\n                          background-attachment: ;\n                          background-repeat: ;\n                          background-size: ;\n                          \" >\n                <div class=\" slider-coverflow-wrapper\n              \">\n                  <div>\n                    <h2 class=\"slide-title\">Mato ZOVKI\u0106<\/h2>\n                    <div class=\"slide-description\"\n                         style=\"line-height: 22px;\"><p><span style=\"font-size: 14px\"><em>Me\u0111ureligijski dijalog iz katoli\u010dke perspektive u Bosni i Hercegovini<\/em>, 1998.<\/span><\/p><\/div>\n                  <\/div>\n                                      <div class=\"slide-coverflow-button-wrapper\">\n                      <a id=\"\" class=\"elementor-button slide-coverflow-button elementor-animation-pop\" href=\"https:\/\/heyzine.com\/flip-book\/bd0aaba53e.html\" target=\"_blank\" rel=\"noopener\">\n                       <span class=\"elementor-button-content-wrapper\">\n                                                  <span class=\"elementor-button-text\">Vi\u0161e<\/span>\n                       <\/span>\n                      <\/a>\n                    <\/div>\n                                  <\/div>\n              <\/div>\n            <\/li>\n                      <li class=\"swiper-slide slider-container-background\">\n              <div class=\"block-shadow slider-container-block-background\"\n                                        style=\"\n                          background-image: url('https:\/\/kbf.unsa.ba\/wp-content\/uploads\/2025\/12\/MI-I-ONI-12.png');\n                          background-position: ;\n                          background-attachment: ;\n                          background-repeat: ;\n                          background-size: ;\n                          \" >\n                <div class=\" slider-coverflow-wrapper\n              \">\n                  <div>\n                    <h2 class=\"slide-title\">Tomo VUK\u0160I\u0106<\/h2>\n                    <div class=\"slide-description\"\n                         style=\"line-height: 22px;\"><p><span style=\"font-size: 14px\"><em>Mi i oni : siguran identitet - pretpostavka susretanja : Miscellanea de oecumenismo<\/em>, 2000.<\/span><\/p><\/div>\n                  <\/div>\n                                      <div class=\"slide-coverflow-button-wrapper\">\n                      <a id=\"\" class=\"elementor-button slide-coverflow-button elementor-animation-pop\" href=\"https:\/\/heyzine.com\/flip-book\/ae792d3fcb.html\" target=\"_blank\" rel=\"noopener\">\n                       <span class=\"elementor-button-content-wrapper\">\n                                                  <span class=\"elementor-button-text\">Vi\u0161e<\/span>\n                       <\/span>\n                      <\/a>\n                    <\/div>\n                                  <\/div>\n              <\/div>\n            <\/li>\n                      <li class=\"swiper-slide slider-container-background\">\n              <div class=\"block-shadow slider-container-block-background\"\n                                        style=\"\n                          background-image: url('https:\/\/kbf.unsa.ba\/wp-content\/uploads\/2025\/12\/NA-TRAGOVIMA-ODGOVORNOSTI_TJ-10.png');\n                          background-position: ;\n                          background-attachment: ;\n                          background-repeat: ;\n                          background-size: ;\n                          \" >\n                <div class=\" slider-coverflow-wrapper\n              \">\n                  <div>\n                    <h2 class=\"slide-title\">Tomislav JOZI\u0106<\/h2>\n                    <div class=\"slide-description\"\n                         style=\"line-height: 22px;\"><p><span style=\"font-size: 14px\"><em>Na tragovima odgovornosti : etika u sjeni iskustva<\/em>, 2000.<\/span><\/p><\/div>\n                  <\/div>\n                                      <div class=\"slide-coverflow-button-wrapper\">\n                      <a id=\"\" class=\"elementor-button slide-coverflow-button elementor-animation-pop\" href=\"https:\/\/heyzine.com\/flip-book\/caf219ccd1.html\" target=\"_blank\" rel=\"noopener\">\n                       <span class=\"elementor-button-content-wrapper\">\n                                                  <span class=\"elementor-button-text\">Vi\u0161e<\/span>\n                       <\/span>\n                      <\/a>\n                    <\/div>\n                                  <\/div>\n              <\/div>\n            <\/li>\n                      <li class=\"swiper-slide slider-container-background\">\n              <div class=\"block-shadow slider-container-block-background\"\n                                        style=\"\n                          background-image: url('https:\/\/kbf.unsa.ba\/wp-content\/uploads\/2025\/12\/J.-J.-Strossmayer.png');\n                          background-position: ;\n                          background-attachment: ;\n                          background-repeat: ;\n                          background-size: ;\n                          \" >\n                <div class=\" slider-coverflow-wrapper\n              \">\n                  <div>\n                    <h2 class=\"slide-title\">Niko IKI\u0106<\/h2>\n                    <div class=\"slide-description\"\n                         style=\"line-height: 22px;\"><p><em>J. J. Strossmayer i crkveno, kulturno i nacionalno jedinstvo<\/em>, 2002.<\/p><\/div>\n                  <\/div>\n                                      <div class=\"slide-coverflow-button-wrapper\">\n                      <a id=\"\" class=\"elementor-button slide-coverflow-button elementor-animation-pop\" href=\"https:\/\/heyzine.com\/flip-book\/7d3a432d38.html\" target=\"_blank\" rel=\"noopener\">\n                       <span class=\"elementor-button-content-wrapper\">\n                                                  <span class=\"elementor-button-text\">Vi\u0161e<\/span>\n                       <\/span>\n                      <\/a>\n                    <\/div>\n                                  <\/div>\n              <\/div>\n            <\/li>\n                      <li class=\"swiper-slide slider-container-background\">\n              <div class=\"block-shadow slider-container-block-background\"\n                                        style=\"\n                          background-image: url('https:\/\/kbf.unsa.ba\/wp-content\/uploads\/2025\/12\/ISUSOVO-EVANDELJE-PO-LUKI_MZ-10.png');\n                          background-position: ;\n                          background-attachment: ;\n                          background-repeat: ;\n                          background-size: ;\n                          \" >\n                <div class=\" slider-coverflow-wrapper\n              \">\n                  <div>\n                    <h2 class=\"slide-title\">Mato ZOVKI\u0106<\/h2>\n                    <div class=\"slide-description\"\n                         style=\"line-height: 22px;\"><p><span style=\"font-size: 14px\"><em>Isus u Evan\u0111elju po Luki<\/em>, 2002.<\/span><\/p><\/div>\n                  <\/div>\n                                      <div class=\"slide-coverflow-button-wrapper\">\n                      <a id=\"\" class=\"elementor-button slide-coverflow-button elementor-animation-pop\" href=\"https:\/\/heyzine.com\/flip-book\/73701dd1f4.html\" target=\"_blank\" rel=\"noopener\">\n                       <span class=\"elementor-button-content-wrapper\">\n                                                  <span class=\"elementor-button-text\">Vi\u0161e<\/span>\n                       <\/span>\n                      <\/a>\n                    <\/div>\n                                  <\/div>\n              <\/div>\n            <\/li>\n                      <li class=\"swiper-slide slider-container-background\">\n              <div class=\"block-shadow slider-container-block-background\"\n                                        style=\"\n                          background-image: url('https:\/\/kbf.unsa.ba\/wp-content\/uploads\/2025\/12\/KRSCANSTVO-KASNE-ANTIKE-9.png');\n                          background-position: ;\n                          background-attachment: ;\n                          background-repeat: ;\n                          background-size: ;\n                          \" >\n                <div class=\" slider-coverflow-wrapper\n              \">\n                  <div>\n                    <h2 class=\"slide-title\">Veljko PA\u0160KVALIN<\/h2>\n                    <div class=\"slide-description\"\n                         style=\"line-height: 22px;\"><p><span style=\"font-size: 14px\"><em>Kr\u0161\u0107anstvo kasne antike u zale\u0111u Salone i Narone : arheolo\u0161ka istra\u017eivanja kasnoanti\u010dkog kr\u0161\u0107anstva u Bosni i Hercegovini<\/em>, 2003.<\/span><\/p><\/div>\n                  <\/div>\n                                      <div class=\"slide-coverflow-button-wrapper\">\n                      <a id=\"\" class=\"elementor-button slide-coverflow-button elementor-animation-pop\" href=\"https:\/\/heyzine.com\/flip-book\/fe7ce05e88.html\" target=\"_blank\" rel=\"noopener\">\n                       <span class=\"elementor-button-content-wrapper\">\n                                                  <span class=\"elementor-button-text\">Vi\u0161e<\/span>\n                       <\/span>\n                      <\/a>\n                    <\/div>\n                                  <\/div>\n              <\/div>\n            <\/li>\n                      <li class=\"swiper-slide slider-container-background\">\n              <div class=\"block-shadow slider-container-block-background\"\n                                        style=\"\n                          background-image: url('https:\/\/kbf.unsa.ba\/wp-content\/uploads\/2025\/12\/UCITELJICA-ZIVOTA-10.png');\n                          background-position: ;\n                          background-attachment: ;\n                          background-repeat: ;\n                          background-size: ;\n                          \" >\n                <div class=\" slider-coverflow-wrapper\n              \">\n                  <div>\n                    <h2 class=\"slide-title\">Anto ORLOVAC<\/h2>\n                    <div class=\"slide-description\"\n                         style=\"line-height: 22px;\"><p><span style=\"font-size: 14px\"><em>U\u010diteljica \u017eivota : prilozi iz povijesti Katoli\u010dke crkve na podru\u010dju dana\u0161nje Bosne i Hercegovine<\/em>, 2004.<\/span><\/p><\/div>\n                  <\/div>\n                                      <div class=\"slide-coverflow-button-wrapper\">\n                      <a id=\"\" class=\"elementor-button slide-coverflow-button elementor-animation-pop\" href=\"https:\/\/heyzine.com\/flip-book\/7f787f18fd.html\" target=\"_blank\" rel=\"noopener\">\n                       <span class=\"elementor-button-content-wrapper\">\n                                                  <span class=\"elementor-button-text\">Vi\u0161e<\/span>\n                       <\/span>\n                      <\/a>\n                    <\/div>\n                                  <\/div>\n              <\/div>\n            <\/li>\n                      <li class=\"swiper-slide slider-container-background\">\n              <div class=\"block-shadow slider-container-block-background\"\n                                        style=\"\n                          background-image: url('https:\/\/kbf.unsa.ba\/wp-content\/uploads\/2025\/12\/COVJEK-PRED-OBJAVOM-BOGA-12.png');\n                          background-position: ;\n                          background-attachment: ;\n                          background-repeat: ;\n                          background-size: ;\n                          \" >\n                <div class=\" slider-coverflow-wrapper\n              \">\n                  <div>\n                    <h2 class=\"slide-title\">Franjo TOPI\u0106 (prev. Ilija Perleta)<\/h2>\n                    <div class=\"slide-description\"\n                         style=\"line-height: 22px;\"><p><span style=\"font-size: 14px\"><em>\u010covjek pred objavom Boga : u misli Hansa Ursa von Balthasara<\/em>, 2006.<\/span><\/p><\/div>\n                  <\/div>\n                                      <div class=\"slide-coverflow-button-wrapper\">\n                      <a id=\"\" class=\"elementor-button slide-coverflow-button elementor-animation-pop\" href=\"https:\/\/heyzine.com\/flip-book\/3488337e03.html\" target=\"_blank\" rel=\"noopener\">\n                       <span class=\"elementor-button-content-wrapper\">\n                                                  <span class=\"elementor-button-text\">Vi\u0161e<\/span>\n                       <\/span>\n                      <\/a>\n                    <\/div>\n                                  <\/div>\n              <\/div>\n            <\/li>\n                      <li class=\"swiper-slide slider-container-background\">\n              <div class=\"block-shadow slider-container-block-background\"\n                                        style=\"\n                          background-image: url('https:\/\/kbf.unsa.ba\/wp-content\/uploads\/2025\/12\/PHILOSOPHIA-FUNDAMENTALIS-12.png');\n                          background-position: ;\n                          background-attachment: ;\n                          background-repeat: ;\n                          background-size: ;\n                          \" >\n                <div class=\" slider-coverflow-wrapper\n              \">\n                  <div>\n                    <h2 class=\"slide-title\">\u017deljko PAVI\u0106<\/h2>\n                    <div class=\"slide-description\"\n                         style=\"line-height: 22px;\"><p><span style=\"font-size: 14px\"><em>Philosophia fundamentalis Josipa Stadlera<\/em>, 2006.<\/span><\/p><\/div>\n                  <\/div>\n                                      <div class=\"slide-coverflow-button-wrapper\">\n                      <a id=\"\" class=\"elementor-button slide-coverflow-button elementor-animation-pop\" href=\"https:\/\/heyzine.com\/flip-book\/636194ee8f.html\" target=\"_blank\" rel=\"noopener\">\n                       <span class=\"elementor-button-content-wrapper\">\n                                                  <span class=\"elementor-button-text\">Vi\u0161e<\/span>\n                       <\/span>\n                      <\/a>\n                    <\/div>\n                                  <\/div>\n              <\/div>\n            <\/li>\n                      <li class=\"swiper-slide slider-container-background\">\n              <div class=\"block-shadow slider-container-block-background\"\n                                        style=\"\n                          background-image: url('https:\/\/kbf.unsa.ba\/wp-content\/uploads\/2025\/12\/PRILOG-TEOLOGIJI-LJUDSKOG-NAPRETKA-11.png');\n                          background-position: ;\n                          background-attachment: ;\n                          background-repeat: ;\n                          background-size: ;\n                          \" >\n                <div class=\" slider-coverflow-wrapper\n              \">\n                  <div>\n                    <h2 class=\"slide-title\">Franjo TOPI\u0106<\/h2>\n                    <div class=\"slide-description\"\n                         style=\"line-height: 22px;\"><p><span style=\"font-size: 14px\"><em>Prilog teologiji ljudskog napretka<\/em>, 2008.<\/span><\/p><\/div>\n                  <\/div>\n                                      <div class=\"slide-coverflow-button-wrapper\">\n                      <a id=\"\" class=\"elementor-button slide-coverflow-button elementor-animation-pop\" href=\"https:\/\/heyzine.com\/flip-book\/476cadb100.html\" target=\"_blank\" rel=\"noopener\">\n                       <span class=\"elementor-button-content-wrapper\">\n                                                  <span class=\"elementor-button-text\">Vi\u0161e<\/span>\n                       <\/span>\n                      <\/a>\n                    <\/div>\n                                  <\/div>\n              <\/div>\n            <\/li>\n                      <li class=\"swiper-slide slider-container-background\">\n              <div class=\"block-shadow slider-container-block-background\"\n                                        style=\"\n                          background-image: url('https:\/\/kbf.unsa.ba\/wp-content\/uploads\/2025\/12\/POSLUZITELJ-KRISTA-ISUSA-MEDU-POGANIMA-10.png');\n                          background-position: ;\n                          background-attachment: ;\n                          background-repeat: ;\n                          background-size: ;\n                          \" >\n                <div class=\" slider-coverflow-wrapper\n              \">\n                  <div>\n                    <h2 class=\"slide-title\">Mato ZOVKI\u0106<\/h2>\n                    <div class=\"slide-description\"\n                         style=\"line-height: 22px;\"><p><span style=\"font-size: 14px\"><em>\"Poslu\u017eitelj Krista Isusa me\u0111u poganima\" : egzegetsko-teolo\u0161ke studije o Pavlu<\/em>, 2008.<\/span><\/p><\/div>\n                  <\/div>\n                                      <div class=\"slide-coverflow-button-wrapper\">\n                      <a id=\"\" class=\"elementor-button slide-coverflow-button elementor-animation-pop\" href=\"https:\/\/heyzine.com\/flip-book\/8f65b561c7.html\" target=\"_blank\" rel=\"noopener\">\n                       <span class=\"elementor-button-content-wrapper\">\n                                                  <span class=\"elementor-button-text\">Vi\u0161e<\/span>\n                       <\/span>\n                      <\/a>\n                    <\/div>\n                                  <\/div>\n              <\/div>\n            <\/li>\n                      <li class=\"swiper-slide slider-container-background\">\n              <div class=\"block-shadow slider-container-block-background\"\n                                        style=\"\n                          background-image: url('https:\/\/kbf.unsa.ba\/wp-content\/uploads\/2025\/12\/PREMA-MORALNOJ-ZRELOSTI-9.png');\n                          background-position: ;\n                          background-attachment: ;\n                          background-repeat: ;\n                          background-size: ;\n                          \" >\n                <div class=\" slider-coverflow-wrapper\n              \">\n                  <div>\n                    <h2 class=\"slide-title\">Marinko PERKOVI\u0106<\/h2>\n                    <div class=\"slide-description\"\n                         style=\"line-height: 22px;\"><p><span style=\"font-size: 14px\"><em>Prema moralnoj zrelosti<\/em>, 2009.<\/span><\/p><\/div>\n                  <\/div>\n                                      <div class=\"slide-coverflow-button-wrapper\">\n                      <a id=\"\" class=\"elementor-button slide-coverflow-button elementor-animation-pop\" href=\"https:\/\/heyzine.com\/flip-book\/df7e7fa007.html\" target=\"_blank\" rel=\"noopener\">\n                       <span class=\"elementor-button-content-wrapper\">\n                                                  <span class=\"elementor-button-text\">Vi\u0161e<\/span>\n                       <\/span>\n                      <\/a>\n                    <\/div>\n                                  <\/div>\n              <\/div>\n            <\/li>\n                      <li class=\"swiper-slide slider-container-background\">\n              <div class=\"block-shadow slider-container-block-background\"\n                                        style=\"\n                          background-image: url('https:\/\/kbf.unsa.ba\/wp-content\/uploads\/2025\/12\/Teoloska-poruka-e1765022604280.jpg');\n                          background-position: ;\n                          background-attachment: ;\n                          background-repeat: ;\n                          background-size: ;\n                          \" >\n                <div class=\" slider-coverflow-wrapper\n              \">\n                  <div>\n                    <h2 class=\"slide-title\">Drago \u017dUPARI\u0106<\/h2>\n                    <div class=\"slide-description\"\n                         style=\"line-height: 22px;\"><p><span style=\"font-size: 14px\"><em>Teolo\u0161ka poruka u dijalozima Knjige o Tobiji<\/em>, 2009.<\/span><\/p><\/div>\n                  <\/div>\n                                      <div class=\"slide-coverflow-button-wrapper\">\n                      <a id=\"\" class=\"elementor-button slide-coverflow-button elementor-animation-pop\" href=\"https:\/\/heyzine.com\/flip-book\/c4f4782e46.html\" target=\"_blank\" rel=\"noopener\">\n                       <span class=\"elementor-button-content-wrapper\">\n                                                  <span class=\"elementor-button-text\">Vi\u0161e<\/span>\n                       <\/span>\n                      <\/a>\n                    <\/div>\n                                  <\/div>\n              <\/div>\n            <\/li>\n                      <li class=\"swiper-slide slider-container-background\">\n              <div class=\"block-shadow slider-container-block-background\"\n                                        style=\"\n                          background-image: url('https:\/\/kbf.unsa.ba\/wp-content\/uploads\/2025\/11\/Zakonita-uporaba-sile-e1765022770615.jpeg');\n                          background-position: ;\n                          background-attachment: ;\n                          background-repeat: ;\n                          background-size: ;\n                          \" >\n                <div class=\" slider-coverflow-wrapper\n              \">\n                  <div>\n                    <h2 class=\"slide-title\">Zdenko SPAJI\u0106<\/h2>\n                    <div class=\"slide-description\"\n                         style=\"line-height: 22px;\"><p><span style=\"font-size: 14px\"><em>Zakonita uporaba sile u u\u010denju Ivana Pavla II. : tra\u017eenje novog pristupa za razrje\u0161enje me\u0111unarodnih sukoba<\/em>, 2013.<\/span><\/p><\/div>\n                  <\/div>\n                                      <div class=\"slide-coverflow-button-wrapper\">\n                      <a id=\"\" class=\"elementor-button slide-coverflow-button elementor-animation-pop\" href=\"https:\/\/heyzine.com\/flip-book\/8454607f41.html\" target=\"_blank\" rel=\"noopener\">\n                       <span class=\"elementor-button-content-wrapper\">\n                                                  <span class=\"elementor-button-text\">Vi\u0161e<\/span>\n                       <\/span>\n                      <\/a>\n                    <\/div>\n                                  <\/div>\n              <\/div>\n            <\/li>\n                      <li class=\"swiper-slide slider-container-background\">\n              <div class=\"block-shadow slider-container-block-background\"\n                                        style=\"\n                          background-image: url('https:\/\/kbf.unsa.ba\/wp-content\/uploads\/2025\/10\/Mladi-VN.jpeg');\n                          background-position: ;\n                          background-attachment: ;\n                          background-repeat: ;\n                          background-size: ;\n                          \" >\n                <div class=\" slider-coverflow-wrapper\n              \">\n                  <div>\n                    <h2 class=\"slide-title\">\u0160imo MAR\u0160I\u0106<\/h2>\n                    <div class=\"slide-description\"\n                         style=\"line-height: 22px;\"><p><span style=\"font-size: 14px\"><em>Mladi Vrhbosanske nadbiskupije u godini vjere : lai\u010dki pokreti u slu\u017ebi nove evangelizacije<\/em>, 2013.<\/span><\/p><\/div>\n                  <\/div>\n                                      <div class=\"slide-coverflow-button-wrapper\">\n                      <a id=\"\" class=\"elementor-button slide-coverflow-button elementor-animation-pop\" href=\"https:\/\/heyzine.com\/flip-book\/66fab8ee6f.html\" target=\"_blank\" rel=\"noopener\">\n                       <span class=\"elementor-button-content-wrapper\">\n                                                  <span class=\"elementor-button-text\">Vi\u0161e<\/span>\n                       <\/span>\n                      <\/a>\n                    <\/div>\n                                  <\/div>\n              <\/div>\n            <\/li>\n                      <li class=\"swiper-slide slider-container-background\">\n              <div class=\"block-shadow slider-container-block-background\"\n                                        style=\"\n                          background-image: url('https:\/\/kbf.unsa.ba\/wp-content\/uploads\/2025\/10\/Iskustvo-svecenickog-poziva.jpeg');\n                          background-position: ;\n                          background-attachment: ;\n                          background-repeat: ;\n                          background-size: ;\n                          \" >\n                <div class=\" slider-coverflow-wrapper\n              \">\n                  <div>\n                    <h2 class=\"slide-title\">Mato ZOVKI\u0106<\/h2>\n                    <div class=\"slide-description\"\n                         style=\"line-height: 22px;\"><p><span style=\"font-size: 14px\"><em>Iskustvo sve\u0107eni\u010dkog poziva u Bosni od 1963. do 2013. godine<\/em>, 2014.<\/span><\/p><\/div>\n                  <\/div>\n                                      <div class=\"slide-coverflow-button-wrapper\">\n                      <a id=\"\" class=\"elementor-button slide-coverflow-button elementor-animation-pop\" href=\"https:\/\/heyzine.com\/flip-book\/0bd196aace.html\" target=\"_blank\" rel=\"noopener\">\n                       <span class=\"elementor-button-content-wrapper\">\n                                                  <span class=\"elementor-button-text\">Vi\u0161e<\/span>\n                       <\/span>\n                      <\/a>\n                    <\/div>\n                                  <\/div>\n              <\/div>\n            <\/li>\n                      <li class=\"swiper-slide slider-container-background\">\n              <div class=\"block-shadow slider-container-block-background\"\n                                        style=\"\n                          background-image: url('https:\/\/kbf.unsa.ba\/wp-content\/uploads\/2025\/10\/Petrovska-sluzba.jpeg');\n                          background-position: ;\n                          background-attachment: ;\n                          background-repeat: ;\n                          background-size: ;\n                          \" >\n                <div class=\" slider-coverflow-wrapper\n              \">\n                  <div>\n                    <h2 class=\"slide-title\">Niko IKI\u0106<\/h2>\n                    <div class=\"slide-description\"\n                         style=\"line-height: 22px;\"><p><span style=\"font-size: 14px\"><em>Petrovska slu\u017eba : stijena jedinstva i kamen spoticanja : povijesno-teolo\u0161ki, biblijsko-dogmatski i ekumenski pogledi<\/em>, 2015.<\/span><\/p><\/div>\n                  <\/div>\n                                      <div class=\"slide-coverflow-button-wrapper\">\n                      <a id=\"\" class=\"elementor-button slide-coverflow-button elementor-animation-pop\" href=\"https:\/\/heyzine.com\/flip-book\/136f1ad8b2.html\" target=\"_blank\" rel=\"noopener\">\n                       <span class=\"elementor-button-content-wrapper\">\n                                                  <span class=\"elementor-button-text\">Vi\u0161e<\/span>\n                       <\/span>\n                      <\/a>\n                    <\/div>\n                                  <\/div>\n              <\/div>\n            <\/li>\n                      <li class=\"swiper-slide slider-container-background\">\n              <div class=\"block-shadow slider-container-block-background\"\n                                        style=\"\n                          background-image: url('https:\/\/kbf.unsa.ba\/wp-content\/uploads\/2025\/10\/Jakov-Markijski.jpeg');\n                          background-position: ;\n                          background-attachment: ;\n                          background-repeat: ;\n                          background-size: ;\n                          \" >\n                <div class=\" slider-coverflow-wrapper\n              \">\n                  <div>\n                    <h2 class=\"slide-title\">Milenko KRE\u0160I\u0106 (ur.)<\/h2>\n                    <div class=\"slide-description\"\n                         style=\"line-height: 22px;\"><p><span style=\"font-size: 14px\"><em>Jakov Markijski i njegovo djelovanje u Bosni : zbornik radova<\/em>, 2016.<\/span><\/p><\/div>\n                  <\/div>\n                                      <div class=\"slide-coverflow-button-wrapper\">\n                      <a id=\"\" class=\"elementor-button slide-coverflow-button elementor-animation-pop\" href=\"https:\/\/heyzine.com\/flip-book\/15ed9272c8.html\" target=\"_blank\" rel=\"noopener\">\n                       <span class=\"elementor-button-content-wrapper\">\n                                                  <span class=\"elementor-button-text\">Vi\u0161e<\/span>\n                       <\/span>\n                      <\/a>\n                    <\/div>\n                                  <\/div>\n              <\/div>\n            <\/li>\n                      <li class=\"swiper-slide slider-container-background\">\n              <div class=\"block-shadow slider-container-block-background\"\n                                        style=\"\n                          background-image: url('https:\/\/kbf.unsa.ba\/wp-content\/uploads\/2025\/11\/Prema-moralnoj-svetosti-2.png');\n                          background-position: ;\n                          background-attachment: ;\n                          background-repeat: ;\n                          background-size: ;\n                          \" >\n                <div class=\" slider-coverflow-wrapper\n              \">\n                  <div>\n                    <h2 class=\"slide-title\">Marinko PERKOVI\u0106<\/h2>\n                    <div class=\"slide-description\"\n                         style=\"line-height: 22px;\"><p><span style=\"font-size: 14px\"><em>Prema moralnoj svetosti<\/em>, 2017.<\/span><\/p><\/div>\n                  <\/div>\n                                      <div class=\"slide-coverflow-button-wrapper\">\n                      <a id=\"\" class=\"elementor-button slide-coverflow-button elementor-animation-pop\" href=\"https:\/\/heyzine.com\/flip-book\/cfe6a29d11.html\" target=\"_blank\" rel=\"noopener\">\n                       <span class=\"elementor-button-content-wrapper\">\n                                                  <span class=\"elementor-button-text\">Vi\u0161e<\/span>\n                       <\/span>\n                      <\/a>\n                    <\/div>\n                                  <\/div>\n              <\/div>\n            <\/li>\n                      <li class=\"swiper-slide slider-container-background\">\n              <div class=\"block-shadow slider-container-block-background\"\n                                        style=\"\n                          background-image: url('https:\/\/kbf.unsa.ba\/wp-content\/uploads\/2025\/11\/Vrijeme-lomova-1.png');\n                          background-position: ;\n                          background-attachment: ;\n                          background-repeat: ;\n                          background-size: ;\n                          \" >\n                <div class=\" slider-coverflow-wrapper\n              \">\n                  <div>\n                    <h2 class=\"slide-title\">Milenko KRE\u0160I\u0106<\/h2>\n                    <div class=\"slide-description\"\n                         style=\"line-height: 22px;\"><p><span style=\"font-size: 14px\"><em>Vrijeme lomova : katolici jugoisto\u010dne Hercegovine od 10. do po\u010detka 17. stolje\u0107a,<\/em> 2017.<\/span><\/p><\/div>\n                  <\/div>\n                                      <div class=\"slide-coverflow-button-wrapper\">\n                      <a id=\"\" class=\"elementor-button slide-coverflow-button elementor-animation-pop\" href=\"https:\/\/heyzine.com\/flip-book\/1e61948587.html\" target=\"_blank\" rel=\"noopener\">\n                       <span class=\"elementor-button-content-wrapper\">\n                                                  <span class=\"elementor-button-text\">Vi\u0161e<\/span>\n                       <\/span>\n                      <\/a>\n                    <\/div>\n                                  <\/div>\n              <\/div>\n            <\/li>\n                      <li class=\"swiper-slide slider-container-background\">\n              <div class=\"block-shadow slider-container-block-background\"\n                                        style=\"\n                          background-image: url('https:\/\/kbf.unsa.ba\/wp-content\/uploads\/2017\/07\/Franjo-Topic-knjiga-2017-Vjera-i-razum-002-1-e1763998123405.jpg');\n                          background-position: ;\n                          background-attachment: ;\n                          background-repeat: ;\n                          background-size: ;\n                          \" >\n                <div class=\" slider-coverflow-wrapper\n              \">\n                  <div>\n                    <h2 class=\"slide-title\">Franjo TOPI\u0106<\/h2>\n                    <div class=\"slide-description\"\n                         style=\"line-height: 22px;\"><p><span style=\"font-size: 14px\"><em>Vjera i kultura<\/em>, 2017.<\/span><\/p><\/div>\n                  <\/div>\n                                      <div class=\"slide-coverflow-button-wrapper\">\n                      <a id=\"\" class=\"elementor-button slide-coverflow-button elementor-animation-pop\" href=\"https:\/\/heyzine.com\/flip-book\/8fc26bb01b.html\" target=\"_blank\" rel=\"noopener\">\n                       <span class=\"elementor-button-content-wrapper\">\n                                                  <span class=\"elementor-button-text\">Vi\u0161e<\/span>\n                       <\/span>\n                      <\/a>\n                    <\/div>\n                                  <\/div>\n              <\/div>\n            <\/li>\n                      <li class=\"swiper-slide slider-container-background\">\n              <div class=\"block-shadow slider-container-block-background\"\n                                        style=\"\n                          background-image: url('https:\/\/kbf.unsa.ba\/wp-content\/uploads\/2025\/10\/Isusove-parabole.jpeg');\n                          background-position: ;\n                          background-attachment: ;\n                          background-repeat: ;\n                          background-size: ;\n                          \" >\n                <div class=\" slider-coverflow-wrapper\n              \">\n                  <div>\n                    <h2 class=\"slide-title\">Mato ZOVKI\u0106<\/h2>\n                    <div class=\"slide-description\"\n                         style=\"line-height: 22px;\"><p><span style=\"font-size: 14px\"><em>Isusove parabole - slike o kraljevstvu Bo\u017ejem<\/em>, 2018.<\/span><\/p><\/div>\n                  <\/div>\n                                      <div class=\"slide-coverflow-button-wrapper\">\n                      <a id=\"\" class=\"elementor-button slide-coverflow-button elementor-animation-pop\" href=\"https:\/\/heyzine.com\/flip-book\/15debdb442.html\" target=\"_blank\" rel=\"noopener\">\n                       <span class=\"elementor-button-content-wrapper\">\n                                                  <span class=\"elementor-button-text\">Vi\u0161e<\/span>\n                       <\/span>\n                      <\/a>\n                    <\/div>\n                                  <\/div>\n              <\/div>\n            <\/li>\n                      <li class=\"swiper-slide slider-container-background\">\n              <div class=\"block-shadow slider-container-block-background\"\n                                        style=\"\n                          background-image: url('https:\/\/kbf.unsa.ba\/wp-content\/uploads\/2025\/11\/Nasilje.jpeg');\n                          background-position: ;\n                          background-attachment: ;\n                          background-repeat: ;\n                          background-size: ;\n                          \" >\n                <div class=\" slider-coverflow-wrapper\n              \">\n                  <div>\n                    <h2 class=\"slide-title\">Zorica MAROS<\/h2>\n                    <div class=\"slide-description\"\n                         style=\"line-height: 22px;\"><p><span style=\"font-size: 14px\"><em>Nasilje u etni\u010dkim sukobima : etika otpora, odgovornosti i oprosta<\/em>, 2018.<\/span><\/p><\/div>\n                  <\/div>\n                                      <div class=\"slide-coverflow-button-wrapper\">\n                      <a id=\"\" class=\"elementor-button slide-coverflow-button elementor-animation-pop\" href=\"https:\/\/heyzine.com\/flip-book\/7fc5beb700.html\" target=\"_blank\" rel=\"noopener\">\n                       <span class=\"elementor-button-content-wrapper\">\n                                                  <span class=\"elementor-button-text\">Vi\u0161e<\/span>\n                       <\/span>\n                      <\/a>\n                    <\/div>\n                                  <\/div>\n              <\/div>\n            <\/li>\n                      <li class=\"swiper-slide slider-container-background\">\n              <div class=\"block-shadow slider-container-block-background\"\n                                        style=\"\n                          background-image: url('https:\/\/kbf.unsa.ba\/wp-content\/uploads\/2018\/11\/korice_ARHITEKTURA_hrvatski-1.jpg');\n                          background-position: ;\n                          background-attachment: ;\n                          background-repeat: ;\n                          background-size: ;\n                          \" >\n                <div class=\" slider-coverflow-wrapper\n              \">\n                  <div>\n                    <h2 class=\"slide-title\">Pavle MIJOVI\u0106<\/h2>\n                    <div class=\"slide-description\"\n                         style=\"line-height: 22px;\"><p><span style=\"font-size: 14px\"><em>Arhitektura problema um-tijelo,<\/em> 2018.<\/span><\/p><\/div>\n                  <\/div>\n                                      <div class=\"slide-coverflow-button-wrapper\">\n                      <a id=\"\" class=\"elementor-button slide-coverflow-button elementor-animation-pop\" href=\"https:\/\/heyzine.com\/flip-book\/c8ca930f6f.html\" target=\"_blank\" rel=\"noopener\">\n                       <span class=\"elementor-button-content-wrapper\">\n                                                  <span class=\"elementor-button-text\">Vi\u0161e<\/span>\n                       <\/span>\n                      <\/a>\n                    <\/div>\n                                  <\/div>\n              <\/div>\n            <\/li>\n                      <li class=\"swiper-slide slider-container-background\">\n              <div class=\"block-shadow slider-container-block-background\"\n                                        style=\"\n                          background-image: url('https:\/\/kbf.unsa.ba\/wp-content\/uploads\/2025\/11\/This-is-not-how.png');\n                          background-position: ;\n                          background-attachment: ;\n                          background-repeat: ;\n                          background-size: ;\n                          \" >\n                <div class=\" slider-coverflow-wrapper\n              \">\n                  <div>\n                    <h2 class=\"slide-title\">Dubravko TURALIJA<\/h2>\n                    <div class=\"slide-description\"\n                         style=\"line-height: 22px;\"><p><span style=\"font-size: 14px\"><em>This is not how to do it : Proverbs 30,<\/em> 2019.<\/span><\/p><\/div>\n                  <\/div>\n                                      <div class=\"slide-coverflow-button-wrapper\">\n                      <a id=\"\" class=\"elementor-button slide-coverflow-button elementor-animation-pop\" href=\"https:\/\/heyzine.com\/flip-book\/92544b3114.html\" target=\"_blank\" rel=\"noopener\">\n                       <span class=\"elementor-button-content-wrapper\">\n                                                  <span class=\"elementor-button-text\">Vi\u0161e<\/span>\n                       <\/span>\n                      <\/a>\n                    <\/div>\n                                  <\/div>\n              <\/div>\n            <\/li>\n                      <li class=\"swiper-slide slider-container-background\">\n              <div class=\"block-shadow slider-container-block-background\"\n                                        style=\"\n                          background-image: url('https:\/\/kbf.unsa.ba\/wp-content\/uploads\/2025\/11\/Krizni-put.jpg');\n                          background-position: ;\n                          background-attachment: ;\n                          background-repeat: ;\n                          background-size: ;\n                          \" >\n                <div class=\" slider-coverflow-wrapper\n              \">\n                  <div>\n                    <h2 class=\"slide-title\">Niko IKI\u0106<\/h2>\n                    <div class=\"slide-description\"\n                         style=\"line-height: 22px;\"><p><span style=\"font-size: 14px\"><em>Kri\u017eni put dijaloga i ekumenizma<\/em>, 2019.<\/span><\/p><\/div>\n                  <\/div>\n                                      <div class=\"slide-coverflow-button-wrapper\">\n                      <a id=\"\" class=\"elementor-button slide-coverflow-button elementor-animation-pop\" href=\"https:\/\/heyzine.com\/flip-book\/8ec7d9dbb1.html\" target=\"_blank\" rel=\"noopener\">\n                       <span class=\"elementor-button-content-wrapper\">\n                                                  <span class=\"elementor-button-text\">Vi\u0161e<\/span>\n                       <\/span>\n                      <\/a>\n                    <\/div>\n                                  <\/div>\n              <\/div>\n            <\/li>\n                      <li class=\"swiper-slide slider-container-background\">\n              <div class=\"block-shadow slider-container-block-background\"\n                                        style=\"\n                          background-image: url('https:\/\/kbf.unsa.ba\/wp-content\/uploads\/2025\/11\/Karizmatski-pokreti.jpg');\n                          background-position: ;\n                          background-attachment: ;\n                          background-repeat: ;\n                          background-size: ;\n                          \" >\n                <div class=\" slider-coverflow-wrapper\n              \">\n                  <div>\n                    <h2 class=\"slide-title\">Marinko PERKOVI\u0106<\/h2>\n                    <div class=\"slide-description\"\n                         style=\"line-height: 22px;\"><p><span style=\"font-size: 14px\"><em>Karizmatski pokret : nada ili mo\u017eda ne\u0161to drugo za Katoli\u010dku Crkvu<\/em>, 2019.<\/span><\/p><\/div>\n                  <\/div>\n                                      <div class=\"slide-coverflow-button-wrapper\">\n                      <a id=\"\" class=\"elementor-button slide-coverflow-button elementor-animation-pop\" href=\"https:\/\/heyzine.com\/flip-book\/e3a4abdcb3.html\" target=\"_blank\" rel=\"noopener\">\n                       <span class=\"elementor-button-content-wrapper\">\n                                                  <span class=\"elementor-button-text\">Vi\u0161e<\/span>\n                       <\/span>\n                      <\/a>\n                    <\/div>\n                                  <\/div>\n              <\/div>\n            <\/li>\n                      <li class=\"swiper-slide slider-container-background\">\n              <div class=\"block-shadow slider-container-block-background\"\n                                        style=\"\n                          background-image: url('https:\/\/kbf.unsa.ba\/wp-content\/uploads\/2025\/11\/Zivot-ljudi.jpeg');\n                          background-position: ;\n                          background-attachment: ;\n                          background-repeat: ;\n                          background-size: ;\n                          \" >\n                <div class=\" slider-coverflow-wrapper\n              \">\n                  <div>\n                    <h2 class=\"slide-title\">Darko TOMA\u0160EVI\u0106<\/h2>\n                    <div class=\"slide-description\"\n                         style=\"line-height: 22px;\"><p><span style=\"font-size: 14px\"><em>\u017divot, ljudi i obi\u010daji u Bibliji<\/em>, 2019.<\/span><\/p><\/div>\n                  <\/div>\n                                      <div class=\"slide-coverflow-button-wrapper\">\n                      <a id=\"\" class=\"elementor-button slide-coverflow-button elementor-animation-pop\" href=\"https:\/\/heyzine.com\/flip-book\/2b3cc6ca8f.html\" target=\"_blank\" rel=\"noopener\">\n                       <span class=\"elementor-button-content-wrapper\">\n                                                  <span class=\"elementor-button-text\">Vi\u0161e<\/span>\n                       <\/span>\n                      <\/a>\n                    <\/div>\n                                  <\/div>\n              <\/div>\n            <\/li>\n                      <li class=\"swiper-slide slider-container-background\">\n              <div class=\"block-shadow slider-container-block-background\"\n                                        style=\"\n                          background-image: url('https:\/\/kbf.unsa.ba\/wp-content\/uploads\/2025\/10\/Nadbiskup-stadler-i-financije.jpeg');\n                          background-position: ;\n                          background-attachment: ;\n                          background-repeat: ;\n                          background-size: ;\n                          \" >\n                <div class=\" slider-coverflow-wrapper\n              \">\n                  <div>\n                    <h2 class=\"slide-title\">Milenko KRE\u0160I\u0106<\/h2>\n                    <div class=\"slide-description\"\n                         style=\"line-height: 22px;\"><p><span style=\"font-size: 14px\"><em>Nadbiskup Stadler i financije : gradnje, nekretnine i poslovi<\/em>, 2021.<\/span><\/p><\/div>\n                  <\/div>\n                                      <div class=\"slide-coverflow-button-wrapper\">\n                      <a id=\"\" class=\"elementor-button slide-coverflow-button elementor-animation-pop\" href=\"https:\/\/heyzine.com\/flip-book\/703f6c66f4.html\" target=\"_blank\" rel=\"noopener\">\n                       <span class=\"elementor-button-content-wrapper\">\n                                                  <span class=\"elementor-button-text\">Vi\u0161e<\/span>\n                       <\/span>\n                      <\/a>\n                    <\/div>\n                                  <\/div>\n              <\/div>\n            <\/li>\n                      <li class=\"swiper-slide slider-container-background\">\n              <div class=\"block-shadow slider-container-block-background\"\n                                        style=\"\n                          background-image: url('https:\/\/kbf.unsa.ba\/wp-content\/uploads\/2025\/11\/Aabeceda-mladih.jpg');\n                          background-position: ;\n                          background-attachment: ;\n                          background-repeat: ;\n                          background-size: ;\n                          \" >\n                <div class=\" slider-coverflow-wrapper\n              \">\n                  <div>\n                    <h2 class=\"slide-title\">\u0160imo MAR\u0160I\u0106 - Renata VRDOLJAK<\/h2>\n                    <div class=\"slide-description\"\n                         style=\"line-height: 22px;\"><p><span style=\"font-size: 14px\"><em>Aabeceda mladih BiH : biti mlada osoba : stavovi i problemi mladih te na\u010dini suo\u010davanja s problemima odrastanja<\/em>, 2021.<\/span><\/p><\/div>\n                  <\/div>\n                                      <div class=\"slide-coverflow-button-wrapper\">\n                      <a id=\"\" class=\"elementor-button slide-coverflow-button elementor-animation-pop\" href=\"https:\/\/heyzine.com\/flip-book\/703f6c66f4.html\" target=\"_blank\" rel=\"noopener\">\n                       <span class=\"elementor-button-content-wrapper\">\n                                                  <span class=\"elementor-button-text\">Vi\u0161e<\/span>\n                       <\/span>\n                      <\/a>\n                    <\/div>\n                                  <\/div>\n              <\/div>\n            <\/li>\n                      <li class=\"swiper-slide slider-container-background\">\n              <div class=\"block-shadow slider-container-block-background\"\n                                        style=\"\n                          background-image: url('https:\/\/kbf.unsa.ba\/wp-content\/uploads\/2025\/11\/Jakovljeva-poslanica.jpg');\n                          background-position: ;\n                          background-attachment: ;\n                          background-repeat: ;\n                          background-size: ;\n                          \" >\n                <div class=\" slider-coverflow-wrapper\n              \">\n                  <div>\n                    <h2 class=\"slide-title\">Mato ZOVKI\u0106<\/h2>\n                    <div class=\"slide-description\"\n                         style=\"line-height: 22px;\"><p><span style=\"font-size: 14px\"><em>Jakovljeva poslanica : prijevod i komentar,<\/em> 2021.<\/span><\/p><\/div>\n                  <\/div>\n                                      <div class=\"slide-coverflow-button-wrapper\">\n                      <a id=\"\" class=\"elementor-button slide-coverflow-button elementor-animation-pop\" href=\"https:\/\/heyzine.com\/flip-book\/d501ed8efa.html\" target=\"_blank\" rel=\"noopener\">\n                       <span class=\"elementor-button-content-wrapper\">\n                                                  <span class=\"elementor-button-text\">Vi\u0161e<\/span>\n                       <\/span>\n                      <\/a>\n                    <\/div>\n                                  <\/div>\n              <\/div>\n            <\/li>\n                      <li class=\"swiper-slide slider-container-background\">\n              <div class=\"block-shadow slider-container-block-background\"\n                                        style=\"\n                          background-image: url('https:\/\/kbf.unsa.ba\/wp-content\/uploads\/2025\/11\/KC-u-Makedoniji.jpg');\n                          background-position: ;\n                          background-attachment: ;\n                          background-repeat: ;\n                          background-size: ;\n                          \" >\n                <div class=\" slider-coverflow-wrapper\n              \">\n                  <div>\n                    <h2 class=\"slide-title\">Milenko KRE\u0160I\u0106 (ur.)<\/h2>\n                    <div class=\"slide-description\"\n                         style=\"line-height: 22px;\"><p><span style=\"font-size: 14px\"><em>Katoli\u010dka Crkva u Makedoniji kroz povijest : zbornik radova : radovi s me\u0111unarodnog znanstvenog skupa odr\u017eanog u Skopju 10. studenoga<\/em>, 2021.<\/span><\/p><\/div>\n                  <\/div>\n                                      <div class=\"slide-coverflow-button-wrapper\">\n                      <a id=\"\" class=\"elementor-button slide-coverflow-button elementor-animation-pop\" href=\"https:\/\/heyzine.com\/flip-book\/de3669ed5c.html\" target=\"_blank\" rel=\"noopener\">\n                       <span class=\"elementor-button-content-wrapper\">\n                                                  <span class=\"elementor-button-text\">Vi\u0161e<\/span>\n                       <\/span>\n                      <\/a>\n                    <\/div>\n                                  <\/div>\n              <\/div>\n            <\/li>\n                      <li class=\"swiper-slide slider-container-background\">\n              <div class=\"block-shadow slider-container-block-background\"\n                                        style=\"\n                          background-image: url('https:\/\/kbf.unsa.ba\/wp-content\/uploads\/2025\/10\/Epistolografija.jpeg');\n                          background-position: ;\n                          background-attachment: ;\n                          background-repeat: ;\n                          background-size: ;\n                          \" >\n                <div class=\" slider-coverflow-wrapper\n              \">\n                  <div>\n                    <h2 class=\"slide-title\">Drago \u017dUPARI\u0106<\/h2>\n                    <div class=\"slide-description\"\n                         style=\"line-height: 22px;\"><p><span style=\"font-size: 14px\"><em>Epistolografija u rimskoj knji\u017eevnosti<\/em>, 2022.<\/span><\/p><\/div>\n                  <\/div>\n                                      <div class=\"slide-coverflow-button-wrapper\">\n                      <a id=\"\" class=\"elementor-button slide-coverflow-button elementor-animation-pop\" href=\"https:\/\/heyzine.com\/flip-book\/065f7944af.html\" target=\"_blank\" rel=\"noopener\">\n                       <span class=\"elementor-button-content-wrapper\">\n                                                  <span class=\"elementor-button-text\">Vi\u0161e<\/span>\n                       <\/span>\n                      <\/a>\n                    <\/div>\n                                  <\/div>\n              <\/div>\n            <\/li>\n                      <li class=\"swiper-slide slider-container-background\">\n              <div class=\"block-shadow slider-container-block-background\"\n                                        style=\"\n                          background-image: url('https:\/\/kbf.unsa.ba\/wp-content\/uploads\/2025\/10\/BOG-JEZIK-I-VJERA_KORICE.jpg');\n                          background-position: ;\n                          background-attachment: ;\n                          background-repeat: ;\n                          background-size: ;\n                          \" >\n                <div class=\" slider-coverflow-wrapper\n              \">\n                  <div>\n                    <h2 class=\"slide-title\">Mario BERNADI\u0106<\/h2>\n                    <div class=\"slide-description\"\n                         style=\"line-height: 22px;\"><p><span style=\"font-size: 14px\"><em>Bog, jezik i vjera : mali ogledi iz sistematske teologije<\/em>, 2022.<\/span><\/p><\/div>\n                  <\/div>\n                                      <div class=\"slide-coverflow-button-wrapper\">\n                      <a id=\"\" class=\"elementor-button slide-coverflow-button elementor-animation-pop\" href=\"https:\/\/heyzine.com\/flip-book\/b93cf7aea1.html\" target=\"_blank\" rel=\"noopener\">\n                       <span class=\"elementor-button-content-wrapper\">\n                                                  <span class=\"elementor-button-text\">Vi\u0161e<\/span>\n                       <\/span>\n                      <\/a>\n                    <\/div>\n                                  <\/div>\n              <\/div>\n            <\/li>\n                      <li class=\"swiper-slide slider-container-background\">\n              <div class=\"block-shadow slider-container-block-background\"\n                                        style=\"\n                          background-image: url('https:\/\/kbf.unsa.ba\/wp-content\/uploads\/2025\/10\/il-servo-di-dio.jpg');\n                          background-position: ;\n                          background-attachment: ;\n                          background-repeat: ;\n                          background-size: ;\n                          \" >\n                <div class=\" slider-coverflow-wrapper\n              \">\n                  <div>\n                    <h2 class=\"slide-title\">Milenko KRE\u0160I\u0106<\/h2>\n                    <div class=\"slide-description\"\n                         style=\"line-height: 22px;\"><p><span style=\"font-size: 14px\"><em>Il Servo di Dio Josip Stadler, primo Arcivescovo di Vrhbosna<\/em>, 2023.<\/span><\/p><\/div>\n                  <\/div>\n                                      <div class=\"slide-coverflow-button-wrapper\">\n                      <a id=\"\" class=\"elementor-button slide-coverflow-button elementor-animation-pop\" href=\"https:\/\/heyzine.com\/flip-book\/bbf708ce75.html\" target=\"_blank\" rel=\"noopener\">\n                       <span class=\"elementor-button-content-wrapper\">\n                                                  <span class=\"elementor-button-text\">Vi\u0161e<\/span>\n                       <\/span>\n                      <\/a>\n                    <\/div>\n                                  <\/div>\n              <\/div>\n            <\/li>\n                      <li class=\"swiper-slide slider-container-background\">\n              <div class=\"block-shadow slider-container-block-background\"\n                                        style=\"\n                          background-image: url('https:\/\/kbf.unsa.ba\/wp-content\/uploads\/2025\/10\/Knjiga-o-Tobiji.jpeg');\n                          background-position: ;\n                          background-attachment: ;\n                          background-repeat: ;\n                          background-size: ;\n                          \" >\n                <div class=\" slider-coverflow-wrapper\n              \">\n                  <div>\n                    <h2 class=\"slide-title\">Mato ZOVKI\u0106<\/h2>\n                    <div class=\"slide-description\"\n                         style=\"line-height: 22px;\"><p><span style=\"font-size: 14px\"><em>Knjiga o Tobiji : prijevod i komentar, 2024<\/em>.<\/span><\/p><\/div>\n                  <\/div>\n                                      <div class=\"slide-coverflow-button-wrapper\">\n                      <a id=\"\" class=\"elementor-button slide-coverflow-button elementor-animation-pop\" href=\"https:\/\/heyzine.com\/flip-book\/f981eb393b.html\" target=\"_blank\" rel=\"noopener\">\n                       <span class=\"elementor-button-content-wrapper\">\n                                                  <span class=\"elementor-button-text\">Vi\u0161e<\/span>\n                       <\/span>\n                      <\/a>\n                    <\/div>\n                                  <\/div>\n              <\/div>\n            <\/li>\n                      <li class=\"swiper-slide slider-container-background\">\n              <div class=\"block-shadow slider-container-block-background\"\n                                        style=\"\n                          background-image: url('https:\/\/kbf.unsa.ba\/wp-content\/uploads\/2025\/10\/korice_neokalcedonskaBiH_hrbat-14.jpg');\n                          background-position: ;\n                          background-attachment: ;\n                          background-repeat: ;\n                          background-size: ;\n                          \" >\n                <div class=\" slider-coverflow-wrapper\n              \">\n                  <div>\n                    <h2 class=\"slide-title\">Josip KNE\u017dEVI\u0106<\/h2>\n                    <div class=\"slide-description\"\n                         style=\"line-height: 22px;\"><p><span style=\"font-size: 14px\">Neokalcedonska kristologija Leoncija Jeruzalemskog, 2024.<\/span><\/p><\/div>\n                  <\/div>\n                                      <div class=\"slide-coverflow-button-wrapper\">\n                      <a id=\"\" class=\"elementor-button slide-coverflow-button elementor-animation-pop\" href=\"https:\/\/heyzine.com\/flip-book\/8759a63f80.html\" target=\"_blank\" rel=\"noopener\">\n                       <span class=\"elementor-button-content-wrapper\">\n                                                  <span class=\"elementor-button-text\">Vi\u0161e<\/span>\n                       <\/span>\n                      <\/a>\n                    <\/div>\n                                  <\/div>\n              <\/div>\n            <\/li>\n                  <\/ul>\n        <div class=\"swiper-coverflow-buttons-block\">\n          <div class=\"swiper-button-prev swiper-coverflow-button-prev\"><\/div>\n          <div class=\"swiper-pagination swiper-coverflow-pagination\"><\/div>\n          <div class=\"swiper-button-next swiper-coverflow-button-next\"><\/div>\n        <\/div>\n      <\/section>\n      \t\t\t\t<\/div>\n\t\t\t\t<\/div>\n\t\t\t\t\t<\/div>\n\t\t\t\t<\/div>\n\t\t<div class=\"elementor-element elementor-element-9cac5fa section-s section-ioscool e-flex e-con-boxed e-con e-parent\" data-id=\"9cac5fa\" data-element_type=\"container\" data-e-type=\"container\" data-settings=\"{&quot;background_background&quot;:&quot;classic&quot;}\">\n\t\t\t\t\t<div class=\"e-con-inner\">\n\t\t\t\t<div class=\"elementor-element elementor-element-4396982 elementor-invisible elementor-widget elementor-widget-heading\" data-id=\"4396982\" data-element_type=\"widget\" data-e-type=\"widget\" data-settings=\"{&quot;_animation&quot;:&quot;fadeIn&quot;,&quot;_animation_delay&quot;:10}\" data-widget_type=\"heading.default\">\n\t\t\t\t\t<h2 class=\"elementor-heading-title elementor-size-default\">Studia Vrhbosnensia Series<\/h2>\t\t\t\t<\/div>\n\t\t\t\t<div class=\"elementor-element elementor-element-91233e7 elementor-drop-cap-yes elementor-drop-cap-view-default elementor-invisible elementor-widget elementor-widget-text-editor\" data-id=\"91233e7\" data-element_type=\"widget\" data-e-type=\"widget\" data-settings=\"{&quot;drop_cap&quot;:&quot;yes&quot;,&quot;_animation&quot;:&quot;fadeIn&quot;}\" data-widget_type=\"text-editor.default\">\n\t\t\t\t\t\t\t\t\t<p class=\"my-2 [&amp;+p]:mt-4 [&amp;_strong:has(+br)]:inline-block [&amp;_strong:has(+br)]:pb-2\">The <em><strong>Studia Vrhbosnensia<\/strong><\/em> Series is dedicated to scholarly proceedings, thematic studies, and publications related to the history, personalities, and events of particular significance for the life of the Church and the theological community in Bosnia and Herzegovina. This series bears witness to the rich heritage of the Archdiocese of Vrhbosna, the contributions of prominent individuals, and the historical turning points that have shaped the spiritual and cultural identity of this region. The publications encompass biographies and works of renowned theologians, jubilee proceedings, analyses of historical symposia, and special monographs dedicated to the most important events and anniversaries.   <\/p>\t\t\t\t\t\t\t\t<\/div>\n\t\t\t\t<div class=\"elementor-element elementor-element-98d27a0 elementor-widget-tablet__width-initial elementor-widget elementor-widget-testimonials-carousel-coverflow\" data-id=\"98d27a0\" data-element_type=\"widget\" data-e-type=\"widget\" data-settings=\"{&quot;slide&quot;:[{&quot;_id&quot;:&quot;cde4f93&quot;,&quot;slide_name&quot;:&quot;1&quot;,&quot;slide_button&quot;:&quot;Vi\\u0161e&quot;,&quot;slide_content&quot;:&quot;&lt;p&gt;&lt;span style=\\&quot;font-size: 14px;\\&quot;&gt;Katoli\\u010dka crkva u Bosni i Hercegovini u XIX i XX stolje\\u0107u, 1986.&lt;\\\/span&gt;&lt;\\\/p&gt;&quot;,&quot;slide_image&quot;:{&quot;url&quot;:&quot;https:\\\/\\\/kbf.unsa.ba\\\/wp-content\\\/uploads\\\/2025\\\/12\\\/KATOLICKA-CRKVA-U-BOSNI-I-HERECEGOVINI-1.png&quot;,&quot;id&quot;:12631,&quot;size&quot;:&quot;&quot;,&quot;alt&quot;:&quot;&quot;,&quot;source&quot;:&quot;library&quot;},&quot;slide_button_link&quot;:{&quot;url&quot;:&quot;https:\\\/\\\/heyzine.com\\\/flip-book\\\/d35ce48b05.html&quot;,&quot;is_external&quot;:&quot;&quot;,&quot;nofollow&quot;:&quot;&quot;,&quot;custom_attributes&quot;:&quot;&quot;},&quot;slide_show_image&quot;:&quot;yes&quot;,&quot;type&quot;:&quot;bg_image&quot;,&quot;slide_background_position&quot;:&quot;&quot;,&quot;slide_background_attachment&quot;:&quot;&quot;,&quot;slide_background_repeat&quot;:&quot;&quot;,&quot;slide_background_size&quot;:&quot;&quot;,&quot;slide_bg_color&quot;:null,&quot;slide_show_button&quot;:&quot;yes&quot;,&quot;lightbox&quot;:&quot;&quot;,&quot;lightbox_type&quot;:null,&quot;video&quot;:null,&quot;slide_button_css_id&quot;:&quot;&quot;},{&quot;_id&quot;:&quot;c9c9499&quot;,&quot;slide_name&quot;:&quot;2&quot;,&quot;slide_content&quot;:&quot;&lt;p&gt;&lt;span style=\\&quot;font-size: 14px;\\&quot;&gt;Tisu\\u0107u godina Trebinjske biskupije, 1988.&lt;\\\/span&gt;&lt;\\\/p&gt;&quot;,&quot;slide_button&quot;:&quot;Vi\\u0161e&quot;,&quot;slide_image&quot;:{&quot;url&quot;:&quot;https:\\\/\\\/kbf.unsa.ba\\\/wp-content\\\/uploads\\\/2025\\\/12\\\/TISUCU-GODINA-TREBINJSKE-BISKUPIJE-1.png&quot;,&quot;id&quot;:12632,&quot;size&quot;:&quot;&quot;,&quot;alt&quot;:&quot;&quot;,&quot;source&quot;:&quot;library&quot;},&quot;slide_button_link&quot;:{&quot;url&quot;:&quot;https:\\\/\\\/heyzine.com\\\/flip-book\\\/90dab56aff.html&quot;,&quot;is_external&quot;:&quot;&quot;,&quot;nofollow&quot;:&quot;&quot;,&quot;custom_attributes&quot;:&quot;&quot;},&quot;slide_show_image&quot;:&quot;yes&quot;,&quot;type&quot;:&quot;bg_image&quot;,&quot;slide_background_position&quot;:&quot;&quot;,&quot;slide_background_attachment&quot;:&quot;&quot;,&quot;slide_background_repeat&quot;:&quot;&quot;,&quot;slide_background_size&quot;:&quot;&quot;,&quot;slide_bg_color&quot;:null,&quot;slide_show_button&quot;:&quot;yes&quot;,&quot;lightbox&quot;:&quot;&quot;,&quot;lightbox_type&quot;:null,&quot;video&quot;:null,&quot;slide_button_css_id&quot;:&quot;&quot;},{&quot;_id&quot;:&quot;36aee78&quot;,&quot;slide_image&quot;:{&quot;url&quot;:&quot;https:\\\/\\\/kbf.unsa.ba\\\/wp-content\\\/uploads\\\/2025\\\/12\\\/JOSIP-STADLER-PRILOZI-ZA-PROCAVANJE-11.png&quot;,&quot;id&quot;:12087,&quot;size&quot;:&quot;&quot;,&quot;alt&quot;:&quot;&quot;,&quot;source&quot;:&quot;library&quot;},&quot;slide_name&quot;:&quot;3&quot;,&quot;slide_content&quot;:&quot;&lt;p&gt;&lt;span style=\\&quot;font-size: 14px;\\&quot;&gt;Josip Stadler : Prilozi za prou\\u010davanje duhovnog lika prvog vrhbosanskog nadbiskupa, 1989.&lt;\\\/span&gt;&lt;\\\/p&gt;&quot;,&quot;slide_button&quot;:&quot;Vi\\u0161e&quot;,&quot;slide_button_link&quot;:{&quot;url&quot;:&quot;https:\\\/\\\/heyzine.com\\\/flip-book\\\/eae2ef4921.html&quot;,&quot;is_external&quot;:&quot;&quot;,&quot;nofollow&quot;:&quot;&quot;,&quot;custom_attributes&quot;:&quot;&quot;},&quot;slide_show_image&quot;:&quot;yes&quot;,&quot;type&quot;:&quot;bg_image&quot;,&quot;slide_background_position&quot;:&quot;&quot;,&quot;slide_background_attachment&quot;:&quot;&quot;,&quot;slide_background_repeat&quot;:&quot;&quot;,&quot;slide_background_size&quot;:&quot;&quot;,&quot;slide_bg_color&quot;:null,&quot;slide_show_button&quot;:&quot;yes&quot;,&quot;lightbox&quot;:&quot;&quot;,&quot;lightbox_type&quot;:null,&quot;video&quot;:null,&quot;slide_button_css_id&quot;:&quot;&quot;},{&quot;_id&quot;:&quot;11d30df&quot;,&quot;slide_image&quot;:{&quot;url&quot;:&quot;https:\\\/\\\/kbf.unsa.ba\\\/wp-content\\\/uploads\\\/2025\\\/12\\\/KRSCANSTVO-SREDNJOVJEKOVNE-BOSNE-11.png&quot;,&quot;id&quot;:12106,&quot;size&quot;:&quot;&quot;,&quot;alt&quot;:&quot;&quot;,&quot;source&quot;:&quot;library&quot;},&quot;slide_name&quot;:&quot;4&quot;,&quot;slide_content&quot;:&quot;&lt;p&gt;&lt;span style=\\&quot;font-size: 14px;\\&quot;&gt;Kr\\u0161\\u0107anstvo srednjovjekovne Bosne : radovi simpozija povodom 9 stolje\\u0107a spominjanja Bosanske biskupije : (1089-1989), 1991.&lt;\\\/span&gt;&lt;\\\/p&gt;&quot;,&quot;slide_button&quot;:&quot;Vi\\u0161e&quot;,&quot;slide_button_link&quot;:{&quot;url&quot;:&quot;https:\\\/\\\/heyzine.com\\\/flip-book\\\/e22dc64643.html&quot;,&quot;is_external&quot;:&quot;&quot;,&quot;nofollow&quot;:&quot;&quot;,&quot;custom_attributes&quot;:&quot;&quot;},&quot;slide_show_image&quot;:&quot;yes&quot;,&quot;type&quot;:&quot;bg_image&quot;,&quot;slide_background_position&quot;:&quot;&quot;,&quot;slide_background_attachment&quot;:&quot;&quot;,&quot;slide_background_repeat&quot;:&quot;&quot;,&quot;slide_background_size&quot;:&quot;&quot;,&quot;slide_bg_color&quot;:null,&quot;slide_show_button&quot;:&quot;yes&quot;,&quot;lightbox&quot;:&quot;&quot;,&quot;lightbox_type&quot;:null,&quot;video&quot;:null,&quot;slide_button_css_id&quot;:&quot;&quot;},{&quot;_id&quot;:&quot;b1a97ab&quot;,&quot;slide_name&quot;:&quot;5&quot;,&quot;slide_content&quot;:&quot;&lt;p&gt;&lt;span style=\\&quot;font-size: 14px;\\&quot;&gt;Vrhbosanska katoli\\u010dka bogoslovija : 1890-1990. : zbornik radova znanstvenoga simpozija odr\\u017eanog u Sarajevu 3. i 4. srpnja 1991. prigodom obilje\\u017eavanja stote obljetnice postojanja Bogoslovije, 1993.&lt;\\\/span&gt;&lt;\\\/p&gt;&quot;,&quot;slide_button&quot;:&quot;Vi\\u0161e&quot;,&quot;slide_image&quot;:{&quot;url&quot;:&quot;https:\\\/\\\/kbf.unsa.ba\\\/wp-content\\\/uploads\\\/2025\\\/12\\\/VRHBOSANSKA-KATOLICKA-BOGOSLOVIJA-1.png&quot;,&quot;id&quot;:12634,&quot;size&quot;:&quot;&quot;,&quot;alt&quot;:&quot;&quot;,&quot;source&quot;:&quot;library&quot;},&quot;slide_show_image&quot;:&quot;yes&quot;,&quot;type&quot;:&quot;bg_image&quot;,&quot;slide_background_position&quot;:&quot;&quot;,&quot;slide_background_attachment&quot;:&quot;&quot;,&quot;slide_background_repeat&quot;:&quot;&quot;,&quot;slide_background_size&quot;:&quot;&quot;,&quot;slide_bg_color&quot;:null,&quot;slide_show_button&quot;:&quot;yes&quot;,&quot;lightbox&quot;:&quot;&quot;,&quot;lightbox_type&quot;:null,&quot;video&quot;:null,&quot;slide_button_link&quot;:{&quot;url&quot;:&quot;&quot;,&quot;is_external&quot;:&quot;&quot;,&quot;nofollow&quot;:&quot;&quot;,&quot;custom_attributes&quot;:&quot;&quot;},&quot;slide_button_css_id&quot;:&quot;&quot;},{&quot;_id&quot;:&quot;2cca786&quot;,&quot;slide_image&quot;:{&quot;url&quot;:&quot;https:\\\/\\\/kbf.unsa.ba\\\/wp-content\\\/uploads\\\/2025\\\/12\\\/ISUSOVE-PARADOKSALNE-IZREKE-9.png&quot;,&quot;id&quot;:12081,&quot;size&quot;:&quot;&quot;,&quot;alt&quot;:&quot;&quot;,&quot;source&quot;:&quot;library&quot;},&quot;slide_name&quot;:&quot;6&quot;,&quot;slide_content&quot;:&quot;&lt;p&gt;&lt;span style=\\&quot;font-size: 14px;\\&quot;&gt;Isusove paradoksalne izreke, 1994.&lt;\\\/span&gt;&lt;\\\/p&gt;&quot;,&quot;slide_button&quot;:&quot;Vi\\u0161e&quot;,&quot;slide_button_link&quot;:{&quot;url&quot;:&quot;https:\\\/\\\/heyzine.com\\\/flip-book\\\/95121e3924.html&quot;,&quot;is_external&quot;:&quot;&quot;,&quot;nofollow&quot;:&quot;&quot;,&quot;custom_attributes&quot;:&quot;&quot;},&quot;slide_show_image&quot;:&quot;yes&quot;,&quot;type&quot;:&quot;bg_image&quot;,&quot;slide_background_position&quot;:&quot;&quot;,&quot;slide_background_attachment&quot;:&quot;&quot;,&quot;slide_background_repeat&quot;:&quot;&quot;,&quot;slide_background_size&quot;:&quot;&quot;,&quot;slide_bg_color&quot;:null,&quot;slide_show_button&quot;:&quot;yes&quot;,&quot;lightbox&quot;:&quot;&quot;,&quot;lightbox_type&quot;:null,&quot;video&quot;:null,&quot;slide_button_css_id&quot;:&quot;&quot;},{&quot;_id&quot;:&quot;718fea2&quot;,&quot;slide_image&quot;:{&quot;url&quot;:&quot;https:\\\/\\\/kbf.unsa.ba\\\/wp-content\\\/uploads\\\/2025\\\/12\\\/CRTAJTE-GRANICE.png&quot;,&quot;id&quot;:12070,&quot;size&quot;:&quot;&quot;,&quot;alt&quot;:&quot;&quot;,&quot;source&quot;:&quot;library&quot;},&quot;slide_name&quot;:&quot;7&quot;,&quot;slide_content&quot;:&quot;&lt;p&gt;&lt;span style=\\&quot;font-size: 14px;\\&quot;&gt;Crtajte granice, ne precrtajte ljude : zbornik radova u povodu imenovanja vrhbosanskog nadbiskupa Vinka Pulji\\u0107a kardinalom, 1995.&lt;\\\/span&gt;&lt;\\\/p&gt;&quot;,&quot;slide_button&quot;:&quot;Vi\\u0161e&quot;,&quot;slide_button_link&quot;:{&quot;url&quot;:&quot;https:\\\/\\\/heyzine.com\\\/flip-book\\\/8970d9f4a6.html&quot;,&quot;is_external&quot;:&quot;&quot;,&quot;nofollow&quot;:&quot;&quot;,&quot;custom_attributes&quot;:&quot;&quot;},&quot;slide_show_image&quot;:&quot;yes&quot;,&quot;type&quot;:&quot;bg_image&quot;,&quot;slide_background_position&quot;:&quot;&quot;,&quot;slide_background_attachment&quot;:&quot;&quot;,&quot;slide_background_repeat&quot;:&quot;&quot;,&quot;slide_background_size&quot;:&quot;&quot;,&quot;slide_bg_color&quot;:null,&quot;slide_show_button&quot;:&quot;yes&quot;,&quot;lightbox&quot;:&quot;&quot;,&quot;lightbox_type&quot;:null,&quot;video&quot;:null,&quot;slide_button_css_id&quot;:&quot;&quot;},{&quot;_id&quot;:&quot;75820eb&quot;,&quot;slide_image&quot;:{&quot;url&quot;:&quot;https:\\\/\\\/kbf.unsa.ba\\\/wp-content\\\/uploads\\\/2025\\\/12\\\/STOLJECE-VRHBOSNE-10.png&quot;,&quot;id&quot;:12128,&quot;size&quot;:&quot;&quot;,&quot;alt&quot;:&quot;&quot;,&quot;source&quot;:&quot;library&quot;},&quot;slide_name&quot;:&quot;8&quot;,&quot;slide_content&quot;:&quot;&lt;p&gt;&lt;span style=\\&quot;font-size: 14px;\\&quot;&gt;Stolje\\u0107e Vrhbosne : 1887-1987. : radovi studijskih dana, odr\\u017eanih 25. i 26. studenog 1987. u Sarajevu u povodu stote obljetnice po\\u010detka izla\\u017eenja revije Vrhbosna, s kazalom autora \\u010dlanaka i sadr\\u017eajem godi\\u0161ta, 1996.&lt;\\\/span&gt;&lt;\\\/p&gt;&quot;,&quot;slide_button&quot;:&quot;Vi\\u0161e&quot;,&quot;slide_button_link&quot;:{&quot;url&quot;:&quot;https:\\\/\\\/heyzine.com\\\/flip-book\\\/a728b9708a.html&quot;,&quot;is_external&quot;:&quot;&quot;,&quot;nofollow&quot;:&quot;&quot;,&quot;custom_attributes&quot;:&quot;&quot;},&quot;slide_show_image&quot;:&quot;yes&quot;,&quot;type&quot;:&quot;bg_image&quot;,&quot;slide_background_position&quot;:&quot;&quot;,&quot;slide_background_attachment&quot;:&quot;&quot;,&quot;slide_background_repeat&quot;:&quot;&quot;,&quot;slide_background_size&quot;:&quot;&quot;,&quot;slide_bg_color&quot;:null,&quot;slide_show_button&quot;:&quot;yes&quot;,&quot;lightbox&quot;:&quot;&quot;,&quot;lightbox_type&quot;:null,&quot;video&quot;:null,&quot;slide_button_css_id&quot;:&quot;&quot;},{&quot;_id&quot;:&quot;73a3025&quot;,&quot;slide_image&quot;:{&quot;url&quot;:&quot;https:\\\/\\\/kbf.unsa.ba\\\/wp-content\\\/uploads\\\/2025\\\/12\\\/ZIVOT-U-SLUZBI-RIJECI-CEDOMIL-CEKADA-9.png&quot;,&quot;id&quot;:12158,&quot;size&quot;:&quot;&quot;,&quot;alt&quot;:&quot;&quot;,&quot;source&quot;:&quot;library&quot;},&quot;slide_name&quot;:&quot;9&quot;,&quot;slide_content&quot;:&quot;&lt;p&gt;&lt;span style=\\&quot;font-size: 14px;\\&quot;&gt;\\u017divot u slu\\u017ebi Rije\\u010di - \\u010cedomil \\u010cekada : zbornik radova simpozija o \\u010cedomilu \\u010cekadi, odr\\u017eanog 14. i 15. o\\u017eujka 1997. prigodom obilje\\u017eavanja stote obljetnice njegova ro\\u0111enja i popis \\u010cekadinih pisanih radova, 1997.&lt;\\\/span&gt;&lt;\\\/p&gt;&quot;,&quot;slide_button&quot;:&quot;Vi\\u0161e&quot;,&quot;slide_button_link&quot;:{&quot;url&quot;:&quot;https:\\\/\\\/heyzine.com\\\/flip-book\\\/ee46f0f5d2.html&quot;,&quot;is_external&quot;:&quot;&quot;,&quot;nofollow&quot;:&quot;&quot;,&quot;custom_attributes&quot;:&quot;&quot;},&quot;slide_show_image&quot;:&quot;yes&quot;,&quot;type&quot;:&quot;bg_image&quot;,&quot;slide_background_position&quot;:&quot;&quot;,&quot;slide_background_attachment&quot;:&quot;&quot;,&quot;slide_background_repeat&quot;:&quot;&quot;,&quot;slide_background_size&quot;:&quot;&quot;,&quot;slide_bg_color&quot;:null,&quot;slide_show_button&quot;:&quot;yes&quot;,&quot;lightbox&quot;:&quot;&quot;,&quot;lightbox_type&quot;:null,&quot;video&quot;:null,&quot;slide_button_css_id&quot;:&quot;&quot;},{&quot;_id&quot;:&quot;4231472&quot;,&quot;slide_image&quot;:{&quot;url&quot;:&quot;https:\\\/\\\/kbf.unsa.ba\\\/wp-content\\\/uploads\\\/2025\\\/12\\\/KATOLICKA-CRKVA-NA-PODRUCJU-DANASNJE-BANJALUCKE-10.png&quot;,&quot;id&quot;:12090,&quot;size&quot;:&quot;&quot;,&quot;alt&quot;:&quot;&quot;,&quot;source&quot;:&quot;library&quot;},&quot;slide_name&quot;:&quot;10&quot;,&quot;slide_content&quot;:&quot;&lt;p&gt;&lt;span style=\\&quot;font-size: 14px;\\&quot;&gt;Katoli\\u010dka crkva na podru\\u010dju dana\\u0161nje Banjalu\\u010dke biskupije do invazije Turaka : topolo\\u0161ke i povijesne crtice, 1998.&lt;\\\/span&gt;&lt;\\\/p&gt;&quot;,&quot;slide_button&quot;:&quot;Vi\\u0161e&quot;,&quot;slide_button_link&quot;:{&quot;url&quot;:&quot;https:\\\/\\\/heyzine.com\\\/flip-book\\\/c8d8b280d8.html&quot;,&quot;is_external&quot;:&quot;&quot;,&quot;nofollow&quot;:&quot;&quot;,&quot;custom_attributes&quot;:&quot;&quot;},&quot;slide_show_image&quot;:&quot;yes&quot;,&quot;type&quot;:&quot;bg_image&quot;,&quot;slide_background_position&quot;:&quot;&quot;,&quot;slide_background_attachment&quot;:&quot;&quot;,&quot;slide_background_repeat&quot;:&quot;&quot;,&quot;slide_background_size&quot;:&quot;&quot;,&quot;slide_bg_color&quot;:null,&quot;slide_show_button&quot;:&quot;yes&quot;,&quot;lightbox&quot;:&quot;&quot;,&quot;lightbox_type&quot;:null,&quot;video&quot;:null,&quot;slide_button_css_id&quot;:&quot;&quot;},{&quot;_id&quot;:&quot;ab50328&quot;,&quot;slide_image&quot;:{&quot;url&quot;:&quot;https:\\\/\\\/kbf.unsa.ba\\\/wp-content\\\/uploads\\\/2025\\\/12\\\/JOSIP-STADLER-ZIVOT-I-DJELO-14.png&quot;,&quot;id&quot;:12088,&quot;size&quot;:&quot;&quot;,&quot;alt&quot;:&quot;&quot;,&quot;source&quot;:&quot;library&quot;},&quot;slide_name&quot;:&quot;11&quot;,&quot;slide_content&quot;:&quot;&lt;p&gt;&lt;span style=\\&quot;font-size: 14px;\\&quot;&gt;Josip Stadler : \\u017eivot i djelo : zbornik radova me\\u0111unarodnih znanstvenih skupova o dr. Josipu Stadleru, odr\\u017eanih od 21. do 24. rujna 1998. u Sarajevu i 12. studenoga 1998. u Zagrebu prigodom 80. obljetnice smrti prvoga vrhbosanskoga nadbiskupa, 1999.&lt;\\\/span&gt;&lt;\\\/p&gt;&quot;,&quot;slide_button&quot;:&quot;Vi\\u0161e&quot;,&quot;slide_button_link&quot;:{&quot;url&quot;:&quot;https:\\\/\\\/heyzine.com\\\/flip-book\\\/d6eff6bb14.html&quot;,&quot;is_external&quot;:&quot;&quot;,&quot;nofollow&quot;:&quot;&quot;,&quot;custom_attributes&quot;:&quot;&quot;},&quot;slide_show_image&quot;:&quot;yes&quot;,&quot;type&quot;:&quot;bg_image&quot;,&quot;slide_background_position&quot;:&quot;&quot;,&quot;slide_background_attachment&quot;:&quot;&quot;,&quot;slide_background_repeat&quot;:&quot;&quot;,&quot;slide_background_size&quot;:&quot;&quot;,&quot;slide_bg_color&quot;:null,&quot;slide_show_button&quot;:&quot;yes&quot;,&quot;lightbox&quot;:&quot;&quot;,&quot;lightbox_type&quot;:null,&quot;video&quot;:null,&quot;slide_button_css_id&quot;:&quot;&quot;},{&quot;_id&quot;:&quot;f78b3fc&quot;,&quot;slide_image&quot;:{&quot;url&quot;:&quot;https:\\\/\\\/kbf.unsa.ba\\\/wp-content\\\/uploads\\\/2025\\\/12\\\/OBNOVA-REDOVNE-CRKVENE-HIJERARHIJE-11.png&quot;,&quot;id&quot;:12116,&quot;size&quot;:&quot;&quot;,&quot;alt&quot;:&quot;&quot;,&quot;source&quot;:&quot;library&quot;},&quot;slide_name&quot;:&quot;12&quot;,&quot;slide_content&quot;:&quot;&lt;p&gt;&lt;span style=\\&quot;font-size: 14px;\\&quot;&gt;Obnova redovne crkvene hijerarhije u Bosni i Hercegovini i pitanje pravnog ure\\u0111enja \\u017eupa (1881-1883) : povijesno-pravni rad na temelju neobjavljenih dokumenata, 2001.&lt;\\\/span&gt;&lt;\\\/p&gt;&quot;,&quot;slide_button&quot;:&quot;Vi\\u0161e&quot;,&quot;slide_button_link&quot;:{&quot;url&quot;:&quot;https:\\\/\\\/heyzine.com\\\/flip-book\\\/074c65dac2.html&quot;,&quot;is_external&quot;:&quot;&quot;,&quot;nofollow&quot;:&quot;&quot;,&quot;custom_attributes&quot;:&quot;&quot;},&quot;slide_show_image&quot;:&quot;yes&quot;,&quot;type&quot;:&quot;bg_image&quot;,&quot;slide_background_position&quot;:&quot;&quot;,&quot;slide_background_attachment&quot;:&quot;&quot;,&quot;slide_background_repeat&quot;:&quot;&quot;,&quot;slide_background_size&quot;:&quot;&quot;,&quot;slide_bg_color&quot;:null,&quot;slide_show_button&quot;:&quot;yes&quot;,&quot;lightbox&quot;:&quot;&quot;,&quot;lightbox_type&quot;:null,&quot;video&quot;:null,&quot;slide_button_css_id&quot;:&quot;&quot;},{&quot;_id&quot;:&quot;134a5f6&quot;,&quot;slide_image&quot;:{&quot;url&quot;:&quot;https:\\\/\\\/kbf.unsa.ba\\\/wp-content\\\/uploads\\\/2025\\\/12\\\/IVAN-SARIC-VRHBOSANSKI-NADBISKUP-9.png&quot;,&quot;id&quot;:12083,&quot;size&quot;:&quot;&quot;,&quot;alt&quot;:&quot;&quot;,&quot;source&quot;:&quot;library&quot;},&quot;slide_name&quot;:&quot;13&quot;,&quot;slide_content&quot;:&quot;&lt;p&gt;&lt;span style=\\&quot;font-size: 14px;\\&quot;&gt;Ivan \\u0160ari\\u0107, vrhbosanski nadbiskup : zbornik radova znanstvenoga skupa o dr. Ivanu \\u0160ari\\u0107u odr\\u017eanog 19. sije\\u010dnja 2002. u Sarajevu, 2007.&lt;\\\/span&gt;&lt;\\\/p&gt;&quot;,&quot;slide_button&quot;:&quot;Vi\\u0161e&quot;,&quot;slide_button_link&quot;:{&quot;url&quot;:&quot;https:\\\/\\\/heyzine.com\\\/flip-book\\\/c1eeec7ce3.html&quot;,&quot;is_external&quot;:&quot;&quot;,&quot;nofollow&quot;:&quot;&quot;,&quot;custom_attributes&quot;:&quot;&quot;},&quot;slide_show_image&quot;:&quot;yes&quot;,&quot;type&quot;:&quot;bg_image&quot;,&quot;slide_background_position&quot;:&quot;&quot;,&quot;slide_background_attachment&quot;:&quot;&quot;,&quot;slide_background_repeat&quot;:&quot;&quot;,&quot;slide_background_size&quot;:&quot;&quot;,&quot;slide_bg_color&quot;:null,&quot;slide_show_button&quot;:&quot;yes&quot;,&quot;lightbox&quot;:&quot;&quot;,&quot;lightbox_type&quot;:null,&quot;video&quot;:null,&quot;slide_button_css_id&quot;:&quot;&quot;},{&quot;_id&quot;:&quot;c3b6fcf&quot;,&quot;slide_image&quot;:{&quot;url&quot;:&quot;https:\\\/\\\/kbf.unsa.ba\\\/wp-content\\\/uploads\\\/2025\\\/12\\\/U-SLUZBI-RIJECI-I-BOZJEG-NARODA-12.png&quot;,&quot;id&quot;:12137,&quot;size&quot;:&quot;&quot;,&quot;alt&quot;:&quot;&quot;,&quot;source&quot;:&quot;library&quot;},&quot;slide_name&quot;:&quot;14&quot;,&quot;slide_content&quot;:&quot;&lt;p&gt;&lt;span style=\\&quot;font-size: 14px;\\&quot;&gt;U slu\\u017ebi rije\\u010di i Bo\\u017ejega naroda : zbornik radova u \\u010dast mons. dr. Mati Zovki\\u0107u u povodu 70. obljetnice \\u017eivota i 35 godina profesorskog djelovanja, 2007.&lt;\\\/span&gt;&lt;\\\/p&gt;&quot;,&quot;slide_button&quot;:&quot;Vi\\u0161e&quot;,&quot;slide_show_image&quot;:&quot;yes&quot;,&quot;type&quot;:&quot;bg_image&quot;,&quot;slide_background_position&quot;:&quot;&quot;,&quot;slide_background_attachment&quot;:&quot;&quot;,&quot;slide_background_repeat&quot;:&quot;&quot;,&quot;slide_background_size&quot;:&quot;&quot;,&quot;slide_bg_color&quot;:null,&quot;slide_show_button&quot;:&quot;yes&quot;,&quot;lightbox&quot;:&quot;&quot;,&quot;lightbox_type&quot;:null,&quot;video&quot;:null,&quot;slide_button_link&quot;:{&quot;url&quot;:&quot;&quot;,&quot;is_external&quot;:&quot;&quot;,&quot;nofollow&quot;:&quot;&quot;,&quot;custom_attributes&quot;:&quot;&quot;},&quot;slide_button_css_id&quot;:&quot;&quot;},{&quot;_id&quot;:&quot;0b61f68&quot;,&quot;slide_image&quot;:{&quot;url&quot;:&quot;https:\\\/\\\/kbf.unsa.ba\\\/wp-content\\\/uploads\\\/2025\\\/12\\\/120.-obljetnica-Bogoslovije.png&quot;,&quot;id&quot;:12065,&quot;size&quot;:&quot;&quot;,&quot;alt&quot;:&quot;&quot;,&quot;source&quot;:&quot;library&quot;},&quot;slide_name&quot;:&quot;15&quot;,&quot;slide_content&quot;:&quot;&lt;p&gt;120. obljetnica Bogoslovije, 2011.&lt;\\\/p&gt;&quot;,&quot;slide_button&quot;:&quot;Vi\\u0161e&quot;,&quot;slide_button_link&quot;:{&quot;url&quot;:&quot;https:\\\/\\\/heyzine.com\\\/flip-book\\\/9f7fe21945.html&quot;,&quot;is_external&quot;:&quot;&quot;,&quot;nofollow&quot;:&quot;&quot;,&quot;custom_attributes&quot;:&quot;&quot;},&quot;slide_show_image&quot;:&quot;yes&quot;,&quot;type&quot;:&quot;bg_image&quot;,&quot;slide_background_position&quot;:&quot;&quot;,&quot;slide_background_attachment&quot;:&quot;&quot;,&quot;slide_background_repeat&quot;:&quot;&quot;,&quot;slide_background_size&quot;:&quot;&quot;,&quot;slide_bg_color&quot;:null,&quot;slide_show_button&quot;:&quot;yes&quot;,&quot;lightbox&quot;:&quot;&quot;,&quot;lightbox_type&quot;:null,&quot;video&quot;:null,&quot;slide_button_css_id&quot;:&quot;&quot;},{&quot;_id&quot;:&quot;a79fc87&quot;,&quot;slide_image&quot;:{&quot;url&quot;:&quot;https:\\\/\\\/kbf.unsa.ba\\\/wp-content\\\/uploads\\\/2025\\\/12\\\/Tvoja-rijec-e1765024571922.jpeg&quot;,&quot;id&quot;:12136,&quot;size&quot;:&quot;&quot;,&quot;alt&quot;:&quot;&quot;,&quot;source&quot;:&quot;library&quot;},&quot;slide_name&quot;:&quot;16&quot;,&quot;slide_content&quot;:&quot;&lt;p&gt;Tvoja rije\\u010d nozi je mojoj svjetiljka : zbornik radova povodom 70 godina \\u017eivota i 32 godine profesorskog djelovanja na Katoli\\u010dkom bogoslovnom fakultetu u Sarajevu mr. sc. Bo\\u017ee Odoba\\u0161i\\u0107a, 2012.&lt;\\\/p&gt;&quot;,&quot;slide_button&quot;:&quot;Vi\\u0161e&quot;,&quot;slide_button_link&quot;:{&quot;url&quot;:&quot;https:\\\/\\\/heyzine.com\\\/flip-book\\\/6f4dbc5d6b.html&quot;,&quot;is_external&quot;:&quot;&quot;,&quot;nofollow&quot;:&quot;&quot;,&quot;custom_attributes&quot;:&quot;&quot;},&quot;slide_show_image&quot;:&quot;yes&quot;,&quot;type&quot;:&quot;bg_image&quot;,&quot;slide_background_position&quot;:&quot;&quot;,&quot;slide_background_attachment&quot;:&quot;&quot;,&quot;slide_background_repeat&quot;:&quot;&quot;,&quot;slide_background_size&quot;:&quot;&quot;,&quot;slide_bg_color&quot;:null,&quot;slide_show_button&quot;:&quot;yes&quot;,&quot;lightbox&quot;:&quot;&quot;,&quot;lightbox_type&quot;:null,&quot;video&quot;:null,&quot;slide_button_css_id&quot;:&quot;&quot;},{&quot;_id&quot;:&quot;71e5423&quot;,&quot;slide_image&quot;:{&quot;url&quot;:&quot;https:\\\/\\\/kbf.unsa.ba\\\/wp-content\\\/uploads\\\/2025\\\/12\\\/Za-slobodu-stvoreni.jpeg&quot;,&quot;id&quot;:12145,&quot;size&quot;:&quot;&quot;,&quot;alt&quot;:&quot;&quot;,&quot;source&quot;:&quot;library&quot;},&quot;slide_name&quot;:&quot;17&quot;,&quot;slide_content&quot;:&quot;&lt;p&gt;&lt;span style=\\&quot;font-size: 14px;\\&quot;&gt;Za slobodu stvoreni : zbornik radova povodom 70 godina \\u017eivota i 35 godina profesorskog djelovanja na Katoli\\u010dkom bogoslovnom fakultetu u Sarajevu prof. dr. sci. Tomislava Jozi\\u0107a, 2013.&lt;\\\/span&gt;&lt;\\\/p&gt;&quot;,&quot;slide_button&quot;:&quot;Vi\\u0161e&quot;,&quot;slide_button_link&quot;:{&quot;url&quot;:&quot;https:\\\/\\\/heyzine.com\\\/flip-book\\\/898575cd91.html&quot;,&quot;is_external&quot;:&quot;&quot;,&quot;nofollow&quot;:&quot;&quot;,&quot;custom_attributes&quot;:&quot;&quot;},&quot;slide_show_image&quot;:&quot;yes&quot;,&quot;type&quot;:&quot;bg_image&quot;,&quot;slide_background_position&quot;:&quot;&quot;,&quot;slide_background_attachment&quot;:&quot;&quot;,&quot;slide_background_repeat&quot;:&quot;&quot;,&quot;slide_background_size&quot;:&quot;&quot;,&quot;slide_bg_color&quot;:null,&quot;slide_show_button&quot;:&quot;yes&quot;,&quot;lightbox&quot;:&quot;&quot;,&quot;lightbox_type&quot;:null,&quot;video&quot;:null,&quot;slide_button_css_id&quot;:&quot;&quot;},{&quot;slide_content&quot;:&quot;&lt;p&gt;Krunoslav Stjepan Draganovi\\u0107 - sve\\u0107enik, povjesni\\u010dar i rodoljub : zbornik radova s Me\\u0111unarodnoga znanstvenog simpozija o Krunoslavu Stjepanu Draganovi\\u0107u povodom 110. obljetnice ro\\u0111enja i 30. obljetnice smrti odr\\u017eanom na Katoli\\u010dkom bogoslovnom fakultetu u Sarajevu od 8.-10. 11. 2013. godine, 2014.&lt;\\\/p&gt;&quot;,&quot;slide_image&quot;:{&quot;url&quot;:&quot;https:\\\/\\\/kbf.unsa.ba\\\/wp-content\\\/uploads\\\/2025\\\/11\\\/Krunoslav-Draganovic.jpeg&quot;,&quot;id&quot;:10459,&quot;size&quot;:&quot;&quot;,&quot;alt&quot;:&quot;&quot;,&quot;source&quot;:&quot;library&quot;},&quot;slide_name&quot;:&quot;18&quot;,&quot;_id&quot;:&quot;802bef1&quot;,&quot;slide_button&quot;:&quot;Vi\\u0161e&quot;,&quot;slide_button_link&quot;:{&quot;url&quot;:&quot;https:\\\/\\\/heyzine.com\\\/flip-book\\\/e56ed3b80d.html&quot;,&quot;is_external&quot;:&quot;&quot;,&quot;nofollow&quot;:&quot;&quot;,&quot;custom_attributes&quot;:&quot;&quot;},&quot;slide_show_image&quot;:&quot;yes&quot;,&quot;type&quot;:&quot;bg_image&quot;,&quot;slide_background_position&quot;:&quot;&quot;,&quot;slide_background_attachment&quot;:&quot;&quot;,&quot;slide_background_repeat&quot;:&quot;&quot;,&quot;slide_background_size&quot;:&quot;&quot;,&quot;slide_bg_color&quot;:null,&quot;slide_show_button&quot;:&quot;yes&quot;,&quot;lightbox&quot;:&quot;&quot;,&quot;lightbox_type&quot;:null,&quot;video&quot;:null,&quot;slide_button_css_id&quot;:&quot;&quot;},{&quot;slide_content&quot;:&quot;&lt;p&gt;Vrhbosanska mjesna Crkva i njezin kardinal : zbornik radova povodom 75. godine \\u017eivota, 50. obljetnice sve\\u0107eni\\u010dke slu\\u017ebe, 30. obljetnice biskupske slu\\u017ebe i 25. obljetnice kardinalske slu\\u017ebe Vinka Pulji\\u0107a, 2020.&lt;\\\/p&gt;&quot;,&quot;slide_image&quot;:{&quot;url&quot;:&quot;https:\\\/\\\/kbf.unsa.ba\\\/wp-content\\\/uploads\\\/2025\\\/12\\\/Vrhbosanska-mjesna-Crkva-e1765023256192.jpg&quot;,&quot;id&quot;:12176,&quot;size&quot;:&quot;&quot;,&quot;alt&quot;:&quot;&quot;,&quot;source&quot;:&quot;library&quot;},&quot;slide_name&quot;:&quot;19&quot;,&quot;_id&quot;:&quot;d2f8759&quot;,&quot;slide_button&quot;:&quot;Vi\\u0161e&quot;,&quot;slide_button_link&quot;:{&quot;url&quot;:&quot;https:\\\/\\\/heyzine.com\\\/flip-book\\\/93d3c28032.html&quot;,&quot;is_external&quot;:&quot;&quot;,&quot;nofollow&quot;:&quot;&quot;,&quot;custom_attributes&quot;:&quot;&quot;},&quot;slide_show_image&quot;:&quot;yes&quot;,&quot;type&quot;:&quot;bg_image&quot;,&quot;slide_background_position&quot;:&quot;&quot;,&quot;slide_background_attachment&quot;:&quot;&quot;,&quot;slide_background_repeat&quot;:&quot;&quot;,&quot;slide_background_size&quot;:&quot;&quot;,&quot;slide_bg_color&quot;:null,&quot;slide_show_button&quot;:&quot;yes&quot;,&quot;lightbox&quot;:&quot;&quot;,&quot;lightbox_type&quot;:null,&quot;video&quot;:null,&quot;slide_button_css_id&quot;:&quot;&quot;}],&quot;slide_depth&quot;:50,&quot;autoplay_speed&quot;:2000,&quot;slides_to_show_tablet&quot;:&quot;3&quot;,&quot;slider_random&quot;:&quot;no&quot;,&quot;slide_shadows&quot;:&quot;yes&quot;,&quot;slider_loop&quot;:&quot;yes&quot;,&quot;autoplay&quot;:&quot;yes&quot;,&quot;disable_interaction&quot;:&quot;yes&quot;,&quot;navigation&quot;:&quot;dots&quot;}\" data-widget_type=\"testimonials-carousel-coverflow.default\">\n\t\t\t\t<div class=\"elementor-widget-container\">\n\t\t\t\t\t\n      <section class=\"swiper mySwiper mySwiperCoverflow slider-arrows-disabled\">\n        <ul class=\"swiper-wrapper\" role=\"list\">\n                      <li class=\"swiper-slide slider-container-background\">\n              <div class=\"block-shadow slider-container-block-background\"\n                                        style=\"\n                          background-image: url('https:\/\/kbf.unsa.ba\/wp-content\/uploads\/2025\/12\/KATOLICKA-CRKVA-U-BOSNI-I-HERECEGOVINI-1.png');\n                          background-position: ;\n                          background-attachment: ;\n                          background-repeat: ;\n                          background-size: ;\n                          \" >\n                <div class=\" slider-coverflow-wrapper\n              \">\n                  <div>\n                    <h2 class=\"slide-title\">1<\/h2>\n                    <div class=\"slide-description\"\n                         style=\"line-height: 22px;\"><p><span style=\"font-size: 14px\">Katoli\u010dka crkva u Bosni i Hercegovini u XIX i XX stolje\u0107u, 1986.<\/span><\/p><\/div>\n                  <\/div>\n                                      <div class=\"slide-coverflow-button-wrapper\">\n                      <a id=\"\" class=\"elementor-button slide-coverflow-button elementor-animation-pop\" href=\"https:\/\/heyzine.com\/flip-book\/d35ce48b05.html\" target=\"_blank\" rel=\"noopener\">\n                       <span class=\"elementor-button-content-wrapper\">\n                                                  <span class=\"elementor-button-text\">Vi\u0161e<\/span>\n                       <\/span>\n                      <\/a>\n                    <\/div>\n                                  <\/div>\n              <\/div>\n            <\/li>\n                      <li class=\"swiper-slide slider-container-background\">\n              <div class=\"block-shadow slider-container-block-background\"\n                                        style=\"\n                          background-image: url('https:\/\/kbf.unsa.ba\/wp-content\/uploads\/2025\/12\/TISUCU-GODINA-TREBINJSKE-BISKUPIJE-1.png');\n                          background-position: ;\n                          background-attachment: ;\n                          background-repeat: ;\n                          background-size: ;\n                          \" >\n                <div class=\" slider-coverflow-wrapper\n              \">\n                  <div>\n                    <h2 class=\"slide-title\">2<\/h2>\n                    <div class=\"slide-description\"\n                         style=\"line-height: 22px;\"><p><span style=\"font-size: 14px\">Tisu\u0107u godina Trebinjske biskupije, 1988.<\/span><\/p><\/div>\n                  <\/div>\n                                      <div class=\"slide-coverflow-button-wrapper\">\n                      <a id=\"\" class=\"elementor-button slide-coverflow-button elementor-animation-pop\" href=\"https:\/\/heyzine.com\/flip-book\/90dab56aff.html\" target=\"_blank\" rel=\"noopener\">\n                       <span class=\"elementor-button-content-wrapper\">\n                                                  <span class=\"elementor-button-text\">Vi\u0161e<\/span>\n                       <\/span>\n                      <\/a>\n                    <\/div>\n                                  <\/div>\n              <\/div>\n            <\/li>\n                      <li class=\"swiper-slide slider-container-background\">\n              <div class=\"block-shadow slider-container-block-background\"\n                                        style=\"\n                          background-image: url('https:\/\/kbf.unsa.ba\/wp-content\/uploads\/2025\/12\/JOSIP-STADLER-PRILOZI-ZA-PROCAVANJE-11.png');\n                          background-position: ;\n                          background-attachment: ;\n                          background-repeat: ;\n                          background-size: ;\n                          \" >\n                <div class=\" slider-coverflow-wrapper\n              \">\n                  <div>\n                    <h2 class=\"slide-title\">3<\/h2>\n                    <div class=\"slide-description\"\n                         style=\"line-height: 22px;\"><p><span style=\"font-size: 14px\">Josip Stadler : Prilozi za prou\u010davanje duhovnog lika prvog vrhbosanskog nadbiskupa, 1989.<\/span><\/p><\/div>\n                  <\/div>\n                                      <div class=\"slide-coverflow-button-wrapper\">\n                      <a id=\"\" class=\"elementor-button slide-coverflow-button elementor-animation-pop\" href=\"https:\/\/heyzine.com\/flip-book\/eae2ef4921.html\" target=\"_blank\" rel=\"noopener\">\n                       <span class=\"elementor-button-content-wrapper\">\n                                                  <span class=\"elementor-button-text\">Vi\u0161e<\/span>\n                       <\/span>\n                      <\/a>\n                    <\/div>\n                                  <\/div>\n              <\/div>\n            <\/li>\n                      <li class=\"swiper-slide slider-container-background\">\n              <div class=\"block-shadow slider-container-block-background\"\n                                        style=\"\n                          background-image: url('https:\/\/kbf.unsa.ba\/wp-content\/uploads\/2025\/12\/KRSCANSTVO-SREDNJOVJEKOVNE-BOSNE-11.png');\n                          background-position: ;\n                          background-attachment: ;\n                          background-repeat: ;\n                          background-size: ;\n                          \" >\n                <div class=\" slider-coverflow-wrapper\n              \">\n                  <div>\n                    <h2 class=\"slide-title\">4<\/h2>\n                    <div class=\"slide-description\"\n                         style=\"line-height: 22px;\"><p><span style=\"font-size: 14px\">Kr\u0161\u0107anstvo srednjovjekovne Bosne : radovi simpozija povodom 9 stolje\u0107a spominjanja Bosanske biskupije : (1089-1989), 1991.<\/span><\/p><\/div>\n                  <\/div>\n                                      <div class=\"slide-coverflow-button-wrapper\">\n                      <a id=\"\" class=\"elementor-button slide-coverflow-button elementor-animation-pop\" href=\"https:\/\/heyzine.com\/flip-book\/e22dc64643.html\" target=\"_blank\" rel=\"noopener\">\n                       <span class=\"elementor-button-content-wrapper\">\n                                                  <span class=\"elementor-button-text\">Vi\u0161e<\/span>\n                       <\/span>\n                      <\/a>\n                    <\/div>\n                                  <\/div>\n              <\/div>\n            <\/li>\n                      <li class=\"swiper-slide slider-container-background\">\n              <div class=\"block-shadow slider-container-block-background\"\n                                        style=\"\n                          background-image: url('https:\/\/kbf.unsa.ba\/wp-content\/uploads\/2025\/12\/VRHBOSANSKA-KATOLICKA-BOGOSLOVIJA-1.png');\n                          background-position: ;\n                          background-attachment: ;\n                          background-repeat: ;\n                          background-size: ;\n                          \" >\n                <div class=\" slider-coverflow-wrapper\n              \">\n                  <div>\n                    <h2 class=\"slide-title\">5<\/h2>\n                    <div class=\"slide-description\"\n                         style=\"line-height: 22px;\"><p><span style=\"font-size: 14px\">Vrhbosanska katoli\u010dka bogoslovija : 1890-1990. : zbornik radova znanstvenoga simpozija odr\u017eanog u Sarajevu 3. i 4. srpnja 1991. prigodom obilje\u017eavanja stote obljetnice postojanja Bogoslovije, 1993.<\/span><\/p><\/div>\n                  <\/div>\n                                      <div class=\"slide-coverflow-button-wrapper\">\n                      <a id=\"\" class=\"elementor-button slide-coverflow-button elementor-animation-pop\" href=\"https:\/\/heyzine.com\/flip-book\/e22dc64643.html\" target=\"_blank\" rel=\"noopener\">\n                       <span class=\"elementor-button-content-wrapper\">\n                                                  <span class=\"elementor-button-text\">Vi\u0161e<\/span>\n                       <\/span>\n                      <\/a>\n                    <\/div>\n                                  <\/div>\n              <\/div>\n            <\/li>\n                      <li class=\"swiper-slide slider-container-background\">\n              <div class=\"block-shadow slider-container-block-background\"\n                                        style=\"\n                          background-image: url('https:\/\/kbf.unsa.ba\/wp-content\/uploads\/2025\/12\/ISUSOVE-PARADOKSALNE-IZREKE-9.png');\n                          background-position: ;\n                          background-attachment: ;\n                          background-repeat: ;\n                          background-size: ;\n                          \" >\n                <div class=\" slider-coverflow-wrapper\n              \">\n                  <div>\n                    <h2 class=\"slide-title\">6<\/h2>\n                    <div class=\"slide-description\"\n                         style=\"line-height: 22px;\"><p><span style=\"font-size: 14px\">Isusove paradoksalne izreke, 1994.<\/span><\/p><\/div>\n                  <\/div>\n                                      <div class=\"slide-coverflow-button-wrapper\">\n                      <a id=\"\" class=\"elementor-button slide-coverflow-button elementor-animation-pop\" href=\"https:\/\/heyzine.com\/flip-book\/95121e3924.html\" target=\"_blank\" rel=\"noopener\">\n                       <span class=\"elementor-button-content-wrapper\">\n                                                  <span class=\"elementor-button-text\">Vi\u0161e<\/span>\n                       <\/span>\n                      <\/a>\n                    <\/div>\n                                  <\/div>\n              <\/div>\n            <\/li>\n                      <li class=\"swiper-slide slider-container-background\">\n              <div class=\"block-shadow slider-container-block-background\"\n                                        style=\"\n                          background-image: url('https:\/\/kbf.unsa.ba\/wp-content\/uploads\/2025\/12\/CRTAJTE-GRANICE.png');\n                          background-position: ;\n                          background-attachment: ;\n                          background-repeat: ;\n                          background-size: ;\n                          \" >\n                <div class=\" slider-coverflow-wrapper\n              \">\n                  <div>\n                    <h2 class=\"slide-title\">7<\/h2>\n                    <div class=\"slide-description\"\n                         style=\"line-height: 22px;\"><p><span style=\"font-size: 14px\">Crtajte granice, ne precrtajte ljude : zbornik radova u povodu imenovanja vrhbosanskog nadbiskupa Vinka Pulji\u0107a kardinalom, 1995.<\/span><\/p><\/div>\n                  <\/div>\n                                      <div class=\"slide-coverflow-button-wrapper\">\n                      <a id=\"\" class=\"elementor-button slide-coverflow-button elementor-animation-pop\" href=\"https:\/\/heyzine.com\/flip-book\/8970d9f4a6.html\" target=\"_blank\" rel=\"noopener\">\n                       <span class=\"elementor-button-content-wrapper\">\n                                                  <span class=\"elementor-button-text\">Vi\u0161e<\/span>\n                       <\/span>\n                      <\/a>\n                    <\/div>\n                                  <\/div>\n              <\/div>\n            <\/li>\n                      <li class=\"swiper-slide slider-container-background\">\n              <div class=\"block-shadow slider-container-block-background\"\n                                        style=\"\n                          background-image: url('https:\/\/kbf.unsa.ba\/wp-content\/uploads\/2025\/12\/STOLJECE-VRHBOSNE-10.png');\n                          background-position: ;\n                          background-attachment: ;\n                          background-repeat: ;\n                          background-size: ;\n                          \" >\n                <div class=\" slider-coverflow-wrapper\n              \">\n                  <div>\n                    <h2 class=\"slide-title\">8<\/h2>\n                    <div class=\"slide-description\"\n                         style=\"line-height: 22px;\"><p><span style=\"font-size: 14px\">Stolje\u0107e Vrhbosne : 1887-1987. : radovi studijskih dana, odr\u017eanih 25. i 26. studenog 1987. u Sarajevu u povodu stote obljetnice po\u010detka izla\u017eenja revije Vrhbosna, s kazalom autora \u010dlanaka i sadr\u017eajem godi\u0161ta, 1996.<\/span><\/p><\/div>\n                  <\/div>\n                                      <div class=\"slide-coverflow-button-wrapper\">\n                      <a id=\"\" class=\"elementor-button slide-coverflow-button elementor-animation-pop\" href=\"https:\/\/heyzine.com\/flip-book\/a728b9708a.html\" target=\"_blank\" rel=\"noopener\">\n                       <span class=\"elementor-button-content-wrapper\">\n                                                  <span class=\"elementor-button-text\">Vi\u0161e<\/span>\n                       <\/span>\n                      <\/a>\n                    <\/div>\n                                  <\/div>\n              <\/div>\n            <\/li>\n                      <li class=\"swiper-slide slider-container-background\">\n              <div class=\"block-shadow slider-container-block-background\"\n                                        style=\"\n                          background-image: url('https:\/\/kbf.unsa.ba\/wp-content\/uploads\/2025\/12\/ZIVOT-U-SLUZBI-RIJECI-CEDOMIL-CEKADA-9.png');\n                          background-position: ;\n                          background-attachment: ;\n                          background-repeat: ;\n                          background-size: ;\n                          \" >\n                <div class=\" slider-coverflow-wrapper\n              \">\n                  <div>\n                    <h2 class=\"slide-title\">9<\/h2>\n                    <div class=\"slide-description\"\n                         style=\"line-height: 22px;\"><p><span style=\"font-size: 14px\">\u017divot u slu\u017ebi Rije\u010di - \u010cedomil \u010cekada : zbornik radova simpozija o \u010cedomilu \u010cekadi, odr\u017eanog 14. i 15. o\u017eujka 1997. prigodom obilje\u017eavanja stote obljetnice njegova ro\u0111enja i popis \u010cekadinih pisanih radova, 1997.<\/span><\/p><\/div>\n                  <\/div>\n                                      <div class=\"slide-coverflow-button-wrapper\">\n                      <a id=\"\" class=\"elementor-button slide-coverflow-button elementor-animation-pop\" href=\"https:\/\/heyzine.com\/flip-book\/ee46f0f5d2.html\" target=\"_blank\" rel=\"noopener\">\n                       <span class=\"elementor-button-content-wrapper\">\n                                                  <span class=\"elementor-button-text\">Vi\u0161e<\/span>\n                       <\/span>\n                      <\/a>\n                    <\/div>\n                                  <\/div>\n              <\/div>\n            <\/li>\n                      <li class=\"swiper-slide slider-container-background\">\n              <div class=\"block-shadow slider-container-block-background\"\n                                        style=\"\n                          background-image: url('https:\/\/kbf.unsa.ba\/wp-content\/uploads\/2025\/12\/KATOLICKA-CRKVA-NA-PODRUCJU-DANASNJE-BANJALUCKE-10.png');\n                          background-position: ;\n                          background-attachment: ;\n                          background-repeat: ;\n                          background-size: ;\n                          \" >\n                <div class=\" slider-coverflow-wrapper\n              \">\n                  <div>\n                    <h2 class=\"slide-title\">10<\/h2>\n                    <div class=\"slide-description\"\n                         style=\"line-height: 22px;\"><p><span style=\"font-size: 14px\">Katoli\u010dka crkva na podru\u010dju dana\u0161nje Banjalu\u010dke biskupije do invazije Turaka : topolo\u0161ke i povijesne crtice, 1998.<\/span><\/p><\/div>\n                  <\/div>\n                                      <div class=\"slide-coverflow-button-wrapper\">\n                      <a id=\"\" class=\"elementor-button slide-coverflow-button elementor-animation-pop\" href=\"https:\/\/heyzine.com\/flip-book\/c8d8b280d8.html\" target=\"_blank\" rel=\"noopener\">\n                       <span class=\"elementor-button-content-wrapper\">\n                                                  <span class=\"elementor-button-text\">Vi\u0161e<\/span>\n                       <\/span>\n                      <\/a>\n                    <\/div>\n                                  <\/div>\n              <\/div>\n            <\/li>\n                      <li class=\"swiper-slide slider-container-background\">\n              <div class=\"block-shadow slider-container-block-background\"\n                                        style=\"\n                          background-image: url('https:\/\/kbf.unsa.ba\/wp-content\/uploads\/2025\/12\/JOSIP-STADLER-ZIVOT-I-DJELO-14.png');\n                          background-position: ;\n                          background-attachment: ;\n                          background-repeat: ;\n                          background-size: ;\n                          \" >\n                <div class=\" slider-coverflow-wrapper\n              \">\n                  <div>\n                    <h2 class=\"slide-title\">11<\/h2>\n                    <div class=\"slide-description\"\n                         style=\"line-height: 22px;\"><p><span style=\"font-size: 14px\">Josip Stadler : \u017eivot i djelo : zbornik radova me\u0111unarodnih znanstvenih skupova o dr. Josipu Stadleru, odr\u017eanih od 21. do 24. rujna 1998. u Sarajevu i 12. studenoga 1998. u Zagrebu prigodom 80. obljetnice smrti prvoga vrhbosanskoga nadbiskupa, 1999.<\/span><\/p><\/div>\n                  <\/div>\n                                      <div class=\"slide-coverflow-button-wrapper\">\n                      <a id=\"\" class=\"elementor-button slide-coverflow-button elementor-animation-pop\" href=\"https:\/\/heyzine.com\/flip-book\/d6eff6bb14.html\" target=\"_blank\" rel=\"noopener\">\n                       <span class=\"elementor-button-content-wrapper\">\n                                                  <span class=\"elementor-button-text\">Vi\u0161e<\/span>\n                       <\/span>\n                      <\/a>\n                    <\/div>\n                                  <\/div>\n              <\/div>\n            <\/li>\n                      <li class=\"swiper-slide slider-container-background\">\n              <div class=\"block-shadow slider-container-block-background\"\n                                        style=\"\n                          background-image: url('https:\/\/kbf.unsa.ba\/wp-content\/uploads\/2025\/12\/OBNOVA-REDOVNE-CRKVENE-HIJERARHIJE-11.png');\n                          background-position: ;\n                          background-attachment: ;\n                          background-repeat: ;\n                          background-size: ;\n                          \" >\n                <div class=\" slider-coverflow-wrapper\n              \">\n                  <div>\n                    <h2 class=\"slide-title\">12<\/h2>\n                    <div class=\"slide-description\"\n                         style=\"line-height: 22px;\"><p><span style=\"font-size: 14px\">Obnova redovne crkvene hijerarhije u Bosni i Hercegovini i pitanje pravnog ure\u0111enja \u017eupa (1881-1883) : povijesno-pravni rad na temelju neobjavljenih dokumenata, 2001.<\/span><\/p><\/div>\n                  <\/div>\n                                      <div class=\"slide-coverflow-button-wrapper\">\n                      <a id=\"\" class=\"elementor-button slide-coverflow-button elementor-animation-pop\" href=\"https:\/\/heyzine.com\/flip-book\/074c65dac2.html\" target=\"_blank\" rel=\"noopener\">\n                       <span class=\"elementor-button-content-wrapper\">\n                                                  <span class=\"elementor-button-text\">Vi\u0161e<\/span>\n                       <\/span>\n                      <\/a>\n                    <\/div>\n                                  <\/div>\n              <\/div>\n            <\/li>\n                      <li class=\"swiper-slide slider-container-background\">\n              <div class=\"block-shadow slider-container-block-background\"\n                                        style=\"\n                          background-image: url('https:\/\/kbf.unsa.ba\/wp-content\/uploads\/2025\/12\/IVAN-SARIC-VRHBOSANSKI-NADBISKUP-9.png');\n                          background-position: ;\n                          background-attachment: ;\n                          background-repeat: ;\n                          background-size: ;\n                          \" >\n                <div class=\" slider-coverflow-wrapper\n              \">\n                  <div>\n                    <h2 class=\"slide-title\">13<\/h2>\n                    <div class=\"slide-description\"\n                         style=\"line-height: 22px;\"><p><span style=\"font-size: 14px\">Ivan \u0160ari\u0107, vrhbosanski nadbiskup : zbornik radova znanstvenoga skupa o dr. Ivanu \u0160ari\u0107u odr\u017eanog 19. sije\u010dnja 2002. u Sarajevu, 2007.<\/span><\/p><\/div>\n                  <\/div>\n                                      <div class=\"slide-coverflow-button-wrapper\">\n                      <a id=\"\" class=\"elementor-button slide-coverflow-button elementor-animation-pop\" href=\"https:\/\/heyzine.com\/flip-book\/c1eeec7ce3.html\" target=\"_blank\" rel=\"noopener\">\n                       <span class=\"elementor-button-content-wrapper\">\n                                                  <span class=\"elementor-button-text\">Vi\u0161e<\/span>\n                       <\/span>\n                      <\/a>\n                    <\/div>\n                                  <\/div>\n              <\/div>\n            <\/li>\n                      <li class=\"swiper-slide slider-container-background\">\n              <div class=\"block-shadow slider-container-block-background\"\n                                        style=\"\n                          background-image: url('https:\/\/kbf.unsa.ba\/wp-content\/uploads\/2025\/12\/U-SLUZBI-RIJECI-I-BOZJEG-NARODA-12.png');\n                          background-position: ;\n                          background-attachment: ;\n                          background-repeat: ;\n                          background-size: ;\n                          \" >\n                <div class=\" slider-coverflow-wrapper\n              \">\n                  <div>\n                    <h2 class=\"slide-title\">14<\/h2>\n                    <div class=\"slide-description\"\n                         style=\"line-height: 22px;\"><p><span style=\"font-size: 14px\">U slu\u017ebi rije\u010di i Bo\u017ejega naroda : zbornik radova u \u010dast mons. dr. Mati Zovki\u0107u u povodu 70. obljetnice \u017eivota i 35 godina profesorskog djelovanja, 2007.<\/span><\/p><\/div>\n                  <\/div>\n                                      <div class=\"slide-coverflow-button-wrapper\">\n                      <a id=\"\" class=\"elementor-button slide-coverflow-button elementor-animation-pop\" href=\"https:\/\/heyzine.com\/flip-book\/c1eeec7ce3.html\" target=\"_blank\" rel=\"noopener\">\n                       <span class=\"elementor-button-content-wrapper\">\n                                                  <span class=\"elementor-button-text\">Vi\u0161e<\/span>\n                       <\/span>\n                      <\/a>\n                    <\/div>\n                                  <\/div>\n              <\/div>\n            <\/li>\n                      <li class=\"swiper-slide slider-container-background\">\n              <div class=\"block-shadow slider-container-block-background\"\n                                        style=\"\n                          background-image: url('https:\/\/kbf.unsa.ba\/wp-content\/uploads\/2025\/12\/120.-obljetnica-Bogoslovije.png');\n                          background-position: ;\n                          background-attachment: ;\n                          background-repeat: ;\n                          background-size: ;\n                          \" >\n                <div class=\" slider-coverflow-wrapper\n              \">\n                  <div>\n                    <h2 class=\"slide-title\">15<\/h2>\n                    <div class=\"slide-description\"\n                         style=\"line-height: 22px;\"><p>120. obljetnica Bogoslovije, 2011.<\/p><\/div>\n                  <\/div>\n                                      <div class=\"slide-coverflow-button-wrapper\">\n                      <a id=\"\" class=\"elementor-button slide-coverflow-button elementor-animation-pop\" href=\"https:\/\/heyzine.com\/flip-book\/9f7fe21945.html\" target=\"_blank\" rel=\"noopener\">\n                       <span class=\"elementor-button-content-wrapper\">\n                                                  <span class=\"elementor-button-text\">Vi\u0161e<\/span>\n                       <\/span>\n                      <\/a>\n                    <\/div>\n                                  <\/div>\n              <\/div>\n            <\/li>\n                      <li class=\"swiper-slide slider-container-background\">\n              <div class=\"block-shadow slider-container-block-background\"\n                                        style=\"\n                          background-image: url('https:\/\/kbf.unsa.ba\/wp-content\/uploads\/2025\/12\/Tvoja-rijec-e1765024571922.jpeg');\n                          background-position: ;\n                          background-attachment: ;\n                          background-repeat: ;\n                          background-size: ;\n                          \" >\n                <div class=\" slider-coverflow-wrapper\n              \">\n                  <div>\n                    <h2 class=\"slide-title\">16<\/h2>\n                    <div class=\"slide-description\"\n                         style=\"line-height: 22px;\"><p>Tvoja rije\u010d nozi je mojoj svjetiljka : zbornik radova povodom 70 godina \u017eivota i 32 godine profesorskog djelovanja na Katoli\u010dkom bogoslovnom fakultetu u Sarajevu mr. sc. Bo\u017ee Odoba\u0161i\u0107a, 2012.<\/p><\/div>\n                  <\/div>\n                                      <div class=\"slide-coverflow-button-wrapper\">\n                      <a id=\"\" class=\"elementor-button slide-coverflow-button elementor-animation-pop\" href=\"https:\/\/heyzine.com\/flip-book\/6f4dbc5d6b.html\" target=\"_blank\" rel=\"noopener\">\n                       <span class=\"elementor-button-content-wrapper\">\n                                                  <span class=\"elementor-button-text\">Vi\u0161e<\/span>\n                       <\/span>\n                      <\/a>\n                    <\/div>\n                                  <\/div>\n              <\/div>\n            <\/li>\n                      <li class=\"swiper-slide slider-container-background\">\n              <div class=\"block-shadow slider-container-block-background\"\n                                        style=\"\n                          background-image: url('https:\/\/kbf.unsa.ba\/wp-content\/uploads\/2025\/12\/Za-slobodu-stvoreni.jpeg');\n                          background-position: ;\n                          background-attachment: ;\n                          background-repeat: ;\n                          background-size: ;\n                          \" >\n                <div class=\" slider-coverflow-wrapper\n              \">\n                  <div>\n                    <h2 class=\"slide-title\">17<\/h2>\n                    <div class=\"slide-description\"\n                         style=\"line-height: 22px;\"><p><span style=\"font-size: 14px\">Za slobodu stvoreni : zbornik radova povodom 70 godina \u017eivota i 35 godina profesorskog djelovanja na Katoli\u010dkom bogoslovnom fakultetu u Sarajevu prof. dr. sci. Tomislava Jozi\u0107a, 2013.<\/span><\/p><\/div>\n                  <\/div>\n                                      <div class=\"slide-coverflow-button-wrapper\">\n                      <a id=\"\" class=\"elementor-button slide-coverflow-button elementor-animation-pop\" href=\"https:\/\/heyzine.com\/flip-book\/898575cd91.html\" target=\"_blank\" rel=\"noopener\">\n                       <span class=\"elementor-button-content-wrapper\">\n                                                  <span class=\"elementor-button-text\">Vi\u0161e<\/span>\n                       <\/span>\n                      <\/a>\n                    <\/div>\n                                  <\/div>\n              <\/div>\n            <\/li>\n                      <li class=\"swiper-slide slider-container-background\">\n              <div class=\"block-shadow slider-container-block-background\"\n                                        style=\"\n                          background-image: url('https:\/\/kbf.unsa.ba\/wp-content\/uploads\/2025\/11\/Krunoslav-Draganovic.jpeg');\n                          background-position: ;\n                          background-attachment: ;\n                          background-repeat: ;\n                          background-size: ;\n                          \" >\n                <div class=\" slider-coverflow-wrapper\n              \">\n                  <div>\n                    <h2 class=\"slide-title\">18<\/h2>\n                    <div class=\"slide-description\"\n                         style=\"line-height: 22px;\"><p>Krunoslav Stjepan Draganovi\u0107 - sve\u0107enik, povjesni\u010dar i rodoljub : zbornik radova s Me\u0111unarodnoga znanstvenog simpozija o Krunoslavu Stjepanu Draganovi\u0107u povodom 110. obljetnice ro\u0111enja i 30. obljetnice smrti odr\u017eanom na Katoli\u010dkom bogoslovnom fakultetu u Sarajevu od 8.-10. 11. 2013. godine, 2014.<\/p><\/div>\n                  <\/div>\n                                      <div class=\"slide-coverflow-button-wrapper\">\n                      <a id=\"\" class=\"elementor-button slide-coverflow-button elementor-animation-pop\" href=\"https:\/\/heyzine.com\/flip-book\/e56ed3b80d.html\" target=\"_blank\" rel=\"noopener\">\n                       <span class=\"elementor-button-content-wrapper\">\n                                                  <span class=\"elementor-button-text\">Vi\u0161e<\/span>\n                       <\/span>\n                      <\/a>\n                    <\/div>\n                                  <\/div>\n              <\/div>\n            <\/li>\n                      <li class=\"swiper-slide slider-container-background\">\n              <div class=\"block-shadow slider-container-block-background\"\n                                        style=\"\n                          background-image: url('https:\/\/kbf.unsa.ba\/wp-content\/uploads\/2025\/12\/Vrhbosanska-mjesna-Crkva-e1765023256192.jpg');\n                          background-position: ;\n                          background-attachment: ;\n                          background-repeat: ;\n                          background-size: ;\n                          \" >\n                <div class=\" slider-coverflow-wrapper\n              \">\n                  <div>\n                    <h2 class=\"slide-title\">19<\/h2>\n                    <div class=\"slide-description\"\n                         style=\"line-height: 22px;\"><p>Vrhbosanska mjesna Crkva i njezin kardinal : zbornik radova povodom 75. godine \u017eivota, 50. obljetnice sve\u0107eni\u010dke slu\u017ebe, 30. obljetnice biskupske slu\u017ebe i 25. obljetnice kardinalske slu\u017ebe Vinka Pulji\u0107a, 2020.<\/p><\/div>\n                  <\/div>\n                                      <div class=\"slide-coverflow-button-wrapper\">\n                      <a id=\"\" class=\"elementor-button slide-coverflow-button elementor-animation-pop\" href=\"https:\/\/heyzine.com\/flip-book\/93d3c28032.html\" target=\"_blank\" rel=\"noopener\">\n                       <span class=\"elementor-button-content-wrapper\">\n                                                  <span class=\"elementor-button-text\">Vi\u0161e<\/span>\n                       <\/span>\n                      <\/a>\n                    <\/div>\n                                  <\/div>\n              <\/div>\n            <\/li>\n                  <\/ul>\n        <div class=\"swiper-coverflow-buttons-block\">\n          <div class=\"swiper-button-prev swiper-coverflow-button-prev\"><\/div>\n          <div class=\"swiper-pagination swiper-coverflow-pagination\"><\/div>\n          <div class=\"swiper-button-next swiper-coverflow-button-next\"><\/div>\n        <\/div>\n      <\/section>\n      \t\t\t\t<\/div>\n\t\t\t\t<\/div>\n\t\t\t\t\t<\/div>\n\t\t\t\t<\/div>\n\t\t<div class=\"elementor-element elementor-element-50706e2 section-s e-flex e-con-boxed e-con e-parent\" data-id=\"50706e2\" data-element_type=\"container\" data-e-type=\"container\" data-settings=\"{&quot;background_background&quot;:&quot;classic&quot;}\">\n\t\t\t\t\t<div class=\"e-con-inner\">\n\t\t\t\t<div class=\"elementor-element elementor-element-fef0e83 elementor-invisible elementor-widget elementor-widget-heading\" data-id=\"fef0e83\" data-element_type=\"widget\" data-e-type=\"widget\" data-settings=\"{&quot;_animation&quot;:&quot;fadeIn&quot;,&quot;_animation_delay&quot;:10}\" data-widget_type=\"heading.default\">\n\t\t\t\t\t<h2 class=\"elementor-heading-title elementor-size-default\">Varia Series<\/h2>\t\t\t\t<\/div>\n\t\t\t\t<div class=\"elementor-element elementor-element-7c3d8de elementor-drop-cap-yes elementor-drop-cap-view-default elementor-invisible elementor-widget elementor-widget-text-editor\" data-id=\"7c3d8de\" data-element_type=\"widget\" data-e-type=\"widget\" data-settings=\"{&quot;drop_cap&quot;:&quot;yes&quot;,&quot;_animation&quot;:&quot;fadeIn&quot;}\" data-widget_type=\"text-editor.default\">\n\t\t\t\t\t\t\t\t\t<p class=\"my-2 [&amp;+p]:mt-4 [&amp;_strong:has(+br)]:inline-block [&amp;_strong:has(+br)]:pb-2\">The <strong><em>Varia<\/em><\/strong> Series encompasses diverse publications that expand the thematic scope of classical theological literature. It includes editions aimed at fostering interreligious dialogue, practical education, and the development of professional and personal skills beneficial for the academic and pastoral community. Books in this series offer valuable contributions on mutual respect among religions, practical guides for writing academic papers, and works with open themes, adapted for a wide range of students and interested readers.  <\/p>\t\t\t\t\t\t\t\t<\/div>\n\t\t\t\t<div class=\"elementor-element elementor-element-ddfbfd5 elementor-widget-tablet__width-initial elementor-widget elementor-widget-testimonials-carousel-coverflow\" data-id=\"ddfbfd5\" data-element_type=\"widget\" data-e-type=\"widget\" data-settings=\"{&quot;slide&quot;:[{&quot;_id&quot;:&quot;f1edbe7&quot;,&quot;slide_name&quot;:&quot;Vincenzo PAGLIA&quot;,&quot;slide_content&quot;:&quot;&lt;p class=\\&quot;mbt-book-title\\&quot;&gt;&lt;span style=\\&quot;font-size: 14px;\\&quot;&gt;Prijatelju koji ne vjeruje, 2014.&lt;\\\/span&gt;&lt;\\\/p&gt;&quot;,&quot;slide_button&quot;:&quot;Vi\\u0161e&quot;,&quot;slide_image&quot;:{&quot;url&quot;:&quot;https:\\\/\\\/kbf.unsa.ba\\\/wp-content\\\/uploads\\\/2025\\\/12\\\/Prijatelju-koji-ne-vjeruje-e1765026414685.png&quot;,&quot;id&quot;:12195,&quot;size&quot;:&quot;&quot;,&quot;alt&quot;:&quot;&quot;,&quot;source&quot;:&quot;library&quot;},&quot;slide_button_link&quot;:{&quot;url&quot;:&quot;https:\\\/\\\/heyzine.com\\\/flip-book\\\/a54392c2d3.html&quot;,&quot;is_external&quot;:&quot;&quot;,&quot;nofollow&quot;:&quot;&quot;,&quot;custom_attributes&quot;:&quot;&quot;},&quot;slide_show_image&quot;:&quot;yes&quot;,&quot;type&quot;:&quot;bg_image&quot;,&quot;slide_background_position&quot;:&quot;&quot;,&quot;slide_background_attachment&quot;:&quot;&quot;,&quot;slide_background_repeat&quot;:&quot;&quot;,&quot;slide_background_size&quot;:&quot;&quot;,&quot;slide_bg_color&quot;:null,&quot;slide_show_button&quot;:&quot;yes&quot;,&quot;lightbox&quot;:&quot;&quot;,&quot;lightbox_type&quot;:null,&quot;video&quot;:null,&quot;slide_button_css_id&quot;:&quot;&quot;},{&quot;_id&quot;:&quot;f388a8b&quot;,&quot;slide_image&quot;:{&quot;url&quot;:&quot;https:\\\/\\\/kbf.unsa.ba\\\/wp-content\\\/uploads\\\/2025\\\/12\\\/Metodoloske_upute-e1765026673170.png&quot;,&quot;id&quot;:12196,&quot;size&quot;:&quot;&quot;,&quot;alt&quot;:&quot;&quot;,&quot;source&quot;:&quot;library&quot;},&quot;slide_name&quot;:&quot;Darko TOMA\\u0160EVI\\u0106&quot;,&quot;slide_content&quot;:&quot;&lt;p&gt;&lt;span style=\\&quot;font-size: 14px;\\&quot;&gt;Metodolo\\u0161ke upute za pisane radove na teolo\\u0161kim u\\u010dili\\u0161tima, 2014.&lt;\\\/span&gt;&lt;\\\/p&gt;&quot;,&quot;slide_button&quot;:&quot;Vi\\u0161e&quot;,&quot;slide_button_link&quot;:{&quot;url&quot;:&quot;https:\\\/\\\/heyzine.com\\\/flip-book\\\/f4ae2d8b3b.html&quot;,&quot;is_external&quot;:&quot;&quot;,&quot;nofollow&quot;:&quot;&quot;,&quot;custom_attributes&quot;:&quot;&quot;},&quot;slide_show_image&quot;:&quot;yes&quot;,&quot;type&quot;:&quot;bg_image&quot;,&quot;slide_background_position&quot;:&quot;&quot;,&quot;slide_background_attachment&quot;:&quot;&quot;,&quot;slide_background_repeat&quot;:&quot;&quot;,&quot;slide_background_size&quot;:&quot;&quot;,&quot;slide_bg_color&quot;:null,&quot;slide_show_button&quot;:&quot;yes&quot;,&quot;lightbox&quot;:&quot;&quot;,&quot;lightbox_type&quot;:null,&quot;video&quot;:null,&quot;slide_button_css_id&quot;:&quot;&quot;},{&quot;slide_content&quot;:&quot;&lt;p&gt;&lt;span style=\\&quot;font-size: 14px;\\&quot;&gt;\\u0160to kr\\u0161\\u0107ani trebaju znati o muslimanima radi me\\u0111usobnog po\\u0161tovanja?, 2019&lt;\\\/span&gt;&lt;\\\/p&gt;&quot;,&quot;slide_image&quot;:{&quot;url&quot;:&quot;https:\\\/\\\/kbf.unsa.ba\\\/wp-content\\\/uploads\\\/2025\\\/12\\\/Sto-krscani-trebaju-znati-o-muslimanima-e1765036179841.jpg&quot;,&quot;id&quot;:12192,&quot;size&quot;:&quot;&quot;,&quot;alt&quot;:&quot;&quot;,&quot;source&quot;:&quot;library&quot;},&quot;slide_name&quot;:&quot;Maurice BORRMANS&quot;,&quot;_id&quot;:&quot;802bef1&quot;,&quot;slide_button&quot;:&quot;Vi\\u0161e&quot;,&quot;slide_button_link&quot;:{&quot;url&quot;:&quot;https:\\\/\\\/heyzine.com\\\/flip-book\\\/31047973e4.html&quot;,&quot;is_external&quot;:&quot;&quot;,&quot;nofollow&quot;:&quot;&quot;,&quot;custom_attributes&quot;:&quot;&quot;},&quot;slide_show_image&quot;:&quot;yes&quot;,&quot;type&quot;:&quot;bg_image&quot;,&quot;slide_background_position&quot;:&quot;&quot;,&quot;slide_background_attachment&quot;:&quot;&quot;,&quot;slide_background_repeat&quot;:&quot;&quot;,&quot;slide_background_size&quot;:&quot;&quot;,&quot;slide_bg_color&quot;:null,&quot;slide_show_button&quot;:&quot;yes&quot;,&quot;lightbox&quot;:&quot;&quot;,&quot;lightbox_type&quot;:null,&quot;video&quot;:null,&quot;slide_button_css_id&quot;:&quot;&quot;},{&quot;slide_content&quot;:&quot;&lt;p&gt;&lt;span style=\\&quot;font-size: 14px;\\&quot;&gt;Odabir gra\\u0111e za digitalizaciju periodike Katoli\\u010dkog bogoslovnog fakulteta u Sarajevu, 2016.&lt;\\\/span&gt;&lt;\\\/p&gt;&quot;,&quot;slide_image&quot;:{&quot;url&quot;:&quot;https:\\\/\\\/kbf.unsa.ba\\\/wp-content\\\/uploads\\\/2025\\\/12\\\/Odabir-grade-e1765026194290.png&quot;,&quot;id&quot;:12194,&quot;size&quot;:&quot;&quot;,&quot;alt&quot;:&quot;&quot;,&quot;source&quot;:&quot;library&quot;},&quot;slide_name&quot;:&quot;Irena PEJI\\u0106&quot;,&quot;_id&quot;:&quot;0b3480b&quot;,&quot;slide_button&quot;:&quot;Vi\\u0161e&quot;,&quot;slide_button_link&quot;:{&quot;url&quot;:&quot;https:\\\/\\\/heyzine.com\\\/flip-book\\\/1ee23679fe.html&quot;,&quot;is_external&quot;:&quot;&quot;,&quot;nofollow&quot;:&quot;&quot;,&quot;custom_attributes&quot;:&quot;&quot;},&quot;slide_show_image&quot;:&quot;yes&quot;,&quot;type&quot;:&quot;bg_image&quot;,&quot;slide_background_position&quot;:&quot;&quot;,&quot;slide_background_attachment&quot;:&quot;&quot;,&quot;slide_background_repeat&quot;:&quot;&quot;,&quot;slide_background_size&quot;:&quot;&quot;,&quot;slide_bg_color&quot;:null,&quot;slide_show_button&quot;:&quot;yes&quot;,&quot;lightbox&quot;:&quot;&quot;,&quot;lightbox_type&quot;:null,&quot;video&quot;:null,&quot;slide_button_css_id&quot;:&quot;&quot;},{&quot;slide_content&quot;:&quot;&lt;p&gt;&lt;span style=\\&quot;font-size: 14px;\\&quot;&gt;Od izbora mudrih misli do izvora mudrosti, 2016.&lt;\\\/span&gt;&lt;\\\/p&gt;&quot;,&quot;slide_image&quot;:{&quot;url&quot;:&quot;https:\\\/\\\/kbf.unsa.ba\\\/wp-content\\\/uploads\\\/2025\\\/12\\\/Od-izbora-mudrih-e1765026075792.png&quot;,&quot;id&quot;:12193,&quot;size&quot;:&quot;&quot;,&quot;alt&quot;:&quot;&quot;,&quot;source&quot;:&quot;library&quot;},&quot;slide_name&quot;:&quot;Niko IKI\\u0106&quot;,&quot;_id&quot;:&quot;d2f8759&quot;,&quot;slide_button&quot;:&quot;Vi\\u0161e&quot;,&quot;slide_button_link&quot;:{&quot;url&quot;:&quot;https:\\\/\\\/heyzine.com\\\/flip-book\\\/57bc91fad9.html&quot;,&quot;is_external&quot;:&quot;&quot;,&quot;nofollow&quot;:&quot;&quot;,&quot;custom_attributes&quot;:&quot;&quot;},&quot;slide_show_image&quot;:&quot;yes&quot;,&quot;type&quot;:&quot;bg_image&quot;,&quot;slide_background_position&quot;:&quot;&quot;,&quot;slide_background_attachment&quot;:&quot;&quot;,&quot;slide_background_repeat&quot;:&quot;&quot;,&quot;slide_background_size&quot;:&quot;&quot;,&quot;slide_bg_color&quot;:null,&quot;slide_show_button&quot;:&quot;yes&quot;,&quot;lightbox&quot;:&quot;&quot;,&quot;lightbox_type&quot;:null,&quot;video&quot;:null,&quot;slide_button_css_id&quot;:&quot;&quot;}],&quot;slide_depth&quot;:50,&quot;autoplay_speed&quot;:2000,&quot;slider_random&quot;:&quot;no&quot;,&quot;slide_shadows&quot;:&quot;yes&quot;,&quot;slider_loop&quot;:&quot;yes&quot;,&quot;autoplay&quot;:&quot;yes&quot;,&quot;disable_interaction&quot;:&quot;yes&quot;,&quot;navigation&quot;:&quot;dots&quot;}\" data-widget_type=\"testimonials-carousel-coverflow.default\">\n\t\t\t\t<div class=\"elementor-widget-container\">\n\t\t\t\t\t\n      <section class=\"swiper mySwiper mySwiperCoverflow slider-arrows-disabled\">\n        <ul class=\"swiper-wrapper\" role=\"list\">\n                      <li class=\"swiper-slide slider-container-background\">\n              <div class=\"block-shadow slider-container-block-background\"\n                                        style=\"\n                          background-image: url('https:\/\/kbf.unsa.ba\/wp-content\/uploads\/2025\/12\/Prijatelju-koji-ne-vjeruje-e1765026414685.png');\n                          background-position: ;\n                          background-attachment: ;\n                          background-repeat: ;\n                          background-size: ;\n                          \" >\n                <div class=\" slider-coverflow-wrapper\n              \">\n                  <div>\n                    <h2 class=\"slide-title\">Vincenzo PAGLIA<\/h2>\n                    <div class=\"slide-description\"\n                         style=\"line-height: 22px;\"><p class=\"mbt-book-title\"><span style=\"font-size: 14px\">Prijatelju koji ne vjeruje, 2014.<\/span><\/p><\/div>\n                  <\/div>\n                                      <div class=\"slide-coverflow-button-wrapper\">\n                      <a id=\"\" class=\"elementor-button slide-coverflow-button elementor-animation-pop\" href=\"https:\/\/heyzine.com\/flip-book\/a54392c2d3.html\" target=\"_blank\" rel=\"noopener\">\n                       <span class=\"elementor-button-content-wrapper\">\n                                                  <span class=\"elementor-button-text\">Vi\u0161e<\/span>\n                       <\/span>\n                      <\/a>\n                    <\/div>\n                                  <\/div>\n              <\/div>\n            <\/li>\n                      <li class=\"swiper-slide slider-container-background\">\n              <div class=\"block-shadow slider-container-block-background\"\n                                        style=\"\n                          background-image: url('https:\/\/kbf.unsa.ba\/wp-content\/uploads\/2025\/12\/Metodoloske_upute-e1765026673170.png');\n                          background-position: ;\n                          background-attachment: ;\n                          background-repeat: ;\n                          background-size: ;\n                          \" >\n                <div class=\" slider-coverflow-wrapper\n              \">\n                  <div>\n                    <h2 class=\"slide-title\">Darko TOMA\u0160EVI\u0106<\/h2>\n                    <div class=\"slide-description\"\n                         style=\"line-height: 22px;\"><p><span style=\"font-size: 14px\">Metodolo\u0161ke upute za pisane radove na teolo\u0161kim u\u010dili\u0161tima, 2014.<\/span><\/p><\/div>\n                  <\/div>\n                                      <div class=\"slide-coverflow-button-wrapper\">\n                      <a id=\"\" class=\"elementor-button slide-coverflow-button elementor-animation-pop\" href=\"https:\/\/heyzine.com\/flip-book\/f4ae2d8b3b.html\" target=\"_blank\" rel=\"noopener\">\n                       <span class=\"elementor-button-content-wrapper\">\n                                                  <span class=\"elementor-button-text\">Vi\u0161e<\/span>\n                       <\/span>\n                      <\/a>\n                    <\/div>\n                                  <\/div>\n              <\/div>\n            <\/li>\n                      <li class=\"swiper-slide slider-container-background\">\n              <div class=\"block-shadow slider-container-block-background\"\n                                        style=\"\n                          background-image: url('https:\/\/kbf.unsa.ba\/wp-content\/uploads\/2025\/12\/Sto-krscani-trebaju-znati-o-muslimanima-e1765036179841.jpg');\n                          background-position: ;\n                          background-attachment: ;\n                          background-repeat: ;\n                          background-size: ;\n                          \" >\n                <div class=\" slider-coverflow-wrapper\n              \">\n                  <div>\n                    <h2 class=\"slide-title\">Maurice BORRMANS<\/h2>\n                    <div class=\"slide-description\"\n                         style=\"line-height: 22px;\"><p><span style=\"font-size: 14px\">\u0160to kr\u0161\u0107ani trebaju znati o muslimanima radi me\u0111usobnog po\u0161tovanja?, 2019<\/span><\/p><\/div>\n                  <\/div>\n                                      <div class=\"slide-coverflow-button-wrapper\">\n                      <a id=\"\" class=\"elementor-button slide-coverflow-button elementor-animation-pop\" href=\"https:\/\/heyzine.com\/flip-book\/31047973e4.html\" target=\"_blank\" rel=\"noopener\">\n                       <span class=\"elementor-button-content-wrapper\">\n                                                  <span class=\"elementor-button-text\">Vi\u0161e<\/span>\n                       <\/span>\n                      <\/a>\n                    <\/div>\n                                  <\/div>\n              <\/div>\n            <\/li>\n                      <li class=\"swiper-slide slider-container-background\">\n              <div class=\"block-shadow slider-container-block-background\"\n                                        style=\"\n                          background-image: url('https:\/\/kbf.unsa.ba\/wp-content\/uploads\/2025\/12\/Odabir-grade-e1765026194290.png');\n                          background-position: ;\n                          background-attachment: ;\n                          background-repeat: ;\n                          background-size: ;\n                          \" >\n                <div class=\" slider-coverflow-wrapper\n              \">\n                  <div>\n                    <h2 class=\"slide-title\">Irena PEJI\u0106<\/h2>\n                    <div class=\"slide-description\"\n                         style=\"line-height: 22px;\"><p><span style=\"font-size: 14px\">Odabir gra\u0111e za digitalizaciju periodike Katoli\u010dkog bogoslovnog fakulteta u Sarajevu, 2016.<\/span><\/p><\/div>\n                  <\/div>\n                                      <div class=\"slide-coverflow-button-wrapper\">\n                      <a id=\"\" class=\"elementor-button slide-coverflow-button elementor-animation-pop\" href=\"https:\/\/heyzine.com\/flip-book\/1ee23679fe.html\" target=\"_blank\" rel=\"noopener\">\n                       <span class=\"elementor-button-content-wrapper\">\n                                                  <span class=\"elementor-button-text\">Vi\u0161e<\/span>\n                       <\/span>\n                      <\/a>\n                    <\/div>\n                                  <\/div>\n              <\/div>\n            <\/li>\n                      <li class=\"swiper-slide slider-container-background\">\n              <div class=\"block-shadow slider-container-block-background\"\n                                        style=\"\n                          background-image: url('https:\/\/kbf.unsa.ba\/wp-content\/uploads\/2025\/12\/Od-izbora-mudrih-e1765026075792.png');\n                          background-position: ;\n                          background-attachment: ;\n                          background-repeat: ;\n                          background-size: ;\n                          \" >\n                <div class=\" slider-coverflow-wrapper\n              \">\n                  <div>\n                    <h2 class=\"slide-title\">Niko IKI\u0106<\/h2>\n                    <div class=\"slide-description\"\n                         style=\"line-height: 22px;\"><p><span style=\"font-size: 14px\">Od izbora mudrih misli do izvora mudrosti, 2016.<\/span><\/p><\/div>\n                  <\/div>\n                                      <div class=\"slide-coverflow-button-wrapper\">\n                      <a id=\"\" class=\"elementor-button slide-coverflow-button elementor-animation-pop\" href=\"https:\/\/heyzine.com\/flip-book\/57bc91fad9.html\" target=\"_blank\" rel=\"noopener\">\n                       <span class=\"elementor-button-content-wrapper\">\n                                                  <span class=\"elementor-button-text\">Vi\u0161e<\/span>\n                       <\/span>\n                      <\/a>\n                    <\/div>\n                                  <\/div>\n              <\/div>\n            <\/li>\n                  <\/ul>\n        <div class=\"swiper-coverflow-buttons-block\">\n          <div class=\"swiper-button-prev swiper-coverflow-button-prev\"><\/div>\n          <div class=\"swiper-pagination swiper-coverflow-pagination\"><\/div>\n          <div class=\"swiper-button-next swiper-coverflow-button-next\"><\/div>\n        <\/div>\n      <\/section>\n      \t\t\t\t<\/div>\n\t\t\t\t<\/div>\n\t\t\t\t\t<\/div>\n\t\t\t\t<\/div>\n\t\t<div class=\"elementor-element elementor-element-1b417f1 section-m section-ioscool e-flex e-con-boxed e-con e-parent\" data-id=\"1b417f1\" data-element_type=\"container\" data-e-type=\"container\" data-settings=\"{&quot;background_background&quot;:&quot;classic&quot;}\">\n\t\t\t\t\t<div class=\"e-con-inner\">\n\t\t\t\t<div class=\"elementor-element elementor-element-4f5e0dc elementor-headline--style-highlight elementor-widget elementor-widget-animated-headline\" data-id=\"4f5e0dc\" data-element_type=\"widget\" data-e-type=\"widget\" data-settings=\"{&quot;marker&quot;:&quot;underline&quot;,&quot;highlighted_text&quot;:&quot;Contact us!&quot;,&quot;_animation_tablet&quot;:&quot;fadeInUp&quot;,&quot;headline_style&quot;:&quot;highlight&quot;,&quot;loop&quot;:&quot;yes&quot;,&quot;highlight_animation_duration&quot;:1200,&quot;highlight_iteration_delay&quot;:8000}\" data-widget_type=\"animated-headline.default\">\n\t\t\t\t\t\t\t<h3 class=\"elementor-headline\">\n\t\t\t\t\t<span class=\"elementor-headline-plain-text elementor-headline-text-wrapper\">Do you have a question? <br> <\/span>\n\t\t\t\t<span class=\"elementor-headline-dynamic-wrapper elementor-headline-text-wrapper\">\n\t\t\t\t\t<span class=\"elementor-headline-dynamic-text elementor-headline-text-active\">Contact us!<\/span>\n\t\t\t\t<\/span>\n\t\t\t\t<\/h3>\n\t\t\t\t\t\t<\/div>\n\t\t\t\t<div class=\"elementor-element elementor-element-ba27262 elementor-invisible elementor-widget elementor-widget-text-editor\" data-id=\"ba27262\" data-element_type=\"widget\" data-e-type=\"widget\" data-settings=\"{&quot;_animation&quot;:&quot;fadeIn&quot;}\" data-widget_type=\"text-editor.default\">\n\t\t\t\t\t\t\t\t\t<p>If you have an inquiry about our Faculty&#8217;s publications or borrowing library materials, please fill out the form (above) so that we can provide you with the requested information. You can also contact us via <a href=\"mailto:knjiznica@kbf.unsa.ba?\">Email<\/a>. <\/p>\t\t\t\t\t\t\t\t<\/div>\n\t\t\t\t\t<\/div>\n\t\t\t\t<\/div>\n\t\t<div class=\"elementor-element elementor-element-6300de93 section-s e-flex e-con-boxed e-con e-parent\" data-id=\"6300de93\" data-element_type=\"container\" data-e-type=\"container\" id=\"scroll-video\">\n\t\t\t\t\t<div class=\"e-con-inner\">\n\t\t\t\t<div class=\"elementor-element elementor-element-53c4d787 elementor-widget elementor-widget-video\" data-id=\"53c4d787\" data-element_type=\"widget\" data-e-type=\"widget\" data-settings=\"{&quot;video_type&quot;:&quot;hosted&quot;,&quot;autoplay&quot;:&quot;yes&quot;,&quot;mute&quot;:&quot;yes&quot;}\" data-widget_type=\"video.default\">\n\t\t\t\t\t\t\t<div class=\"e-hosted-video elementor-wrapper elementor-open-inline\">\n\t\t\t\t\t<video class=\"elementor-video\" src=\"https:\/\/kbf.unsa.ba\/wp-content\/uploads\/2025\/11\/KBF-logo-sekcija.mp4\" autoplay=\"\" muted=\"muted\" controlsList=\"nodownload\"><\/video>\n\t\t\t\t<\/div>\n\t\t\t\t\t\t<\/div>\n\t\t\t\t\t<\/div>\n\t\t\t\t<\/div>\n\t\t\t\t<\/div>\n\t\t","protected":false},"excerpt":{"rendered":"<p>PUBLICATIONS Handbooks Series The Handbooks Series offers a valuable contribution to domestic theological, biblical, and canon law professional literature. It &hellip; <\/p>\n","protected":false},"author":1,"featured_media":0,"parent":0,"menu_order":0,"comment_status":"closed","ping_status":"closed","template":"","meta":{"footnotes":""},"class_list":["post-13509","page","type-page","status-publish","hentry","latest_post"],"rttpg_featured_image_url":null,"rttpg_author":{"display_name":"tajnistvo_bcxr0t1k","author_link":"https:\/\/kbf.unsa.ba\/en\/author\/tajnistvo_bcxr0t1k\/"},"rttpg_comment":0,"rttpg_category":" <a href=\"https:\/\/kbf.unsa.ba\/en\/?taxonomy=translation_priority&#038;term=optional-en\" rel=\"tag\">Optional<\/a>","rttpg_excerpt":"PUBLICATIONS Handbooks Series The Handbooks Series offers a valuable contribution to domestic theological, biblical, and canon law professional literature. It &hellip;","_links":{"self":[{"href":"https:\/\/kbf.unsa.ba\/en\/wp-json\/wp\/v2\/pages\/13509","targetHints":{"allow":["GET"]}}],"collection":[{"href":"https:\/\/kbf.unsa.ba\/en\/wp-json\/wp\/v2\/pages"}],"about":[{"href":"https:\/\/kbf.unsa.ba\/en\/wp-json\/wp\/v2\/types\/page"}],"author":[{"embeddable":true,"href":"https:\/\/kbf.unsa.ba\/en\/wp-json\/wp\/v2\/users\/1"}],"replies":[{"embeddable":true,"href":"https:\/\/kbf.unsa.ba\/en\/wp-json\/wp\/v2\/comments?post=13509"}],"version-history":[{"count":2,"href":"https:\/\/kbf.unsa.ba\/en\/wp-json\/wp\/v2\/pages\/13509\/revisions"}],"predecessor-version":[{"id":14811,"href":"https:\/\/kbf.unsa.ba\/en\/wp-json\/wp\/v2\/pages\/13509\/revisions\/14811"}],"wp:attachment":[{"href":"https:\/\/kbf.unsa.ba\/en\/wp-json\/wp\/v2\/media?parent=13509"}],"curies":[{"name":"wp","href":"https:\/\/api.w.org\/{rel}","templated":true}]}}